{"id":9613,"date":"2024-10-07T11:17:54","date_gmt":"2024-10-07T09:17:54","guid":{"rendered":"https:\/\/unave.es\/travaux-realises\/"},"modified":"2026-01-22T08:49:09","modified_gmt":"2026-01-22T07:49:09","slug":"travaux-realises","status":"publish","type":"page","link":"https:\/\/unave.es\/fr\/travaux-realises\/","title":{"rendered":"Travaux r\u00e9alis\u00e9s"},"content":{"rendered":"<div class=\"wpb-content-wrapper\"><p>[vc_row equal_height=\u00a0\u00bbyes\u00a0\u00bb css_animation=\u00a0\u00bbfadeIn\u00a0\u00bb et_uniqid=\u00a0\u00bbet_custom_uniqid_5ea344e21f01d\u00a0\u00bb _et_uniqid=\u00a0\u00bbet_custom_uniqid_new_6703a9140edeb\u00a0\u00bb css=\u00a0\u00bb.vc_custom_1728293154267{background-position: center !important;background-repeat: no-repeat !important;background-size: cover !important;}\u00a0\u00bb][vc_column width=\u00a0\u00bb1\/12&Prime;][\/vc_column][vc_column width=\u00a0\u00bb10\/12&Prime;][vc_custom_heading text=\u00a0\u00bbTravaux r\u00e9alis\u00e9s\u00a0\u00bb font_container=\u00a0\u00bbtag:h1|text_align:center|color:%23000000&Prime; google_fonts=\u00a0\u00bbfont_family:Montserrat%3Aregular%2C700|font_style:700%20bold%20regular%3A700%3Anormal\u00a0\u00bb css_animation=\u00a0\u00bbfadeInUp\u00a0\u00bb css=\u00a0\u00bb\u00a0\u00bb el_class=\u00a0\u00bbno-uppercase h1-title\u00a0\u00bb][\/vc_column][vc_column width=\u00a0\u00bb1\/12&Prime;][\/vc_column][\/vc_row][vc_row][vc_column offset=\u00a0\u00bbvc_hidden-xs\u00a0\u00bb _et_uniqid=\u00a0\u00bbet_custom_uniqid_new_6703baa302d50&Prime;][vc_empty_space height=\u00a0\u00bb50px\u00a0\u00bb][\/vc_column][\/vc_row][vc_row full_width=\u00a0\u00bbstretch_row_content\u00a0\u00bb rtl_reverse=\u00a0\u00bbyes\u00a0\u00bb content_placement=\u00a0\u00bbmiddle\u00a0\u00bb columns_reverse=\u00a0\u00bbtrue\u00a0\u00bb _et_uniqid=\u00a0\u00bbet_custom_uniqid_new_670e4303ecf70&Prime;][vc_column width=\u00a0\u00bb1\/6&Prime; offset=\u00a0\u00bbvc_col-lg-2 vc_col-md-1 vc_hidden-md vc_hidden-sm vc_hidden-xs\u00a0\u00bb _et_uniqid=\u00a0\u00bbet_custom_uniqid_new_6703b793d084c\u00a0\u00bb][\/vc_column][vc_column _et_uniqid=\u00a0\u00bbet_custom_uniqid_new_6703b76bb6043&Prime; offset=\u00a0\u00bbvc_col-lg-4 vc_col-md-6&Prime;][vc_gallery type=\u00a0\u00bbnivo\u00a0\u00bb interval=\u00a0\u00bb3&Prime; images=\u00a0\u00bb9644,9645,9646,9647,9643,9648&Prime; img_size=\u00a0\u00bbfull\u00a0\u00bb css_animation=\u00a0\u00bbfadeIn\u00a0\u00bb css=\u00a0\u00bb\u00a0\u00bb][\/vc_column][vc_column offset=\u00a0\u00bbvc_col-lg-4 vc_col-md-6&Prime; _et_uniqid=\u00a0\u00bbet_custom_uniqid_new_6703b77b0ba12&Prime;][vc_custom_heading text=\u00a0\u00bbMaison Wall\u00a0\u00bb font_container=\u00a0\u00bbtag:h2|text_align:left|color:%23000000&Prime; google_fonts=\u00a0\u00bbfont_family:Montserrat%3Aregular%2C700|font_style:700%20bold%20regular%3A700%3Anormal\u00a0\u00bb css_animation=\u00a0\u00bbfadeInRight\u00a0\u00bb css=\u00a0\u00bb.vc_custom_1728369774596{margin-bottom: 20px !important;}\u00a0\u00bb el_class=\u00a0\u00bbno-uppercase h2-title text-center-responsive-1199px\u00a0\u00bb][vc_column_text css_animation=\u00a0\u00bbfadeInRight\u00a0\u00bb css=\u00a0\u00bb.vc_custom_1728369786571{margin-bottom: 20px !important;}\u00a0\u00bb]<\/p>\n<p class=\"text-center-responsive-1199px\" style=\"text-align: left;\"><span style=\"font-weight: 400;\">Situ\u00e9 \u00e0 Calpe, il s&rsquo;agit d&rsquo;un projet pour un client priv\u00e9 qui utilise \u00e9galement les portes coulissantes Technal Lumeal XXL et les portes pliantes Soleal FY, en finition Oxicobre. Il se distingue par ses grandes dimensions, la combinaison harmonieuse avec la bordure en pierre et l&rsquo;utilisation du b\u00e9ton apparent. <\/span><\/p>\n<p>[\/vc_column_text][\/vc_column][vc_column width=\u00a0\u00bb1\/6&Prime; offset=\u00a0\u00bbvc_col-lg-2 vc_col-md-1 vc_hidden-md vc_hidden-sm vc_hidden-xs\u00a0\u00bb _et_uniqid=\u00a0\u00bbet_custom_uniqid_new_6703b79ee7499&Prime;][\/vc_column][\/vc_row][vc_row][vc_column offset=\u00a0\u00bbvc_hidden-xs\u00a0\u00bb _et_uniqid=\u00a0\u00bbet_custom_uniqid_new_6703bb124dbe0&Prime;][vc_empty_space height=\u00a0\u00bb100px\u00a0\u00bb][\/vc_column][\/vc_row][vc_row][vc_column offset=\u00a0\u00bbvc_hidden-lg vc_hidden-md vc_hidden-sm\u00a0\u00bb _et_uniqid=\u00a0\u00bbet_custom_uniqid_new_6703bb1b0fe02&Prime;][vc_empty_space height=\u00a0\u00bb70px\u00a0\u00bb][\/vc_column][\/vc_row][vc_row full_width=\u00a0\u00bbstretch_row_content\u00a0\u00bb content_placement=\u00a0\u00bbmiddle\u00a0\u00bb _et_uniqid=\u00a0\u00bbet_custom_uniqid_new_670e43122d0db\u00a0\u00bb][vc_column width=\u00a0\u00bb1\/6&Prime; offset=\u00a0\u00bbvc_col-lg-2 vc_col-md-1 vc_hidden-md vc_hidden-sm vc_hidden-xs\u00a0\u00bb _et_uniqid=\u00a0\u00bbet_custom_uniqid_new_6703b793d084c\u00a0\u00bb][\/vc_column][vc_column offset=\u00a0\u00bbvc_col-lg-4 vc_col-md-6&Prime; _et_uniqid=\u00a0\u00bbet_custom_uniqid_new_6703b77b0ba12&Prime;][vc_custom_heading text=\u00a0\u00bbAlhama\u00a0\u00bb font_container=\u00a0\u00bbtag:h2|text_align:left|color:%23000000&Prime; google_fonts=\u00a0\u00bbfont_family:Montserrat%3Aregular%2C700|font_style:700%20bold%20regular%3A700%3Anormal\u00a0\u00bb css_animation=\u00a0\u00bbfadeInLeft\u00a0\u00bb css=\u00a0\u00bb.vc_custom_1728369800903{margin-bottom: 20px !important;}\u00a0\u00bb el_class=\u00a0\u00bbno-uppercase h2-title text-center-responsive-1199px\u00a0\u00bb][vc_column_text css_animation=\u00a0\u00bbfadeInLeft\u00a0\u00bb css=\u00a0\u00bb.vc_custom_1728369810525{margin-bottom: 20px !important;}\u00a0\u00bb]<\/p>\n<p class=\"text-center-responsive-1199px\" style=\"text-align: left;\"><span style=\"font-weight: 400;\">Situ\u00e9 \u00e0 Altea La Vella et construit pour l&rsquo;entreprise Ripoll, il s&rsquo;agit d&rsquo;un ouvrage qui utilise le syst\u00e8me Technal avec des portes coulissantes Lumeal XXL et des portes pliantes Soleal FY, dans une finition noire mate. Sa principale caract\u00e9ristique est la taille imposante du syst\u00e8me coulissant Lumeal XXL. <\/span><\/p>\n<p>[\/vc_column_text][\/vc_column][vc_column _et_uniqid=\u00a0\u00bbet_custom_uniqid_new_6703b76bb6043&Prime; offset=\u00a0\u00bbvc_col-lg-4 vc_col-md-6&Prime;][vc_gallery type=\u00a0\u00bbnivo\u00a0\u00bb interval=\u00a0\u00bb3&Prime; images=\u00a0\u00bb9614,9615,9616,9617,9618,8934&Prime; img_size=\u00a0\u00bbfull\u00a0\u00bb css_animation=\u00a0\u00bbfadeIn\u00a0\u00bb css=\u00a0\u00bb\u00a0\u00bb][\/vc_column][vc_column width=\u00a0\u00bb1\/6&Prime; offset=\u00a0\u00bbvc_col-lg-2 vc_col-md-1 vc_hidden-md vc_hidden-sm vc_hidden-xs\u00a0\u00bb _et_uniqid=\u00a0\u00bbet_custom_uniqid_new_6703b79ee7499&Prime;][\/vc_column][\/vc_row][vc_row][vc_column offset=\u00a0\u00bbvc_hidden-xs\u00a0\u00bb _et_uniqid=\u00a0\u00bbet_custom_uniqid_new_6703bb124dbe0&Prime;][vc_empty_space height=\u00a0\u00bb100px\u00a0\u00bb][\/vc_column][\/vc_row][vc_row][vc_column offset=\u00a0\u00bbvc_hidden-lg vc_hidden-md vc_hidden-sm\u00a0\u00bb _et_uniqid=\u00a0\u00bbet_custom_uniqid_new_6703bb1b0fe02&Prime;][vc_empty_space height=\u00a0\u00bb70px\u00a0\u00bb][\/vc_column][\/vc_row][vc_row full_width=\u00a0\u00bbstretch_row_content\u00a0\u00bb rtl_reverse=\u00a0\u00bbyes\u00a0\u00bb content_placement=\u00a0\u00bbmiddle\u00a0\u00bb columns_reverse=\u00a0\u00bbtrue\u00a0\u00bb _et_uniqid=\u00a0\u00bbet_custom_uniqid_new_670e432eb469e\u00a0\u00bb][vc_column width=\u00a0\u00bb1\/6&Prime; offset=\u00a0\u00bbvc_col-lg-2 vc_col-md-1 vc_hidden-md vc_hidden-sm vc_hidden-xs\u00a0\u00bb _et_uniqid=\u00a0\u00bbet_custom_uniqid_new_6703b793d084c\u00a0\u00bb][\/vc_column][vc_column _et_uniqid=\u00a0\u00bbet_custom_uniqid_new_6703b76bb6043&Prime; offset=\u00a0\u00bbvc_col-lg-4 vc_col-md-6&Prime;][vc_gallery type=\u00a0\u00bbnivo\u00a0\u00bb interval=\u00a0\u00bb3&Prime; images=\u00a0\u00bb9620,9621,9622,9623,9624,9619&Prime; img_size=\u00a0\u00bbfull\u00a0\u00bb css_animation=\u00a0\u00bbfadeIn\u00a0\u00bb css=\u00a0\u00bb\u00a0\u00bb][\/vc_column][vc_column offset=\u00a0\u00bbvc_col-lg-4 vc_col-md-6&Prime; _et_uniqid=\u00a0\u00bbet_custom_uniqid_new_6703b77b0ba12&Prime;][vc_custom_heading text=\u00a0\u00bbGafarro\u00a0\u00bb font_container=\u00a0\u00bbtag:h2|text_align:left|color:%23000000&Prime; google_fonts=\u00a0\u00bbfont_family:Montserrat%3Aregular%2C700|font_style:700%20bold%20regular%3A700%3Anormal\u00a0\u00bb css_animation=\u00a0\u00bbfadeInRight\u00a0\u00bb css=\u00a0\u00bb.vc_custom_1728369827611{margin-bottom: 20px !important;}\u00a0\u00bb el_class=\u00a0\u00bbno-uppercase h2-title text-center-responsive-1199px\u00a0\u00bb][vc_column_text css_animation=\u00a0\u00bbfadeInRight\u00a0\u00bb css=\u00a0\u00bb.vc_custom_1728369836927{margin-bottom: 20px !important;}\u00a0\u00bb]<\/p>\n<p class=\"text-center-responsive-1199px\" style=\"text-align: left;\"><span style=\"font-weight: 400;\">Situada en Altea y construida para Blues Simon, cuenta con correderas minimalistas y motorizadas Hyline en acabado tierra. Destaca por su dise\u00f1o minimalista y la calidez que aporta a la vivienda. <\/span><\/p>\n<p>[\/vc_column_text][\/vc_column][vc_column width=\u00a0\u00bb1\/6&Prime; offset=\u00a0\u00bbvc_col-lg-2 vc_col-md-1 vc_hidden-md vc_hidden-sm vc_hidden-xs\u00a0\u00bb _et_uniqid=\u00a0\u00bbet_custom_uniqid_new_6703b79ee7499&Prime;][\/vc_column][\/vc_row][vc_row][vc_column offset=\u00a0\u00bbvc_hidden-xs\u00a0\u00bb _et_uniqid=\u00a0\u00bbet_custom_uniqid_new_6703bb124dbe0&Prime;][vc_empty_space height=\u00a0\u00bb100px\u00a0\u00bb][\/vc_column][\/vc_row][vc_row][vc_column offset=\u00a0\u00bbvc_hidden-lg vc_hidden-md vc_hidden-sm\u00a0\u00bb _et_uniqid=\u00a0\u00bbet_custom_uniqid_new_6703bb1b0fe02&Prime;][vc_empty_space height=\u00a0\u00bb70px\u00a0\u00bb][\/vc_column][\/vc_row][vc_row full_width=\u00a0\u00bbstretch_row_content\u00a0\u00bb content_placement=\u00a0\u00bbmiddle\u00a0\u00bb _et_uniqid=\u00a0\u00bbet_custom_uniqid_new_670e433a6de84&Prime;][vc_column width=\u00a0\u00bb1\/6&Prime; offset=\u00a0\u00bbvc_col-lg-2 vc_col-md-1 vc_hidden-md vc_hidden-sm vc_hidden-xs\u00a0\u00bb _et_uniqid=\u00a0\u00bbet_custom_uniqid_new_6703b793d084c\u00a0\u00bb][\/vc_column][vc_column offset=\u00a0\u00bbvc_col-lg-4 vc_col-md-6&Prime; _et_uniqid=\u00a0\u00bbet_custom_uniqid_new_6703b77b0ba12&Prime;][vc_custom_heading text=\u00a0\u00bbPaul House\u00a0\u00bb font_container=\u00a0\u00bbtag:h2|text_align:left|color:%23000000&Prime; google_fonts=\u00a0\u00bbfont_family:Montserrat%3Aregular%2C700|font_style:700%20bold%20regular%3A700%3Anormal\u00a0\u00bb css_animation=\u00a0\u00bbfadeInLeft\u00a0\u00bb css=\u00a0\u00bb.vc_custom_1728369849985{margin-bottom: 20px !important;}\u00a0\u00bb el_class=\u00a0\u00bbno-uppercase h2-title text-center-responsive-1199px\u00a0\u00bb][vc_column_text css_animation=\u00a0\u00bbfadeInLeft\u00a0\u00bb css=\u00a0\u00bb.vc_custom_1728369859251{margin-bottom: 20px !important;}\u00a0\u00bb]<\/p>\n<p class=\"text-center-responsive-1199px\" style=\"text-align: left;\"><span style=\"font-weight: 400;\">A Alfaz, il s&rsquo;agit d&rsquo;une r\u00e9novation pour un client priv\u00e9. Les travaux ont \u00e9t\u00e9 r\u00e9alis\u00e9s avec des portes Technal Soleal FY pliantes et pliantes Solarlux SL60 en finition blanche. Il se caract\u00e9rise par la grande luminosit\u00e9 qu&rsquo;il apporte \u00e0 la maison et l&rsquo;ouverture totale de la baie gr\u00e2ce aux portes pliantes.  <\/span><\/p>\n<p>[\/vc_column_text][\/vc_column][vc_column _et_uniqid=\u00a0\u00bbet_custom_uniqid_new_6703b76bb6043&Prime; offset=\u00a0\u00bbvc_col-lg-4 vc_col-md-6&Prime;][vc_gallery type=\u00a0\u00bbnivo\u00a0\u00bb interval=\u00a0\u00bb3&Prime; images=\u00a0\u00bb9626,9627,9628,9629,9630,9625&Prime; img_size=\u00a0\u00bbfull\u00a0\u00bb css_animation=\u00a0\u00bbfadeIn\u00a0\u00bb css=\u00a0\u00bb\u00a0\u00bb][\/vc_column][vc_column width=\u00a0\u00bb1\/6&Prime; offset=\u00a0\u00bbvc_col-lg-2 vc_col-md-1 vc_hidden-md vc_hidden-sm vc_hidden-xs\u00a0\u00bb _et_uniqid=\u00a0\u00bbet_custom_uniqid_new_6703b79ee7499&Prime;][\/vc_column][\/vc_row][vc_row][vc_column offset=\u00a0\u00bbvc_hidden-xs\u00a0\u00bb _et_uniqid=\u00a0\u00bbet_custom_uniqid_new_6703bb124dbe0&Prime;][vc_empty_space height=\u00a0\u00bb100px\u00a0\u00bb][\/vc_column][\/vc_row][vc_row][vc_column offset=\u00a0\u00bbvc_hidden-lg vc_hidden-md vc_hidden-sm\u00a0\u00bb _et_uniqid=\u00a0\u00bbet_custom_uniqid_new_6703bb1b0fe02&Prime;][vc_empty_space height=\u00a0\u00bb70px\u00a0\u00bb][\/vc_column][\/vc_row][vc_row full_width=\u00a0\u00bbstretch_row_content\u00a0\u00bb rtl_reverse=\u00a0\u00bbyes\u00a0\u00bb content_placement=\u00a0\u00bbmiddle\u00a0\u00bb columns_reverse=\u00a0\u00bbtrue\u00a0\u00bb _et_uniqid=\u00a0\u00bbet_custom_uniqid_new_670e434325eef\u00a0\u00bb][vc_column width=\u00a0\u00bb1\/6&Prime; offset=\u00a0\u00bbvc_col-lg-2 vc_col-md-1 vc_hidden-md vc_hidden-sm vc_hidden-xs\u00a0\u00bb _et_uniqid=\u00a0\u00bbet_custom_uniqid_new_6703b793d084c\u00a0\u00bb][\/vc_column][vc_column _et_uniqid=\u00a0\u00bbet_custom_uniqid_new_6703b76bb6043&Prime; offset=\u00a0\u00bbvc_col-lg-4 vc_col-md-6&Prime;][vc_gallery type=\u00a0\u00bbnivo\u00a0\u00bb interval=\u00a0\u00bb3&Prime; images=\u00a0\u00bb9631,9632,9633,9634,9635,9636&Prime; img_size=\u00a0\u00bbfull\u00a0\u00bb css_animation=\u00a0\u00bbfadeIn\u00a0\u00bb css=\u00a0\u00bb\u00a0\u00bb][\/vc_column][vc_column offset=\u00a0\u00bbvc_col-lg-4 vc_col-md-6&Prime; _et_uniqid=\u00a0\u00bbet_custom_uniqid_new_6703b77b0ba12&Prime;][vc_custom_heading text=\u00a0\u00bbMaisons turquoises\u00a0\u00bb font_container=\u00a0\u00bbtag:h2|text_align:left|color:%23000000&Prime; google_fonts=\u00a0\u00bbfont_family:Montserrat%3Aregular%2C700|font_style:700%20bold%20regular%3A700%3Anormal\u00a0\u00bb css_animation=\u00a0\u00bbfadeInRight\u00a0\u00bb css=\u00a0\u00bb.vc_custom_1728369872774{margin-bottom: 20px !important;}\u00a0\u00bb el_class=\u00a0\u00bbno-uppercase h2-title text-center-responsive-1199px\u00a0\u00bb][vc_column_text css_animation=\u00a0\u00bbfadeInRight\u00a0\u00bb css=\u00a0\u00bb.vc_custom_1728369881582{margin-bottom: 20px !important;}\u00a0\u00bb]<\/p>\n<p class=\"text-center-responsive-1199px\" style=\"text-align: left;\"><span style=\"font-weight: 400;\">Situ\u00e9e \u00e0 Alfaz et construite par Blues Simon, elle a \u00e9t\u00e9 r\u00e9alis\u00e9e avec des portes coulissantes Technal Soleal GY et des portes pliantes Soleal FY en finition anthracite mat. La structure principale de la maison est en bois et les modules ont \u00e9t\u00e9 pr\u00e9fabriqu\u00e9s. Ceci, associ\u00e9 aux fen\u00eatres Technal en aluminium recycl\u00e9 (Cyrcal), fait de la maison un mod\u00e8le de durabilit\u00e9.  <\/span><\/p>\n<p>[\/vc_column_text][\/vc_column][vc_column width=\u00a0\u00bb1\/6&Prime; offset=\u00a0\u00bbvc_col-lg-2 vc_col-md-1 vc_hidden-md vc_hidden-sm vc_hidden-xs\u00a0\u00bb _et_uniqid=\u00a0\u00bbet_custom_uniqid_new_6703b79ee7499&Prime;][\/vc_column][\/vc_row][vc_row][vc_column offset=\u00a0\u00bbvc_hidden-xs\u00a0\u00bb _et_uniqid=\u00a0\u00bbet_custom_uniqid_new_6703bb124dbe0&Prime;][vc_empty_space height=\u00a0\u00bb100px\u00a0\u00bb][\/vc_column][\/vc_row][vc_row][vc_column offset=\u00a0\u00bbvc_hidden-lg vc_hidden-md vc_hidden-sm\u00a0\u00bb _et_uniqid=\u00a0\u00bbet_custom_uniqid_new_6703bb1b0fe02&Prime;][vc_empty_space height=\u00a0\u00bb70px\u00a0\u00bb][\/vc_column][\/vc_row][vc_row full_width=\u00a0\u00bbstretch_row_content\u00a0\u00bb content_placement=\u00a0\u00bbmiddle\u00a0\u00bb _et_uniqid=\u00a0\u00bbet_custom_uniqid_new_670e434b5cfb4&Prime;][vc_column width=\u00a0\u00bb1\/6&Prime; offset=\u00a0\u00bbvc_col-lg-2 vc_col-md-1 vc_hidden-md vc_hidden-sm vc_hidden-xs\u00a0\u00bb _et_uniqid=\u00a0\u00bbet_custom_uniqid_new_6703b793d084c\u00a0\u00bb][\/vc_column][vc_column offset=\u00a0\u00bbvc_col-lg-4 vc_col-md-6&Prime; _et_uniqid=\u00a0\u00bbet_custom_uniqid_new_6703b77b0ba12&Prime;][vc_custom_heading text=\u00a0\u00bbMaison 17&Prime; font_container=\u00a0\u00bbtag:h2|text_align:left|color:%23000000&Prime; google_fonts=\u00a0\u00bbfont_family:Montserrat%3Aregular%2C700|font_style:700%20bold%20regular%3A700%3Anormal\u00a0\u00bb css_animation=\u00a0\u00bbfadeInLeft\u00a0\u00bb css=\u00a0\u00bb.vc_custom_1728369961361{margin-bottom: 20px !important;}\u00a0\u00bb el_class=\u00a0\u00bbno-uppercase h2-title text-center-responsive-1199px\u00a0\u00bb][vc_column_text css_animation=\u00a0\u00bbfadeInLeft\u00a0\u00bb css=\u00a0\u00bb.vc_custom_1728369899154{margin-bottom: 20px !important;}\u00a0\u00bb]<\/p>\n<p class=\"text-center-responsive-1199px\" style=\"text-align: left;\"><span style=\"font-weight: 400;\">Situ\u00e9e dans la Sierra Altea et construite pour Blues Simon, elle a \u00e9t\u00e9 r\u00e9alis\u00e9e avec des portes coulissantes Technal Lumeal XXL et des portes pliantes Soleal FY, en finition anthracite mat. Elle se distingue par les grandes dimensions de la menuiserie, qui offrent une excellente luminosit\u00e9 et permettent de profiter de vues \u00e0 couper le souffle. <\/span><\/p>\n<p>[\/vc_column_text][\/vc_column][vc_column _et_uniqid=\u00a0\u00bbet_custom_uniqid_new_6703b76bb6043&Prime; offset=\u00a0\u00bbvc_col-lg-4 vc_col-md-6&Prime;][vc_gallery type=\u00a0\u00bbnivo\u00a0\u00bb interval=\u00a0\u00bb3&Prime; images=\u00a0\u00bb9638,9639,9640,9641,9642,9637&Prime; img_size=\u00a0\u00bbfull\u00a0\u00bb css_animation=\u00a0\u00bbfadeIn\u00a0\u00bb css=\u00a0\u00bb\u00a0\u00bb][\/vc_column][vc_column width=\u00a0\u00bb1\/6&Prime; offset=\u00a0\u00bbvc_col-lg-2 vc_col-md-1 vc_hidden-md vc_hidden-sm vc_hidden-xs\u00a0\u00bb _et_uniqid=\u00a0\u00bbet_custom_uniqid_new_6703b79ee7499&Prime;][\/vc_column][\/vc_row][vc_row][vc_column offset=\u00a0\u00bbvc_hidden-xs\u00a0\u00bb _et_uniqid=\u00a0\u00bbet_custom_uniqid_new_6703bb124dbe0&Prime;][vc_empty_space height=\u00a0\u00bb100px\u00a0\u00bb][\/vc_column][\/vc_row][vc_row][vc_column offset=\u00a0\u00bbvc_hidden-lg vc_hidden-md vc_hidden-sm\u00a0\u00bb _et_uniqid=\u00a0\u00bbet_custom_uniqid_new_6703bb1b0fe02&Prime;][vc_empty_space height=\u00a0\u00bb70px\u00a0\u00bb][\/vc_column][\/vc_row]<\/p>\n<\/div>","protected":false},"excerpt":{"rendered":"<p>[vc_row equal_height=\u00a0\u00bbyes\u00a0\u00bb css_animation=\u00a0\u00bbfadeIn\u00a0\u00bb et_uniqid=\u00a0\u00bbet_custom_uniqid_5ea344e21f01d\u00a0\u00bb _et_uniqid=\u00a0\u00bbet_custom_uniqid_new_6703a9140edeb\u00a0\u00bb css=\u00a0\u00bb.vc_custom_1728293154267{background-position: center !important;background-repeat: no-repeat !important;background-size: cover !important;}\u00a0\u00bb][vc_column width=\u00a0\u00bb1\/12&Prime;][\/vc_column][vc_column width=\u00a0\u00bb10\/12&Prime;][vc_custom_heading text=\u00a0\u00bbTravaux r\u00e9alis\u00e9s\u00a0\u00bb font_container=\u00a0\u00bbtag:h1|text_align:center|color:%23000000&Prime; google_fonts=\u00a0\u00bbfont_family:Montserrat%3Aregular%2C700|font_style:700%20bold%20regular%3A700%3Anormal\u00a0\u00bb css_animation=\u00a0\u00bbfadeInUp\u00a0\u00bb css=\u00a0\u00bb\u00a0\u00bb&#8230;<\/p>\n","protected":false},"author":1,"featured_media":0,"parent":0,"menu_order":0,"comment_status":"closed","ping_status":"closed","template":"","meta":{"_monsterinsights_skip_tracking":false,"_monsterinsights_sitenote_active":false,"_monsterinsights_sitenote_note":"","_monsterinsights_sitenote_category":0,"footnotes":""},"class_list":["post-9613","page","type-page","status-publish","hentry"],"yoast_head":"<!-- This site is optimized with the Yoast SEO plugin v26.8 - https:\/\/yoast.com\/product\/yoast-seo-wordpress\/ -->\n<title>Travaux r\u00e9alis\u00e9s | Projets innovants et durables | Unave<\/title>\n<meta name=\"description\" content=\"D\u00e9couvrez nos projets les plus remarquables : de l&#039;habitat durable avec de l&#039;aluminium recycl\u00e9 aux conceptions minimalistes avec de grandes ouvertures. Laissez-vous inspirer par Unave.\" \/>\n<meta name=\"robots\" content=\"index, follow, max-snippet:-1, max-image-preview:large, max-video-preview:-1\" \/>\n<link rel=\"canonical\" href=\"https:\/\/unave.es\/fr\/travaux-realises\/\" \/>\n<meta property=\"og:locale\" content=\"fr_FR\" \/>\n<meta property=\"og:type\" content=\"article\" \/>\n<meta property=\"og:title\" content=\"Travaux r\u00e9alis\u00e9s | Projets innovants et durables | Unave\" \/>\n<meta property=\"og:description\" content=\"D\u00e9couvrez nos projets les plus remarquables : de l&#039;habitat durable avec de l&#039;aluminium recycl\u00e9 aux conceptions minimalistes avec de grandes ouvertures. Laissez-vous inspirer par Unave.\" \/>\n<meta property=\"og:url\" content=\"https:\/\/unave.es\/fr\/travaux-realises\/\" \/>\n<meta property=\"og:site_name\" content=\"Unave\" \/>\n<meta property=\"article:modified_time\" content=\"2026-01-22T07:49:09+00:00\" \/>\n<meta name=\"twitter:card\" content=\"summary_large_image\" \/>\n<meta name=\"twitter:label1\" content=\"Dur\u00e9e de lecture estim\u00e9e\" \/>\n\t<meta name=\"twitter:data1\" content=\"9 minutes\" \/>\n<script type=\"application\/ld+json\" class=\"yoast-schema-graph\">{\"@context\":\"https:\/\/schema.org\",\"@graph\":[{\"@type\":\"WebPage\",\"@id\":\"https:\/\/unave.es\/fr\/travaux-realises\/\",\"url\":\"https:\/\/unave.es\/fr\/travaux-realises\/\",\"name\":\"Travaux r\u00e9alis\u00e9s | Projets innovants et durables | Unave\",\"isPartOf\":{\"@id\":\"https:\/\/unave.es\/fr\/#website\"},\"datePublished\":\"2024-10-07T09:17:54+00:00\",\"dateModified\":\"2026-01-22T07:49:09+00:00\",\"description\":\"D\u00e9couvrez nos projets les plus remarquables : de l'habitat durable avec de l'aluminium recycl\u00e9 aux conceptions minimalistes avec de grandes ouvertures. Laissez-vous inspirer par Unave.\",\"breadcrumb\":{\"@id\":\"https:\/\/unave.es\/fr\/travaux-realises\/#breadcrumb\"},\"inLanguage\":\"fr-FR\",\"potentialAction\":[{\"@type\":\"ReadAction\",\"target\":[\"https:\/\/unave.es\/fr\/travaux-realises\/\"]}]},{\"@type\":\"BreadcrumbList\",\"@id\":\"https:\/\/unave.es\/fr\/travaux-realises\/#breadcrumb\",\"itemListElement\":[{\"@type\":\"ListItem\",\"position\":1,\"name\":\"Portada\",\"item\":\"https:\/\/unave.es\/fr\/\"},{\"@type\":\"ListItem\",\"position\":2,\"name\":\"Travaux r\u00e9alis\u00e9s\"}]},{\"@type\":\"WebSite\",\"@id\":\"https:\/\/unave.es\/fr\/#website\",\"url\":\"https:\/\/unave.es\/fr\/\",\"name\":\"Unave\",\"description\":\"\",\"potentialAction\":[{\"@type\":\"SearchAction\",\"target\":{\"@type\":\"EntryPoint\",\"urlTemplate\":\"https:\/\/unave.es\/fr\/?s={search_term_string}\"},\"query-input\":{\"@type\":\"PropertyValueSpecification\",\"valueRequired\":true,\"valueName\":\"search_term_string\"}}],\"inLanguage\":\"fr-FR\"}]}<\/script>\n<!-- \/ Yoast SEO plugin. -->","yoast_head_json":{"title":"Travaux r\u00e9alis\u00e9s | Projets innovants et durables | Unave","description":"D\u00e9couvrez nos projets les plus remarquables : de l'habitat durable avec de l'aluminium recycl\u00e9 aux conceptions minimalistes avec de grandes ouvertures. Laissez-vous inspirer par Unave.","robots":{"index":"index","follow":"follow","max-snippet":"max-snippet:-1","max-image-preview":"max-image-preview:large","max-video-preview":"max-video-preview:-1"},"canonical":"https:\/\/unave.es\/fr\/travaux-realises\/","og_locale":"fr_FR","og_type":"article","og_title":"Travaux r\u00e9alis\u00e9s | Projets innovants et durables | Unave","og_description":"D\u00e9couvrez nos projets les plus remarquables : de l'habitat durable avec de l'aluminium recycl\u00e9 aux conceptions minimalistes avec de grandes ouvertures. Laissez-vous inspirer par Unave.","og_url":"https:\/\/unave.es\/fr\/travaux-realises\/","og_site_name":"Unave","article_modified_time":"2026-01-22T07:49:09+00:00","twitter_card":"summary_large_image","twitter_misc":{"Dur\u00e9e de lecture estim\u00e9e":"9 minutes"},"schema":{"@context":"https:\/\/schema.org","@graph":[{"@type":"WebPage","@id":"https:\/\/unave.es\/fr\/travaux-realises\/","url":"https:\/\/unave.es\/fr\/travaux-realises\/","name":"Travaux r\u00e9alis\u00e9s | Projets innovants et durables | Unave","isPartOf":{"@id":"https:\/\/unave.es\/fr\/#website"},"datePublished":"2024-10-07T09:17:54+00:00","dateModified":"2026-01-22T07:49:09+00:00","description":"D\u00e9couvrez nos projets les plus remarquables : de l'habitat durable avec de l'aluminium recycl\u00e9 aux conceptions minimalistes avec de grandes ouvertures. Laissez-vous inspirer par Unave.","breadcrumb":{"@id":"https:\/\/unave.es\/fr\/travaux-realises\/#breadcrumb"},"inLanguage":"fr-FR","potentialAction":[{"@type":"ReadAction","target":["https:\/\/unave.es\/fr\/travaux-realises\/"]}]},{"@type":"BreadcrumbList","@id":"https:\/\/unave.es\/fr\/travaux-realises\/#breadcrumb","itemListElement":[{"@type":"ListItem","position":1,"name":"Portada","item":"https:\/\/unave.es\/fr\/"},{"@type":"ListItem","position":2,"name":"Travaux r\u00e9alis\u00e9s"}]},{"@type":"WebSite","@id":"https:\/\/unave.es\/fr\/#website","url":"https:\/\/unave.es\/fr\/","name":"Unave","description":"","potentialAction":[{"@type":"SearchAction","target":{"@type":"EntryPoint","urlTemplate":"https:\/\/unave.es\/fr\/?s={search_term_string}"},"query-input":{"@type":"PropertyValueSpecification","valueRequired":true,"valueName":"search_term_string"}}],"inLanguage":"fr-FR"}]}},"_links":{"self":[{"href":"https:\/\/unave.es\/fr\/wp-json\/wp\/v2\/pages\/9613","targetHints":{"allow":["GET"]}}],"collection":[{"href":"https:\/\/unave.es\/fr\/wp-json\/wp\/v2\/pages"}],"about":[{"href":"https:\/\/unave.es\/fr\/wp-json\/wp\/v2\/types\/page"}],"author":[{"embeddable":true,"href":"https:\/\/unave.es\/fr\/wp-json\/wp\/v2\/users\/1"}],"replies":[{"embeddable":true,"href":"https:\/\/unave.es\/fr\/wp-json\/wp\/v2\/comments?post=9613"}],"version-history":[{"count":3,"href":"https:\/\/unave.es\/fr\/wp-json\/wp\/v2\/pages\/9613\/revisions"}],"predecessor-version":[{"id":9651,"href":"https:\/\/unave.es\/fr\/wp-json\/wp\/v2\/pages\/9613\/revisions\/9651"}],"wp:attachment":[{"href":"https:\/\/unave.es\/fr\/wp-json\/wp\/v2\/media?parent=9613"}],"curies":[{"name":"wp","href":"https:\/\/api.w.org\/{rel}","templated":true}]}}