{"id":9508,"date":"2018-08-15T09:03:40","date_gmt":"2018-08-15T07:03:40","guid":{"rendered":"https:\/\/unave.es\/a-propos-de-nous\/"},"modified":"2026-01-22T08:34:46","modified_gmt":"2026-01-22T07:34:46","slug":"a-propos-de-nous","status":"publish","type":"page","link":"https:\/\/unave.es\/fr\/a-propos-de-nous\/","title":{"rendered":"\u00c0 propos de nous"},"content":{"rendered":"<div class=\"wpb-content-wrapper\"><p>[vc_row full_width=\u00a0\u00bbstretch_row_content\u00a0\u00bb equal_height=\u00a0\u00bbyes\u00a0\u00bb css=\u00a0\u00bb.vc_custom_1728290663943{background-image: url(https:\/\/unave.es\/wp-content\/uploads\/2024\/10\/banner-conocenos.webp?id=8550) !important;}\u00a0\u00bb _et_uniqid=\u00a0\u00bbet_custom_uniqid_new_67039f4ca4fd5&Prime;][vc_column][vc_empty_space height=\u00a0\u00bb200px\u00a0\u00bb][vc_custom_heading text=\u00a0\u00bb\u00c0 propos de nous\u00a0\u00bb font_container=\u00a0\u00bbtag:h1|text_align:center|color:%23ffffff\u00a0\u00bb google_fonts=\u00a0\u00bbfont_family:Montserrat%3Aregular%2C700|font_style:700%20bold%20regular%3A700%3Anormal\u00a0\u00bb css_animation=\u00a0\u00bbfadeInUp\u00a0\u00bb css=\u00a0\u00bb\u00a0\u00bb el_class=\u00a0\u00bbno-uppercase h1-title\u00a0\u00bb][vc_empty_space height=\u00a0\u00bb200px\u00a0\u00bb][\/vc_column][\/vc_row][vc_row][vc_column][vc_empty_space height=\u00a0\u00bb100px\u00a0\u00bb][\/vc_column][\/vc_row][vc_row full_width=\u00a0\u00bbstretch_row_content\u00a0\u00bb content_placement=\u00a0\u00bbmiddle\u00a0\u00bb _et_uniqid=\u00a0\u00bbet_custom_uniqid_new_66cecd27c5190&Prime;][vc_column width=\u00a0\u00bb2\/12&Prime;][\/vc_column][vc_column offset=\u00a0\u00bbvc_col-lg-5 vc_col-md-12&Prime; _et_uniqid=\u00a0\u00bbet_custom_uniqid_new_66d55c771faac\u00a0\u00bb][vc_single_image image=\u00a0\u00bb9519&Prime; img_size=\u00a0\u00bbfull\u00a0\u00bb alignment=\u00a0\u00bbcenter\u00a0\u00bb css_animation=\u00a0\u00bbfadeInUp\u00a0\u00bb css=\u00a0\u00bb\u00a0\u00bb][\/vc_column][vc_column offset=\u00a0\u00bbvc_col-lg-3 vc_col-md-12&Prime; _et_uniqid=\u00a0\u00bbet_custom_uniqid_new_66d55c8d4c0ab\u00a0\u00bb][vc_row_inner][vc_column_inner offset=\u00a0\u00bbvc_hidden-md vc_hidden-sm vc_hidden-xs\u00a0\u00bb _et_uniqid=\u00a0\u00bbet_custom_uniqid_new_66d55f108bd79&Prime;][vc_custom_heading text=\u00a0\u00bbNotre histoire\u00a0\u00bb font_container=\u00a0\u00bbtag:h2|font_size:16px|text_align:left|color:%23a7a7a7&Prime; google_fonts=\u00a0\u00bbfont_family:Montserrat%3Aregular%2C700|font_style:700%20bold%20regular%3A700%3Anormal\u00a0\u00bb css_animation=\u00a0\u00bbfadeInRight\u00a0\u00bb css=\u00a0\u00bb\u00a0\u00bb el_class=\u00a0\u00bbno-uppercase\u00a0\u00bb][vc_custom_heading text=\u00a0\u00bbUn h\u00e9ritage <br \/>d\u2019excellence et<br \/>de renouveau\u00a0\u00bb google_fonts=\u00a0\u00bbfont_family:Montserrat%3Aregular%2C700|font_style:700%20bold%20regular%3A700%3Anormal\u00a0\u00bb css_animation=\u00a0\u00bbfadeInRight\u00a0\u00bb css=\u00a0\u00bb.vc_custom_1725548985884{margin-bottom: 20px !important;}\u00a0\u00bb el_class=\u00a0\u00bbno-uppercase h2-title\u00a0\u00bb][vc_column_text css_animation=\u00a0\u00bbfadeInRight\u00a0\u00bb css=\u00a0\u00bb\u00a0\u00bb]<span style=\"font-weight: 400;\">Ancr\u00e9e dans la tradition artisanale de la menuiserie m\u00e9tallique, la famille Sala a laiss\u00e9 une empreinte ind\u00e9l\u00e9bile dans le secteur depuis 1925. Fond\u00e9e par Alejo Sala Coloma Rico dans une forge modeste \u00e0 La Nuc\u00eda (Alicante), l\u2019entreprise a jet\u00e9 les bases d\u2019une r\u00e9putation qui perdure aujourd\u2019hui, avec plus de quatre-vingts ans d\u2019exp\u00e9rience. <\/span>[\/vc_column_text][\/vc_column_inner][\/vc_row_inner][vc_row_inner][vc_column_inner offset=\u00a0\u00bbvc_hidden-lg\u00a0\u00bb _et_uniqid=\u00a0\u00bbet_custom_uniqid_new_66d55e5f73799&Prime;][vc_custom_heading text=\u00a0\u00bbNotre histoire\u00a0\u00bb font_container=\u00a0\u00bbtag:h2|font_size:16px|text_align:center|color:%23a7a7a7&Prime; google_fonts=\u00a0\u00bbfont_family:Montserrat%3Aregular%2C700|font_style:700%20bold%20regular%3A700%3Anormal\u00a0\u00bb css_animation=\u00a0\u00bbfadeInUp\u00a0\u00bb css=\u00a0\u00bb\u00a0\u00bb el_class=\u00a0\u00bbno-uppercase\u00a0\u00bb][vc_custom_heading text=\u00a0\u00bbUn h\u00e9ritage d\u2019excellence et de renouveau\u00a0\u00bb font_container=\u00a0\u00bbtag:h2|text_align:center\u00a0\u00bb google_fonts=\u00a0\u00bbfont_family:Montserrat%3Aregular%2C700|font_style:700%20bold%20regular%3A700%3Anormal\u00a0\u00bb css_animation=\u00a0\u00bbfadeInUp\u00a0\u00bb css=\u00a0\u00bb\u00a0\u00bb el_class=\u00a0\u00bbno-uppercase h2-title\u00a0\u00bb][vc_column_text css_animation=\u00a0\u00bbfadeInUp\u00a0\u00bb css=\u00a0\u00bb\u00a0\u00bb]<\/p>\n<p style=\"text-align: center;\"><span style=\"font-weight: 400;\">Ancr\u00e9e dans la tradition artisanale de la menuiserie m\u00e9tallique, la famille Sala a laiss\u00e9 une empreinte ind\u00e9l\u00e9bile dans le secteur depuis 1925. Fond\u00e9e par Alejo Sala Coloma Rico dans une forge modeste \u00e0 La Nuc\u00eda (Alicante), l\u2019entreprise a jet\u00e9 les bases d\u2019une r\u00e9putation qui perdure aujourd\u2019hui, avec plus de quatre-vingts ans d\u2019exp\u00e9rience. <\/span><\/p>\n<p>[\/vc_column_text][\/vc_column_inner][\/vc_row_inner][\/vc_column][vc_column width=\u00a0\u00bb2\/12&Prime;][\/vc_column][\/vc_row][vc_row][vc_column][vc_empty_space height=\u00a0\u00bb100px\u00a0\u00bb][\/vc_column][\/vc_row][vc_row full_width=\u00a0\u00bbstretch_row_content_no_spaces\u00a0\u00bb content_placement=\u00a0\u00bbmiddle\u00a0\u00bb css=\u00a0\u00bb.vc_custom_1725272769035{margin-bottom: -10px !important;}\u00a0\u00bb el_class=\u00a0\u00bbdiv-banner-with-mask\u00a0\u00bb _et_uniqid=\u00a0\u00bbet_custom_uniqid_new_66d592a724215&Prime;][vc_column offset=\u00a0\u00bbvc_col-lg-offset-0 vc_col-lg-6 vc_col-md-offset-0 vc_col-md-6&Prime; css=\u00a0\u00bb.vc_custom_1725261138768{margin-bottom: -10px !important;padding-right: 0px !important;padding-left: 0px !important;}\u00a0\u00bb _et_uniqid=\u00a0\u00bbet_custom_uniqid_new_66d56549317d6&Prime;]        <link rel=\"stylesheet\" href=\"https:\/\/unave.es\/wp-content\/themes\/xstore\/css\/modules\/banners\/banner.min.css\" type=\"text\/css\" media=\"all\" \/> \t\t        <link rel=\"stylesheet\" href=\"https:\/\/unave.es\/wp-content\/themes\/xstore\/css\/modules\/banners\/banners-global.min.css\" type=\"text\/css\" media=\"all\" \/> \t\t        <div id=\"banner-1072\" class=\"banner  banner-type-2 et_image-with-hover et_image-hover-2 text-center responsive-fonts valign-middle font-style-light no-titles\" >\n\n\t\t\t\n\t\t\t\t<img loading=\"lazy\" decoding=\"async\" width=\"960\" height=\"850\" src=\"https:\/\/unave.es\/wp-content\/uploads\/xstore\/xstore-placeholder.png\" data-src=\"https:\/\/unave.es\/wp-content\/uploads\/2024\/08\/0000_innovacion.jpg\" class=\" lazyload lazyload-simple et-lazyload-fadeIn\" alt=\"_0000_innovacion\" src=\"https:\/\/unave.es\/wp-content\/uploads\/xstore\/xstore-placeholder.png\" data-srcset=\"https:\/\/unave.es\/wp-content\/uploads\/2024\/08\/0000_innovacion.jpg 960w, https:\/\/unave.es\/wp-content\/uploads\/2024\/08\/0000_innovacion-300x266.jpg 300w, https:\/\/unave.es\/wp-content\/uploads\/2024\/08\/0000_innovacion-768x680.jpg 768w, https:\/\/unave.es\/wp-content\/uploads\/2024\/08\/0000_innovacion-600x531.jpg 600w, https:\/\/unave.es\/wp-content\/uploads\/2024\/08\/0000_innovacion-1x1.jpg 1w, https:\/\/unave.es\/wp-content\/uploads\/2024\/08\/0000_innovacion-10x10.jpg 10w\" data-sizes=\"(max-width: 960px) 100vw, 960px\" \/>                <div class=\"banner-content  vc_custom_1724829338573\">\n\n\t\t\t\t\t                    <div class=\"content-inner\">\n\n\t\t\t\t\t\t\n                    <\/div>\n\t\t\t\t\t        <\/div>\n\n\t\t        <\/div>\n\n\t\t[\/vc_column][vc_column width=\u00a0\u00bb5\/6&Prime; offset=\u00a0\u00bbvc_col-lg-offset-1 vc_col-lg-4 vc_col-md-offset-1 vc_col-md-4 vc_col-sm-offset-1&Prime; css=\u00a0\u00bb.vc_custom_1725261153344{padding-top: 30px !important;padding-right: 15px !important;padding-left: 15px !important;}\u00a0\u00bb _et_uniqid=\u00a0\u00bbet_custom_uniqid_new_66d5655763107&Prime;][vc_custom_heading text=\u00a0\u00bbInnovation et croissance\u00a0\u00bb font_container=\u00a0\u00bbtag:h3|font_size:16px|text_align:left|color:%23a7a7a7&Prime; google_fonts=\u00a0\u00bbfont_family:Montserrat%3Aregular%2C700|font_style:700%20bold%20regular%3A700%3Anormal\u00a0\u00bb css_animation=\u00a0\u00bbfadeInRight\u00a0\u00bb css=\u00a0\u00bb\u00a0\u00bb el_class=\u00a0\u00bbno-uppercase text-center-responsive-991px\u00a0\u00bb][vc_custom_heading text=\u00a0\u00bbForger l\u2019avenir\u00a0\u00bb font_container=\u00a0\u00bbtag:h3|font_size:30px|text_align:left\u00a0\u00bb google_fonts=\u00a0\u00bbfont_family:Montserrat%3Aregular%2C700|font_style:700%20bold%20regular%3A700%3Anormal\u00a0\u00bb css_animation=\u00a0\u00bbfadeInRight\u00a0\u00bb css=\u00a0\u00bb.vc_custom_1725544831101{margin-bottom: 0.5em !important;}\u00a0\u00bb el_class=\u00a0\u00bbno-uppercase text-center-responsive-991px\u00a0\u00bb][vc_column_text css_animation=\u00a0\u00bbfadeInRight\u00a0\u00bb css=\u00a0\u00bb\u00a0\u00bb]<\/p>\n<p class=\"text-center-responsive-991px\"><span style=\"font-weight: 400;\">Au fil des d\u00e9cennies, nous avons continuellement \u00e9volu\u00e9 et grandi. De la vision entrepreneuriale d\u2019Alejo et Antonio Sala Coloma, qui ont \u00e9largi notre catalogue avec la production de composants en fer pour la construction, \u00e0 l\u2019approche tourn\u00e9e vers l\u2019avenir d\u2019Alejo et Jos\u00e9 Sala Aznar, qui ont promu l\u2019innovation et l\u2019excellence technique. <\/span><\/p>\n<p>[\/vc_column_text][\/vc_column][\/vc_row][vc_row full_width=\u00a0\u00bbstretch_row_content_no_spaces\u00a0\u00bb rtl_reverse=\u00a0\u00bbyes\u00a0\u00bb content_placement=\u00a0\u00bbmiddle\u00a0\u00bb columns_reverse=\u00a0\u00bbtrue\u00a0\u00bb css=\u00a0\u00bb.vc_custom_1725272784779{margin-bottom: -10px !important;}\u00a0\u00bb _et_uniqid=\u00a0\u00bbet_custom_uniqid_new_66d592c58943d\u00a0\u00bb el_class=\u00a0\u00bbdiv-reverse-column-conocenos div-banner-with-mask\u00a0\u00bb][vc_column width=\u00a0\u00bb5\/6&Prime; offset=\u00a0\u00bbvc_col-lg-offset-1 vc_col-lg-4 vc_col-md-offset-1 vc_col-md-4 vc_col-sm-offset-1&Prime; css=\u00a0\u00bb.vc_custom_1725272223389{padding-top: 30px !important;padding-right: 15px !important;padding-left: 15px !important;}\u00a0\u00bb _et_uniqid=\u00a0\u00bbet_custom_uniqid_new_66d5909ac2738&Prime; el_class=\u00a0\u00bbitem1-reverse-column-conocenos\u00a0\u00bb][vc_custom_heading text=\u00a0\u00bbUn nouveau d\u00e9part\u00a0\u00bb font_container=\u00a0\u00bbtag:h3|font_size:16px|text_align:left|color:%23a7a7a7&Prime; google_fonts=\u00a0\u00bbfont_family:Montserrat%3Aregular%2C700|font_style:700%20bold%20regular%3A700%3Anormal\u00a0\u00bb css_animation=\u00a0\u00bbfadeInLeft\u00a0\u00bb css=\u00a0\u00bb\u00a0\u00bb el_class=\u00a0\u00bbno-uppercase text-center-responsive-991px\u00a0\u00bb][vc_custom_heading text=\u00a0\u00bbLa quatri\u00e8me g\u00e9n\u00e9ration\u00a0\u00bb font_container=\u00a0\u00bbtag:h3|font_size:30px|text_align:left\u00a0\u00bb google_fonts=\u00a0\u00bbfont_family:Montserrat%3Aregular%2C700|font_style:700%20bold%20regular%3A700%3Anormal\u00a0\u00bb css_animation=\u00a0\u00bbfadeInLeft\u00a0\u00bb css=\u00a0\u00bb.vc_custom_1725544860399{margin-bottom: 0.5em !important;}\u00a0\u00bb el_class=\u00a0\u00bbno-uppercase text-center-responsive-991px\u00a0\u00bb][vc_column_text css_animation=\u00a0\u00bbfadeInLeft\u00a0\u00bb css=\u00a0\u00bb\u00a0\u00bb]<\/p>\n<p class=\"text-center-responsive-991px\"><span style=\"font-weight: 400;\">En 2014, Aleix Vicent Sala Sanchis, inspir\u00e9 par l\u2019h\u00e9ritage familial, a fond\u00e9 la quatri\u00e8me g\u00e9n\u00e9ration de la famille Sala dans le secteur de la menuiserie m\u00e9tallique. Alliant tradition et innovation, il continue de porter notre vision vers l\u2019avenir. <\/span><\/p>\n<p>[\/vc_column_text][\/vc_column][vc_column offset=\u00a0\u00bbvc_col-lg-offset-1 vc_col-lg-6 vc_col-md-offset-1 vc_col-md-6 vc_col-sm-offset-0&Prime; css=\u00a0\u00bb.vc_custom_1725272232106{margin-bottom: -10px !important;padding-right: 0px !important;padding-left: 0px !important;}\u00a0\u00bb _et_uniqid=\u00a0\u00bbet_custom_uniqid_new_66d590a2cf523&Prime; el_class=\u00a0\u00bbitem2-reverse-column-conocenos\u00a0\u00bb]        <link rel=\"stylesheet\" href=\"https:\/\/unave.es\/wp-content\/themes\/xstore\/css\/modules\/banners\/banner.min.css\" type=\"text\/css\" media=\"all\" \/> \t\t        <link rel=\"stylesheet\" href=\"https:\/\/unave.es\/wp-content\/themes\/xstore\/css\/modules\/banners\/banners-global.min.css\" type=\"text\/css\" media=\"all\" \/> \t\t        <div id=\"banner-7619\" class=\"banner  banner-type-2 et_image-with-hover et_image-hover-2 text-center responsive-fonts valign-middle font-style-light no-titles\" >\n\n\t\t\t\n\t\t\t\t<img loading=\"lazy\" decoding=\"async\" width=\"960\" height=\"850\" src=\"https:\/\/unave.es\/wp-content\/uploads\/xstore\/xstore-placeholder.png\" data-src=\"https:\/\/unave.es\/wp-content\/uploads\/2024\/10\/4-generacion.webp\" class=\" lazyload lazyload-simple et-lazyload-fadeIn\" alt=\"4-generacion\" src=\"https:\/\/unave.es\/wp-content\/uploads\/xstore\/xstore-placeholder.png\" data-srcset=\"https:\/\/unave.es\/wp-content\/uploads\/2024\/10\/4-generacion.webp 960w, https:\/\/unave.es\/wp-content\/uploads\/2024\/10\/4-generacion-300x266.webp 300w, https:\/\/unave.es\/wp-content\/uploads\/2024\/10\/4-generacion-768x680.webp 768w, https:\/\/unave.es\/wp-content\/uploads\/2024\/10\/4-generacion-600x531.webp 600w, https:\/\/unave.es\/wp-content\/uploads\/2024\/10\/4-generacion-1x1.webp 1w, https:\/\/unave.es\/wp-content\/uploads\/2024\/10\/4-generacion-10x10.webp 10w\" data-sizes=\"(max-width: 960px) 100vw, 960px\" \/>                <div class=\"banner-content  vc_custom_1728290775462\">\n\n\t\t\t\t\t                    <div class=\"content-inner\">\n\n\t\t\t\t\t\t\n                    <\/div>\n\t\t\t\t\t        <\/div>\n\n\t\t        <\/div>\n\n\t\t[\/vc_column][\/vc_row][vc_row full_width=\u00a0\u00bbstretch_row_content_no_spaces\u00a0\u00bb content_placement=\u00a0\u00bbmiddle\u00a0\u00bb css=\u00a0\u00bb.vc_custom_1725272797551{margin-bottom: -10px !important;}\u00a0\u00bb el_class=\u00a0\u00bbdiv-banner-with-mask\u00a0\u00bb _et_uniqid=\u00a0\u00bbet_custom_uniqid_new_66d592d7acd16&Prime;][vc_column offset=\u00a0\u00bbvc_col-lg-offset-0 vc_col-lg-6 vc_col-md-offset-0 vc_col-md-6&Prime; css=\u00a0\u00bb.vc_custom_1467290487214{margin-bottom: -10px !important;padding-right: 0px !important;padding-left: 0px !important;}\u00a0\u00bb]        <link rel=\"stylesheet\" href=\"https:\/\/unave.es\/wp-content\/themes\/xstore\/css\/modules\/banners\/banner.min.css\" type=\"text\/css\" media=\"all\" \/> \t\t        <link rel=\"stylesheet\" href=\"https:\/\/unave.es\/wp-content\/themes\/xstore\/css\/modules\/banners\/banners-global.min.css\" type=\"text\/css\" media=\"all\" \/> \t\t        <div id=\"banner-4011\" class=\"banner  banner-type-2 et_image-with-hover et_image-hover-2 text-center responsive-fonts valign-middle font-style-light no-titles\" >\n\n\t\t\t\n\t\t\t\t<img loading=\"lazy\" decoding=\"async\" width=\"960\" height=\"850\" src=\"https:\/\/unave.es\/wp-content\/uploads\/xstore\/xstore-placeholder.png\" data-src=\"https:\/\/unave.es\/wp-content\/uploads\/2024\/10\/calidad.webp\" class=\" lazyload lazyload-simple et-lazyload-fadeIn\" alt=\"\" src=\"https:\/\/unave.es\/wp-content\/uploads\/xstore\/xstore-placeholder.png\" data-srcset=\"https:\/\/unave.es\/wp-content\/uploads\/2024\/10\/calidad.webp 960w, https:\/\/unave.es\/wp-content\/uploads\/2024\/10\/calidad-300x266.webp 300w, https:\/\/unave.es\/wp-content\/uploads\/2024\/10\/calidad-768x680.webp 768w, https:\/\/unave.es\/wp-content\/uploads\/2024\/10\/calidad-600x531.webp 600w, https:\/\/unave.es\/wp-content\/uploads\/2024\/10\/calidad-1x1.webp 1w, https:\/\/unave.es\/wp-content\/uploads\/2024\/10\/calidad-10x10.webp 10w\" data-sizes=\"(max-width: 960px) 100vw, 960px\" \/>                <div class=\"banner-content  vc_custom_1728290870534\">\n\n\t\t\t\t\t                    <div class=\"content-inner\">\n\n\t\t\t\t\t\t\n                    <\/div>\n\t\t\t\t\t        <\/div>\n\n\t\t        <\/div>\n\n\t\t[\/vc_column][vc_column width=\u00a0\u00bb5\/6&Prime; offset=\u00a0\u00bbvc_col-lg-offset-1 vc_col-lg-4 vc_col-md-offset-1 vc_col-md-4 vc_col-sm-offset-1&Prime; css=\u00a0\u00bb.vc_custom_1462372891402{padding-top: 30px !important;padding-right: 15px !important;padding-left: 15px !important;}\u00a0\u00bb][vc_custom_heading text=\u00a0\u00bbEngagement maximal\u00a0\u00bb font_container=\u00a0\u00bbtag:h3|font_size:16px|text_align:left|color:%23a7a7a7&Prime; google_fonts=\u00a0\u00bbfont_family:Montserrat%3Aregular%2C700|font_style:700%20bold%20regular%3A700%3Anormal\u00a0\u00bb css_animation=\u00a0\u00bbfadeInRight\u00a0\u00bb css=\u00a0\u00bb\u00a0\u00bb el_class=\u00a0\u00bbno-uppercase text-center-responsive-991px\u00a0\u00bb][vc_custom_heading text=\u00a0\u00bbQualit\u00e9 et excellence\u00a0\u00bb font_container=\u00a0\u00bbtag:h3|font_size:30px|text_align:left\u00a0\u00bb google_fonts=\u00a0\u00bbfont_family:Montserrat%3Aregular%2C700|font_style:700%20bold%20regular%3A700%3Anormal\u00a0\u00bb css_animation=\u00a0\u00bbfadeInRight\u00a0\u00bb css=\u00a0\u00bb.vc_custom_1725544895404{margin-bottom: 0.5em !important;}\u00a0\u00bb el_class=\u00a0\u00bbno-uppercase text-center-responsive-991px\u00a0\u00bb][vc_column_text css_animation=\u00a0\u00bbfadeInRight\u00a0\u00bb css=\u00a0\u00bb\u00a0\u00bb]<\/p>\n<p class=\"text-center-responsive-991px\"><span style=\"font-weight: 400;\">Aujourd\u2019hui, nous sommes une entreprise jeune avec une solide exp\u00e9rience. Nos projets parlent d\u2019eux-m\u00eames, soutenus par l\u2019excellence dans chaque d\u00e9tail. Nous faisons partie du r\u00e9seau Aluminier-Technal, garantissant la qualit\u00e9 dans la fabrication et l\u2019installation de nos produits. De plus, nous collaborons avec des marques renomm\u00e9es telles que Finstral, Solarlux, H\u00f6rmann, Velux, Saxun, Strugal et Somfy.   <\/span><\/p>\n<p>[\/vc_column_text][\/vc_column][\/vc_row][vc_row][vc_column][vc_empty_space height=\u00a0\u00bb100px\u00a0\u00bb][\/vc_column][\/vc_row][vc_row full_width=\u00a0\u00bbstretch_row_content\u00a0\u00bb content_placement=\u00a0\u00bbmiddle\u00a0\u00bb _et_uniqid=\u00a0\u00bbet_custom_uniqid_new_66cecd27c5190&Prime;][vc_column width=\u00a0\u00bb2\/12&Prime;][\/vc_column][vc_column offset=\u00a0\u00bbvc_col-lg-5 vc_col-md-12&Prime; _et_uniqid=\u00a0\u00bbet_custom_uniqid_new_66d56656a648f\u00a0\u00bb][vc_single_image image=\u00a0\u00bb9521&Prime; img_size=\u00a0\u00bbfull\u00a0\u00bb alignment=\u00a0\u00bbcenter\u00a0\u00bb css_animation=\u00a0\u00bbfadeInUp\u00a0\u00bb css=\u00a0\u00bb\u00a0\u00bb][\/vc_column][vc_column offset=\u00a0\u00bbvc_col-lg-3 vc_col-md-12&Prime; _et_uniqid=\u00a0\u00bbet_custom_uniqid_new_66d5676197562&Prime;][vc_custom_heading text=\u00a0\u00bbNotre entreprise\u00a0\u00bb google_fonts=\u00a0\u00bbfont_family:Montserrat%3Aregular%2C700|font_style:700%20bold%20regular%3A700%3Anormal\u00a0\u00bb css_animation=\u00a0\u00bbfadeInRight\u00a0\u00bb css=\u00a0\u00bb.vc_custom_1725549041724{margin-bottom: 20px !important;}\u00a0\u00bb el_class=\u00a0\u00bbno-uppercase h2-title text-center-responsive-1199px\u00a0\u00bb][vc_column_text css_animation=\u00a0\u00bbfadeInRight\u00a0\u00bb css=\u00a0\u00bb\u00a0\u00bb]<\/p>\n<p class=\"text-center-responsive-1199px\"><span style=\"font-weight: 400;\">D\u00e9couvrez-nous de l\u2019int\u00e9rieur et constatez notre engagement envers la qualit\u00e9 et l\u2019excellence. Nos installations disposent de technologies de pointe et d\u2019une \u00e9quipe hautement qualifi\u00e9e pr\u00eate \u00e0 concr\u00e9tiser vos projets. Faites une visite guid\u00e9e avec nous et d\u00e9couvrez pourquoi nous sommes le choix parfait pour vos besoins en menuiserie m\u00e9tallique!  <\/span><\/p>\n<p>[\/vc_column_text][\/vc_column][vc_column width=\u00a0\u00bb2\/12&Prime;][\/vc_column][\/vc_row][vc_row][vc_column][vc_empty_space height=\u00a0\u00bb100px\u00a0\u00bb][\/vc_column][\/vc_row][vc_row full_width=\u00a0\u00bbstretch_row_content\u00a0\u00bb _et_uniqid=\u00a0\u00bbet_custom_uniqid_new_66ced94d901c3&Prime;][vc_column width=\u00a0\u00bb1\/12&Prime;][\/vc_column][vc_column width=\u00a0\u00bb10\/12&Prime; css=\u00a0\u00bb.vc_custom_1725262293870{padding-top: 50px !important;padding-right: 100px !important;padding-bottom: 50px !important;padding-left: 100px !important;background-color: #d5e7f0 !important;}\u00a0\u00bb _et_uniqid=\u00a0\u00bbet_custom_uniqid_new_66d569d09b451&Prime; el_class=\u00a0\u00bbdiv-azul-conocenos\u00a0\u00bb][vc_row_inner][vc_column_inner width=\u00a0\u00bb1\/3&Prime;][vc_single_image image=\u00a0\u00bb9516&Prime; img_size=\u00a0\u00bbfull\u00a0\u00bb alignment=\u00a0\u00bbcenter\u00a0\u00bb css=\u00a0\u00bb\u00a0\u00bb][vc_column_text css=\u00a0\u00bb.vc_custom_1724831719493{margin-bottom: 10px !important;}\u00a0\u00bb]<\/p>\n<p style=\"text-align: center;\"><strong>Engagement envers la qualit\u00e9<\/strong><\/p>\n<p>[\/vc_column_text][vc_column_text css=\u00a0\u00bb\u00a0\u00bb]<\/p>\n<p style=\"text-align: center;\"><span style=\"font-weight: 400;\">Nous nous engageons \u00e0 fournir des produits et services de la plus haute qualit\u00e9 en toutes circonstances. De la s\u00e9lection des mat\u00e9riaux au service client, l\u2019excellence est notre priorit\u00e9 absolue. <\/span><\/p>\n<p>[\/vc_column_text][\/vc_column_inner][vc_column_inner width=\u00a0\u00bb1\/3&Prime;][vc_single_image image=\u00a0\u00bb9517&Prime; img_size=\u00a0\u00bbfull\u00a0\u00bb alignment=\u00a0\u00bbcenter\u00a0\u00bb css=\u00a0\u00bb\u00a0\u00bb][vc_column_text css=\u00a0\u00bb.vc_custom_1724831742731{margin-bottom: 10px !important;}\u00a0\u00bb]<\/p>\n<p style=\"text-align: center;\"><strong>Innovation constante<\/strong><\/p>\n<p>[\/vc_column_text][vc_column_text css=\u00a0\u00bb\u00a0\u00bb]<\/p>\n<p style=\"text-align: center;\"><span style=\"font-weight: 400;\">Nous restons \u00e0 la pointe du secteur en adoptant de nouvelles technologies, processus et techniques de fabrication. Nous cherchons continuellement des moyens d\u2019am\u00e9liorer et d\u2019\u00e9voluer pour r\u00e9pondre aux besoins changeants de nos clients. <\/span><\/p>\n<p>[\/vc_column_text][\/vc_column_inner][vc_column_inner width=\u00a0\u00bb1\/3&Prime;][vc_single_image image=\u00a0\u00bb9515&Prime; img_size=\u00a0\u00bbfull\u00a0\u00bb alignment=\u00a0\u00bbcenter\u00a0\u00bb css=\u00a0\u00bb\u00a0\u00bb][vc_column_text css=\u00a0\u00bb.vc_custom_1724831767137{margin-bottom: 10px !important;}\u00a0\u00bb]<\/p>\n<p style=\"text-align: center;\"><strong>Service client exceptionnel<\/strong><\/p>\n<p>[\/vc_column_text][vc_column_text css=\u00a0\u00bb\u00a0\u00bb]<\/p>\n<p style=\"text-align: center;\"><span style=\"font-weight: 400;\">Nos clients sont notre priorit\u00e9 absolue. Nous nous engageons \u00e0 fournir un service client exceptionnel en toutes circonstances, d\u00e9passant les attentes et garantissant une satisfaction totale. <\/span><\/p>\n<p>[\/vc_column_text][\/vc_column_inner][\/vc_row_inner][\/vc_column][vc_column width=\u00a0\u00bb1\/12&Prime;][\/vc_column][\/vc_row][vc_row][vc_column][vc_empty_space height=\u00a0\u00bb100px\u00a0\u00bb][\/vc_column][\/vc_row]<\/p>\n<\/div>","protected":false},"excerpt":{"rendered":"<p>[vc_row full_width=\u00a0\u00bbstretch_row_content\u00a0\u00bb equal_height=\u00a0\u00bbyes\u00a0\u00bb css=\u00a0\u00bb.vc_custom_1728290663943{background-image: url(https:\/\/unave.es\/wp-content\/uploads\/2024\/10\/banner-conocenos.webp?id=8550) !important;}\u00a0\u00bb _et_uniqid=\u00a0\u00bbet_custom_uniqid_new_67039f4ca4fd5&Prime;][vc_column][vc_empty_space height=\u00a0\u00bb200px\u00a0\u00bb][vc_custom_heading text=\u00a0\u00bb\u00c0 propos de nous\u00a0\u00bb font_container=\u00a0\u00bbtag:h1|text_align:center|color:%23ffffff\u00a0\u00bb google_fonts=\u00a0\u00bbfont_family:Montserrat%3Aregular%2C700|font_style:700%20bold%20regular%3A700%3Anormal\u00a0\u00bb css_animation=\u00a0\u00bbfadeInUp\u00a0\u00bb css=\u00a0\u00bb\u00a0\u00bb el_class=\u00a0\u00bbno-uppercase h1-title\u00a0\u00bb][vc_empty_space height=\u00a0\u00bb200px\u00a0\u00bb][\/vc_column][\/vc_row][vc_row][vc_column][vc_empty_space height=\u00a0\u00bb100px\u00a0\u00bb][\/vc_column][\/vc_row][vc_row&#8230;<\/p>\n","protected":false},"author":1,"featured_media":0,"parent":0,"menu_order":0,"comment_status":"closed","ping_status":"closed","template":"","meta":{"_monsterinsights_skip_tracking":false,"_monsterinsights_sitenote_active":false,"_monsterinsights_sitenote_note":"","_monsterinsights_sitenote_category":0,"footnotes":""},"class_list":["post-9508","page","type-page","status-publish","hentry"],"yoast_head":"<!-- This site is optimized with the Yoast SEO plugin v26.8 - https:\/\/yoast.com\/product\/yoast-seo-wordpress\/ -->\n<title>Unave | Architecture durable et innovation \u00e0 Almeria<\/title>\n<meta name=\"description\" content=\"Unave est un studio d&#039;architecture engag\u00e9 dans la durabilit\u00e9 et la conception innovante. D\u00e9couvrez nos projets uniques \u00e0 Almer\u00eda.\" \/>\n<meta name=\"robots\" content=\"index, follow, max-snippet:-1, max-image-preview:large, max-video-preview:-1\" \/>\n<link rel=\"canonical\" href=\"https:\/\/unave.es\/fr\/a-propos-de-nous\/\" \/>\n<meta property=\"og:locale\" content=\"fr_FR\" \/>\n<meta property=\"og:type\" content=\"article\" \/>\n<meta property=\"og:title\" content=\"Unave | Architecture durable et innovation \u00e0 Almeria\" \/>\n<meta property=\"og:description\" content=\"Unave est un studio d&#039;architecture engag\u00e9 dans la durabilit\u00e9 et la conception innovante. D\u00e9couvrez nos projets uniques \u00e0 Almer\u00eda.\" \/>\n<meta property=\"og:url\" content=\"https:\/\/unave.es\/fr\/a-propos-de-nous\/\" \/>\n<meta property=\"og:site_name\" content=\"Unave\" \/>\n<meta property=\"article:modified_time\" content=\"2026-01-22T07:34:46+00:00\" \/>\n<meta name=\"twitter:card\" content=\"summary_large_image\" \/>\n<meta name=\"twitter:label1\" content=\"Dur\u00e9e de lecture estim\u00e9e\" \/>\n\t<meta name=\"twitter:data1\" content=\"10 minutes\" \/>\n<script type=\"application\/ld+json\" class=\"yoast-schema-graph\">{\"@context\":\"https:\/\/schema.org\",\"@graph\":[{\"@type\":\"WebPage\",\"@id\":\"https:\/\/unave.es\/fr\/a-propos-de-nous\/\",\"url\":\"https:\/\/unave.es\/fr\/a-propos-de-nous\/\",\"name\":\"Unave | Architecture durable et innovation \u00e0 Almeria\",\"isPartOf\":{\"@id\":\"https:\/\/unave.es\/fr\/#website\"},\"datePublished\":\"2018-08-15T07:03:40+00:00\",\"dateModified\":\"2026-01-22T07:34:46+00:00\",\"description\":\"Unave est un studio d'architecture engag\u00e9 dans la durabilit\u00e9 et la conception innovante. D\u00e9couvrez nos projets uniques \u00e0 Almer\u00eda.\",\"breadcrumb\":{\"@id\":\"https:\/\/unave.es\/fr\/a-propos-de-nous\/#breadcrumb\"},\"inLanguage\":\"fr-FR\",\"potentialAction\":[{\"@type\":\"ReadAction\",\"target\":[\"https:\/\/unave.es\/fr\/a-propos-de-nous\/\"]}]},{\"@type\":\"BreadcrumbList\",\"@id\":\"https:\/\/unave.es\/fr\/a-propos-de-nous\/#breadcrumb\",\"itemListElement\":[{\"@type\":\"ListItem\",\"position\":1,\"name\":\"Portada\",\"item\":\"https:\/\/unave.es\/fr\/\"},{\"@type\":\"ListItem\",\"position\":2,\"name\":\"\u00c0 propos de nous\"}]},{\"@type\":\"WebSite\",\"@id\":\"https:\/\/unave.es\/fr\/#website\",\"url\":\"https:\/\/unave.es\/fr\/\",\"name\":\"Unave\",\"description\":\"\",\"potentialAction\":[{\"@type\":\"SearchAction\",\"target\":{\"@type\":\"EntryPoint\",\"urlTemplate\":\"https:\/\/unave.es\/fr\/?s={search_term_string}\"},\"query-input\":{\"@type\":\"PropertyValueSpecification\",\"valueRequired\":true,\"valueName\":\"search_term_string\"}}],\"inLanguage\":\"fr-FR\"}]}<\/script>\n<!-- \/ Yoast SEO plugin. -->","yoast_head_json":{"title":"Unave | Architecture durable et innovation \u00e0 Almeria","description":"Unave est un studio d'architecture engag\u00e9 dans la durabilit\u00e9 et la conception innovante. D\u00e9couvrez nos projets uniques \u00e0 Almer\u00eda.","robots":{"index":"index","follow":"follow","max-snippet":"max-snippet:-1","max-image-preview":"max-image-preview:large","max-video-preview":"max-video-preview:-1"},"canonical":"https:\/\/unave.es\/fr\/a-propos-de-nous\/","og_locale":"fr_FR","og_type":"article","og_title":"Unave | Architecture durable et innovation \u00e0 Almeria","og_description":"Unave est un studio d'architecture engag\u00e9 dans la durabilit\u00e9 et la conception innovante. D\u00e9couvrez nos projets uniques \u00e0 Almer\u00eda.","og_url":"https:\/\/unave.es\/fr\/a-propos-de-nous\/","og_site_name":"Unave","article_modified_time":"2026-01-22T07:34:46+00:00","twitter_card":"summary_large_image","twitter_misc":{"Dur\u00e9e de lecture estim\u00e9e":"10 minutes"},"schema":{"@context":"https:\/\/schema.org","@graph":[{"@type":"WebPage","@id":"https:\/\/unave.es\/fr\/a-propos-de-nous\/","url":"https:\/\/unave.es\/fr\/a-propos-de-nous\/","name":"Unave | Architecture durable et innovation \u00e0 Almeria","isPartOf":{"@id":"https:\/\/unave.es\/fr\/#website"},"datePublished":"2018-08-15T07:03:40+00:00","dateModified":"2026-01-22T07:34:46+00:00","description":"Unave est un studio d'architecture engag\u00e9 dans la durabilit\u00e9 et la conception innovante. D\u00e9couvrez nos projets uniques \u00e0 Almer\u00eda.","breadcrumb":{"@id":"https:\/\/unave.es\/fr\/a-propos-de-nous\/#breadcrumb"},"inLanguage":"fr-FR","potentialAction":[{"@type":"ReadAction","target":["https:\/\/unave.es\/fr\/a-propos-de-nous\/"]}]},{"@type":"BreadcrumbList","@id":"https:\/\/unave.es\/fr\/a-propos-de-nous\/#breadcrumb","itemListElement":[{"@type":"ListItem","position":1,"name":"Portada","item":"https:\/\/unave.es\/fr\/"},{"@type":"ListItem","position":2,"name":"\u00c0 propos de nous"}]},{"@type":"WebSite","@id":"https:\/\/unave.es\/fr\/#website","url":"https:\/\/unave.es\/fr\/","name":"Unave","description":"","potentialAction":[{"@type":"SearchAction","target":{"@type":"EntryPoint","urlTemplate":"https:\/\/unave.es\/fr\/?s={search_term_string}"},"query-input":{"@type":"PropertyValueSpecification","valueRequired":true,"valueName":"search_term_string"}}],"inLanguage":"fr-FR"}]}},"_links":{"self":[{"href":"https:\/\/unave.es\/fr\/wp-json\/wp\/v2\/pages\/9508","targetHints":{"allow":["GET"]}}],"collection":[{"href":"https:\/\/unave.es\/fr\/wp-json\/wp\/v2\/pages"}],"about":[{"href":"https:\/\/unave.es\/fr\/wp-json\/wp\/v2\/types\/page"}],"author":[{"embeddable":true,"href":"https:\/\/unave.es\/fr\/wp-json\/wp\/v2\/users\/1"}],"replies":[{"embeddable":true,"href":"https:\/\/unave.es\/fr\/wp-json\/wp\/v2\/comments?post=9508"}],"version-history":[{"count":3,"href":"https:\/\/unave.es\/fr\/wp-json\/wp\/v2\/pages\/9508\/revisions"}],"predecessor-version":[{"id":9530,"href":"https:\/\/unave.es\/fr\/wp-json\/wp\/v2\/pages\/9508\/revisions\/9530"}],"wp:attachment":[{"href":"https:\/\/unave.es\/fr\/wp-json\/wp\/v2\/media?parent=9508"}],"curies":[{"name":"wp","href":"https:\/\/api.w.org\/{rel}","templated":true}]}}