{"id":9464,"date":"2024-08-28T08:27:02","date_gmt":"2024-08-28T06:27:02","guid":{"rendered":"https:\/\/unave.es\/produits\/facades\/"},"modified":"2026-01-22T11:57:43","modified_gmt":"2026-01-22T10:57:43","slug":"revetement-facades-exterieures","status":"publish","type":"page","link":"https:\/\/unave.es\/fr\/produits\/revetement-facades-exterieures\/","title":{"rendered":"Fa\u00e7ades"},"content":{"rendered":"<div class=\"wpb-content-wrapper\"><p>[vc_row full_width=\u00a0\u00bbstretch_row_content\u00a0\u00bb equal_height=\u00a0\u00bbyes\u00a0\u00bb css_animation=\u00a0\u00bbfadeIn\u00a0\u00bb et_uniqid=\u00a0\u00bbet_custom_uniqid_5ea344e21f01d\u00a0\u00bb _et_uniqid=\u00a0\u00bbet_custom_uniqid_new_67038bb885c8a\u00a0\u00bb css=\u00a0\u00bb.vc_custom_1728285651213{background-image: url(https:\/\/unave.es\/wp-content\/uploads\/2024\/10\/banner-fachadas.webp?id=8510) !important;background-position: center !important;background-repeat: no-repeat !important;background-size: cover !important;}\u00a0\u00bb][vc_column][vc_empty_space height=\u00a0\u00bb200px\u00a0\u00bb][vc_row_inner][vc_column_inner offset=\u00a0\u00bbvc_hidden-sm vc_hidden-xs\u00a0\u00bb _et_uniqid=\u00a0\u00bbet_custom_uniqid_new_675af0fc2508e\u00a0\u00bb][vc_column_text css_animation=\u00a0\u00bbfadeInUp\u00a0\u00bb css=\u00a0\u00bb\u00a0\u00bb]<\/p>\n<h1 class=\"h1-title-pc\" style=\"text-align: center;\">Rev\u00eatement de<br \/>fa\u00e7ade<\/h1>\n<p>[\/vc_column_text][\/vc_column_inner][\/vc_row_inner][vc_row_inner][vc_column_inner offset=\u00a0\u00bbvc_hidden-lg vc_hidden-md\u00a0\u00bb _et_uniqid=\u00a0\u00bbet_custom_uniqid_new_675af103bac34&Prime;][vc_column_text css_animation=\u00a0\u00bbfadeInUp\u00a0\u00bb css=\u00a0\u00bb\u00a0\u00bb]<\/p>\n<h1 class=\"h1-title-responsive\" style=\"text-align: center;\">Rev\u00eatement de fa\u00e7ade<\/h1>\n<p>[\/vc_column_text][\/vc_column_inner][\/vc_row_inner][vc_empty_space height=\u00a0\u00bb200px\u00a0\u00bb][\/vc_column][\/vc_row][vc_row css_animation=\u00a0\u00bbfadeIn\u00a0\u00bb et_uniqid=\u00a0\u00bbet_custom_uniqid_5ea316003328e\u00a0\u00bb css=\u00a0\u00bb.vc_custom_1725022086259{margin-bottom: 40px !important;}\u00a0\u00bb _et_uniqid=\u00a0\u00bbet_custom_uniqid_new_66d1bf4221bd6&Prime;][vc_column width=\u00a0\u00bb1\/12&Prime;][\/vc_column][vc_column width=\u00a0\u00bb10\/12&Prime;][vc_column_text css=\u00a0\u00bb.vc_custom_1724826754428{margin-bottom: 20px !important;}\u00a0\u00bb]<\/p>\n<p style=\"text-align: center; color: #000; font-size: 20px;\"><b>Transformez votre fa\u00e7ade avec un rev\u00eatement de haute qualit\u00e9<\/b><\/p>\n<p>[\/vc_column_text][vc_column_text css=\u00a0\u00bb.vc_custom_1724826796906{margin-bottom: 20px !important;}\u00a0\u00bb]<\/p>\n<p style=\"text-align: center;\"><span style=\"font-weight: 400;\">Nous proposons des solutions innovantes pour le<\/span> <b>rev\u00eatement ext\u00e9rieur des fa\u00e7ades en utilisant des \u00e9l\u00e9ments composites<\/b> <span style=\"font-weight: 400;\">et d\u00e9coratifs tels que des lames en aluminium et en r\u00e9sine. Nous offrons une large vari\u00e9t\u00e9 de finitions en<\/span> <b>couleurs RAL, tons m\u00e9talliques et imitation bois<\/b><span style=\"font-weight: 400;\">, qui non seulement am\u00e9liorent l\u2019esth\u00e9tique de votre b\u00e2timent, mais offrent \u00e9galement des avantages en mati\u00e8re d\u2019efficacit\u00e9 \u00e9nerg\u00e9tique.<\/span><\/p>\n<p>[\/vc_column_text][\/vc_column][vc_column width=\u00a0\u00bb1\/12&Prime;][\/vc_column][\/vc_row][vc_row full_width=\u00a0\u00bbstretch_row\u00a0\u00bb css_animation=\u00a0\u00bbnone\u00a0\u00bb et_uniqid=\u00a0\u00bbet_custom_uniqid_5ea316003328e\u00a0\u00bb css=\u00a0\u00bb.vc_custom_1725451387150{margin-top: 8px !important;margin-bottom: 60px !important;}\u00a0\u00bb _et_uniqid=\u00a0\u00bbet_custom_uniqid_new_66d84c75c0799&Prime;][vc_column][vc_custom_heading text=\u00a0\u00bbPourquoi choisir le rev\u00eatement composite pour votre fa\u00e7ade?\u00a0\u00bb font_container=\u00a0\u00bbtag:h2|text_align:center|color:%23000000&Prime; google_fonts=\u00a0\u00bbfont_family:Montserrat%3Aregular%2C700|font_style:700%20bold%20regular%3A700%3Anormal\u00a0\u00bb css_animation=\u00a0\u00bbfadeInUp\u00a0\u00bb css=\u00a0\u00bb.vc_custom_1725543530095{margin-bottom: 40px !important;}\u00a0\u00bb el_class=\u00a0\u00bbno-uppercase h2-title\u00a0\u00bb][vc_row_inner][vc_column_inner width=\u00a0\u00bb1\/2&Prime; offset=\u00a0\u00bbvc_col-lg-4 vc_col-md-6&Prime; _et_uniqid=\u00a0\u00bbet_custom_uniqid_new_66d1bff62320a\u00a0\u00bb][vc_single_image image=\u00a0\u00bb9471&Prime; img_size=\u00a0\u00bbfull\u00a0\u00bb alignment=\u00a0\u00bbcenter\u00a0\u00bb css=\u00a0\u00bb.vc_custom_1728285698559{margin-bottom: 10px !important;}\u00a0\u00bb][vc_custom_heading text=\u00a0\u00bbDurabilit\u00e9 et solidit\u00e9\u00a0\u00bb font_container=\u00a0\u00bbtag:h3|font_size:20px|text_align:left|color:%23000000&Prime; google_fonts=\u00a0\u00bbfont_family:Montserrat%3Aregular%2C700|font_style:700%20bold%20regular%3A700%3Anormal\u00a0\u00bb css=\u00a0\u00bb.vc_custom_1725543544473{margin-bottom: 10px !important;}\u00a0\u00bb el_class=\u00a0\u00bbno-uppercase text-center-responsive-767px\u00a0\u00bb][vc_column_text css=\u00a0\u00bb\u00a0\u00bb]<\/p>\n<p class=\"text-center-responsive-767px\"><span style=\"font-weight: 400; font-size: 14px;\">Le composite est un mat\u00e9riau extr\u00eamement r\u00e9sistant et durable, capable de supporter les conditions climatiques d\u00e9favorables sans se d\u00e9t\u00e9riorer. Son entretien est minimal, ce qui en fait une option pratique et \u00e9conomique sur le long terme.<\/span><\/p>\n<p>[\/vc_column_text][\/vc_column_inner][vc_column_inner width=\u00a0\u00bb1\/2&Prime; offset=\u00a0\u00bbvc_col-lg-4 vc_col-md-6&Prime; _et_uniqid=\u00a0\u00bbet_custom_uniqid_new_66d1c00f3c723&Prime;][vc_single_image image=\u00a0\u00bb9472&Prime; img_size=\u00a0\u00bbfull\u00a0\u00bb alignment=\u00a0\u00bbcenter\u00a0\u00bb css=\u00a0\u00bb.vc_custom_1728285739892{margin-bottom: 10px !important;}\u00a0\u00bb][vc_custom_heading text=\u00a0\u00bbEfficacit\u00e9 \u00e9nerg\u00e9tique\u00a0\u00bb font_container=\u00a0\u00bbtag:h3|font_size:20px|text_align:left|color:%23000000&Prime; google_fonts=\u00a0\u00bbfont_family:Montserrat%3Aregular%2C700|font_style:700%20bold%20regular%3A700%3Anormal\u00a0\u00bb css=\u00a0\u00bb.vc_custom_1728285673495{margin-bottom: 10px !important;}\u00a0\u00bb el_class=\u00a0\u00bbno-uppercase text-center-responsive-767px\u00a0\u00bb][vc_column_text css=\u00a0\u00bb\u00a0\u00bb]<\/p>\n<p class=\"text-center-responsive-767px\"><span style=\"font-weight: 400; font-size: 14px;\">Le rev\u00eatement composite agit comme un isolant thermique efficace, aidant \u00e0 maintenir une temp\u00e9rature int\u00e9rieure stable et \u00e0 r\u00e9duire la consommation d\u2019\u00e9nergie. Cela se traduit par des co\u00fbts de chauffage et de climatisation plus faibles, contribuant \u00e0 un habitat plus durable.<\/span><\/p>\n<p>[\/vc_column_text][\/vc_column_inner][vc_column_inner width=\u00a0\u00bb1\/2&Prime; offset=\u00a0\u00bbvc_col-lg-4 vc_col-md-6&Prime; _et_uniqid=\u00a0\u00bbet_custom_uniqid_new_66d1c01b85457&Prime;][vc_single_image image=\u00a0\u00bb9473&Prime; img_size=\u00a0\u00bbfull\u00a0\u00bb alignment=\u00a0\u00bbcenter\u00a0\u00bb css=\u00a0\u00bb.vc_custom_1728285760300{margin-bottom: 10px !important;}\u00a0\u00bb][vc_custom_heading text=\u00a0\u00bbVari\u00e9t\u00e9 de finitions\u00a0\u00bb font_container=\u00a0\u00bbtag:h3|font_size:20px|text_align:left|color:%23000000&Prime; google_fonts=\u00a0\u00bbfont_family:Montserrat%3Aregular%2C700|font_style:700%20bold%20regular%3A700%3Anormal\u00a0\u00bb css=\u00a0\u00bb.vc_custom_1725543570844{margin-bottom: 10px !important;}\u00a0\u00bb el_class=\u00a0\u00bbno-uppercase text-center-responsive-767px\u00a0\u00bb][vc_column_text css=\u00a0\u00bb\u00a0\u00bb]<\/p>\n<p class=\"text-center-responsive-767px\"><span style=\"font-weight: 400; font-size: 14px;\">Avec une large gamme de finitions en couleurs RAL, tons m\u00e9talliques et imitation bois, notre rev\u00eatement composite vous permet de personnaliser l\u2019apparence de votre fa\u00e7ade selon vos go\u00fbts et vos besoins.<\/span><\/p>\n<p>[\/vc_column_text][\/vc_column_inner][\/vc_row_inner][\/vc_column][\/vc_row][vc_row][vc_column][vc_empty_space height=\u00a0\u00bb50px\u00a0\u00bb][\/vc_column][\/vc_row][vc_row full_width=\u00a0\u00bbstretch_row_content\u00a0\u00bb content_placement=\u00a0\u00bbmiddle\u00a0\u00bb _et_uniqid=\u00a0\u00bbet_custom_uniqid_new_66cd84b6ec967&Prime;][vc_column width=\u00a0\u00bb2\/12&Prime;][\/vc_column][vc_column _et_uniqid=\u00a0\u00bbet_custom_uniqid_new_66d1c12367265&Prime; offset=\u00a0\u00bbvc_col-lg-5 vc_col-md-12&Prime;][vc_single_image image=\u00a0\u00bb9479&Prime; img_size=\u00a0\u00bbfull\u00a0\u00bb alignment=\u00a0\u00bbcenter\u00a0\u00bb css_animation=\u00a0\u00bbfadeInUp\u00a0\u00bb css=\u00a0\u00bb\u00a0\u00bb][\/vc_column][vc_column offset=\u00a0\u00bbvc_col-lg-3 vc_col-md-12&Prime; _et_uniqid=\u00a0\u00bbet_custom_uniqid_new_66d1c13730f29&Prime;][vc_custom_heading text=\u00a0\u00bbSolutions compl\u00e8tes imitation bois\u00a0\u00bb font_container=\u00a0\u00bbtag:h2|text_align:left|color:%23000000&Prime; google_fonts=\u00a0\u00bbfont_family:Montserrat%3Aregular%2C700|font_style:700%20bold%20regular%3A700%3Anormal\u00a0\u00bb css_animation=\u00a0\u00bbfadeInRight\u00a0\u00bb css=\u00a0\u00bb.vc_custom_1728285837529{margin-bottom: 20px !important;}\u00a0\u00bb el_class=\u00a0\u00bbno-uppercase h2-title text-center-responsive-1199px\u00a0\u00bb][vc_column_text css_animation=\u00a0\u00bbfadeInRight\u00a0\u00bb css=\u00a0\u00bb.vc_custom_1725451437736{margin-bottom: 20px !important;}\u00a0\u00bb]<\/p>\n<p class=\"text-center-responsive-1199px\" style=\"text-align: left;\"><span style=\"font-weight: 400;\">Nous proposons les solutions Tarimatec Vertical, id\u00e9ales pour les finitions verticales avec r\u00e9sine imitant le bois. Disponibles dans nos collections Chromatic, Wood et Ethnic, ces lames sont faciles \u00e0 installer et offrent un design \u00e9l\u00e9gant et l\u00e9ger. Avec les finitions Sanding et Nature dans les profils Annapurna, Mont Blanc et K2, nos produits sont parfaits pour les fa\u00e7ades, les cl\u00f4tures et les bardages, combinant esth\u00e9tique et fonctionnalit\u00e9 dans chaque projet.<\/span><\/p>\n<p>[\/vc_column_text][\/vc_column][vc_column width=\u00a0\u00bb2\/12&Prime;][\/vc_column][\/vc_row][vc_row][vc_column][vc_empty_space height=\u00a0\u00bb50px\u00a0\u00bb][\/vc_column][\/vc_row][vc_row css_animation=\u00a0\u00bbnone\u00a0\u00bb et_uniqid=\u00a0\u00bbet_custom_uniqid_5f64aa7de2f8e\u00a0\u00bb css=\u00a0\u00bb.vc_custom_1728285851822{padding-top: 50px !important;padding-bottom: 10px !important;}\u00a0\u00bb _et_uniqid=\u00a0\u00bbet_custom_uniqid_new_67038c9461b0e\u00a0\u00bb css_xs=\u00a0\u00bb.vc_custom_1728285851823{padding-top: 20px !important;}\u00a0\u00bb][vc_column css_animation=\u00a0\u00bbfadeIn\u00a0\u00bb width=\u00a0\u00bb1\/12&Prime; _et_uniqid=\u00a0\u00bbet_custom_uniqid_new_6139aafb52426&Prime;][\/vc_column][vc_column width=\u00a0\u00bb10\/12&Prime;][vc_custom_heading text=\u00a0\u00bbNos projets de rev\u00eatement de fa\u00e7ades ext\u00e9rieures\u00a0\u00bb font_container=\u00a0\u00bbtag:h2|text_align:center|color:%23000000&Prime; google_fonts=\u00a0\u00bbfont_family:Montserrat%3Aregular%2C700|font_style:700%20bold%20regular%3A700%3Anormal\u00a0\u00bb css=\u00a0\u00bb\u00a0\u00bb el_class=\u00a0\u00bbno-uppercase h2-title\u00a0\u00bb][\/vc_column][vc_column width=\u00a0\u00bb1\/12&Prime;][\/vc_column][\/vc_row][vc_row full_width=\u00a0\u00bbstretch_row_content_no_spaces\u00a0\u00bb css_animation=\u00a0\u00bbfadeInUp\u00a0\u00bb et_uniqid=\u00a0\u00bbet_custom_uniqid_5f64aa7de2f8e\u00a0\u00bb css=\u00a0\u00bb.vc_custom_1728285883586{margin-bottom: 0px !important;padding-bottom: 0px !important;}\u00a0\u00bb _et_uniqid=\u00a0\u00bbet_custom_uniqid_new_67038caf44576&Prime; css_xs=\u00a0\u00bb.vc_custom_1728285883587{padding-top: 20px !important;}\u00a0\u00bb][vc_column css_animation=\u00a0\u00bbfadeIn\u00a0\u00bb _et_uniqid=\u00a0\u00bbet_custom_uniqid_new_6139aafb52426&Prime;][vc_images_carousel images=\u00a0\u00bb9474,9475,9476,9477,9478&Prime; img_size=\u00a0\u00bbfull\u00a0\u00bb slides_per_view=\u00a0\u00bb5&Prime; autoplay=\u00a0\u00bbyes\u00a0\u00bb hide_pagination_control=\u00a0\u00bbyes\u00a0\u00bb wrap=\u00a0\u00bbyes\u00a0\u00bb css=\u00a0\u00bb\u00a0\u00bb][\/vc_column][\/vc_row]<\/p>\n<\/div>","protected":false},"excerpt":{"rendered":"<p>[vc_row full_width=\u00a0\u00bbstretch_row_content\u00a0\u00bb equal_height=\u00a0\u00bbyes\u00a0\u00bb css_animation=\u00a0\u00bbfadeIn\u00a0\u00bb et_uniqid=\u00a0\u00bbet_custom_uniqid_5ea344e21f01d\u00a0\u00bb _et_uniqid=\u00a0\u00bbet_custom_uniqid_new_67038bb885c8a\u00a0\u00bb css=\u00a0\u00bb.vc_custom_1728285651213{background-image: url(https:\/\/unave.es\/wp-content\/uploads\/2024\/10\/banner-fachadas.webp?id=8510) !important;background-position: center !important;background-repeat: no-repeat !important;background-size: cover !important;}\u00a0\u00bb][vc_column][vc_empty_space height=\u00a0\u00bb200px\u00a0\u00bb][vc_row_inner][vc_column_inner offset=\u00a0\u00bbvc_hidden-sm vc_hidden-xs\u00a0\u00bb _et_uniqid=\u00a0\u00bbet_custom_uniqid_new_675af0fc2508e\u00a0\u00bb][vc_column_text css_animation=\u00a0\u00bbfadeInUp\u00a0\u00bb&#8230;<\/p>\n","protected":false},"author":1,"featured_media":0,"parent":9079,"menu_order":0,"comment_status":"closed","ping_status":"closed","template":"","meta":{"_monsterinsights_skip_tracking":false,"_monsterinsights_sitenote_active":false,"_monsterinsights_sitenote_note":"","_monsterinsights_sitenote_category":0,"footnotes":""},"class_list":["post-9464","page","type-page","status-publish","hentry"],"yoast_head":"<!-- This site is optimized with the Yoast SEO plugin v26.8 - https:\/\/yoast.com\/product\/yoast-seo-wordpress\/ -->\n<title>Rev\u00eatement de fa\u00e7ades ext\u00e9rieures | Unave<\/title>\n<meta name=\"description\" content=\"Rev\u00eatement de fa\u00e7ades ext\u00e9rieures avec \u00e9l\u00e9ments composites et d\u00e9coratifs | Service professionnel | Large catalogue | Contactez-nous d\u00e8s aujourd\u2019hui\" \/>\n<meta name=\"robots\" content=\"index, follow, max-snippet:-1, max-image-preview:large, max-video-preview:-1\" \/>\n<link rel=\"canonical\" href=\"https:\/\/unave.es\/fr\/produits\/revetement-facades-exterieures\/\" \/>\n<meta property=\"og:locale\" content=\"fr_FR\" \/>\n<meta property=\"og:type\" content=\"article\" \/>\n<meta property=\"og:title\" content=\"Rev\u00eatement de fa\u00e7ades ext\u00e9rieures | Unave\" \/>\n<meta property=\"og:description\" content=\"Rev\u00eatement de fa\u00e7ades ext\u00e9rieures avec \u00e9l\u00e9ments composites et d\u00e9coratifs | Service professionnel | Large catalogue | Contactez-nous d\u00e8s aujourd\u2019hui\" \/>\n<meta property=\"og:url\" content=\"https:\/\/unave.es\/fr\/produits\/revetement-facades-exterieures\/\" \/>\n<meta property=\"og:site_name\" content=\"Unave\" \/>\n<meta property=\"article:modified_time\" content=\"2026-01-22T10:57:43+00:00\" \/>\n<meta name=\"twitter:card\" content=\"summary_large_image\" \/>\n<meta name=\"twitter:label1\" content=\"Dur\u00e9e de lecture estim\u00e9e\" \/>\n\t<meta name=\"twitter:data1\" content=\"3 minutes\" \/>\n<script type=\"application\/ld+json\" class=\"yoast-schema-graph\">{\"@context\":\"https:\/\/schema.org\",\"@graph\":[{\"@type\":\"WebPage\",\"@id\":\"https:\/\/unave.es\/fr\/produits\/revetement-facades-exterieures\/\",\"url\":\"https:\/\/unave.es\/fr\/produits\/revetement-facades-exterieures\/\",\"name\":\"Rev\u00eatement de fa\u00e7ades ext\u00e9rieures | Unave\",\"isPartOf\":{\"@id\":\"https:\/\/unave.es\/fr\/#website\"},\"datePublished\":\"2024-08-28T06:27:02+00:00\",\"dateModified\":\"2026-01-22T10:57:43+00:00\",\"description\":\"Rev\u00eatement de fa\u00e7ades ext\u00e9rieures avec \u00e9l\u00e9ments composites et d\u00e9coratifs | Service professionnel | Large catalogue | Contactez-nous d\u00e8s aujourd\u2019hui\",\"breadcrumb\":{\"@id\":\"https:\/\/unave.es\/fr\/produits\/revetement-facades-exterieures\/#breadcrumb\"},\"inLanguage\":\"fr-FR\",\"potentialAction\":[{\"@type\":\"ReadAction\",\"target\":[\"https:\/\/unave.es\/fr\/produits\/revetement-facades-exterieures\/\"]}]},{\"@type\":\"BreadcrumbList\",\"@id\":\"https:\/\/unave.es\/fr\/produits\/revetement-facades-exterieures\/#breadcrumb\",\"itemListElement\":[{\"@type\":\"ListItem\",\"position\":1,\"name\":\"Portada\",\"item\":\"https:\/\/unave.es\/fr\/\"},{\"@type\":\"ListItem\",\"position\":2,\"name\":\"Produits\",\"item\":\"https:\/\/unave.es\/fr\/produits\/\"},{\"@type\":\"ListItem\",\"position\":3,\"name\":\"Fa\u00e7ades\"}]},{\"@type\":\"WebSite\",\"@id\":\"https:\/\/unave.es\/fr\/#website\",\"url\":\"https:\/\/unave.es\/fr\/\",\"name\":\"Unave\",\"description\":\"\",\"potentialAction\":[{\"@type\":\"SearchAction\",\"target\":{\"@type\":\"EntryPoint\",\"urlTemplate\":\"https:\/\/unave.es\/fr\/?s={search_term_string}\"},\"query-input\":{\"@type\":\"PropertyValueSpecification\",\"valueRequired\":true,\"valueName\":\"search_term_string\"}}],\"inLanguage\":\"fr-FR\"}]}<\/script>\n<!-- \/ Yoast SEO plugin. -->","yoast_head_json":{"title":"Rev\u00eatement de fa\u00e7ades ext\u00e9rieures | Unave","description":"Rev\u00eatement de fa\u00e7ades ext\u00e9rieures avec \u00e9l\u00e9ments composites et d\u00e9coratifs | Service professionnel | Large catalogue | Contactez-nous d\u00e8s aujourd\u2019hui","robots":{"index":"index","follow":"follow","max-snippet":"max-snippet:-1","max-image-preview":"max-image-preview:large","max-video-preview":"max-video-preview:-1"},"canonical":"https:\/\/unave.es\/fr\/produits\/revetement-facades-exterieures\/","og_locale":"fr_FR","og_type":"article","og_title":"Rev\u00eatement de fa\u00e7ades ext\u00e9rieures | Unave","og_description":"Rev\u00eatement de fa\u00e7ades ext\u00e9rieures avec \u00e9l\u00e9ments composites et d\u00e9coratifs | Service professionnel | Large catalogue | Contactez-nous d\u00e8s aujourd\u2019hui","og_url":"https:\/\/unave.es\/fr\/produits\/revetement-facades-exterieures\/","og_site_name":"Unave","article_modified_time":"2026-01-22T10:57:43+00:00","twitter_card":"summary_large_image","twitter_misc":{"Dur\u00e9e de lecture estim\u00e9e":"3 minutes"},"schema":{"@context":"https:\/\/schema.org","@graph":[{"@type":"WebPage","@id":"https:\/\/unave.es\/fr\/produits\/revetement-facades-exterieures\/","url":"https:\/\/unave.es\/fr\/produits\/revetement-facades-exterieures\/","name":"Rev\u00eatement de fa\u00e7ades ext\u00e9rieures | Unave","isPartOf":{"@id":"https:\/\/unave.es\/fr\/#website"},"datePublished":"2024-08-28T06:27:02+00:00","dateModified":"2026-01-22T10:57:43+00:00","description":"Rev\u00eatement de fa\u00e7ades ext\u00e9rieures avec \u00e9l\u00e9ments composites et d\u00e9coratifs | Service professionnel | Large catalogue | Contactez-nous d\u00e8s aujourd\u2019hui","breadcrumb":{"@id":"https:\/\/unave.es\/fr\/produits\/revetement-facades-exterieures\/#breadcrumb"},"inLanguage":"fr-FR","potentialAction":[{"@type":"ReadAction","target":["https:\/\/unave.es\/fr\/produits\/revetement-facades-exterieures\/"]}]},{"@type":"BreadcrumbList","@id":"https:\/\/unave.es\/fr\/produits\/revetement-facades-exterieures\/#breadcrumb","itemListElement":[{"@type":"ListItem","position":1,"name":"Portada","item":"https:\/\/unave.es\/fr\/"},{"@type":"ListItem","position":2,"name":"Produits","item":"https:\/\/unave.es\/fr\/produits\/"},{"@type":"ListItem","position":3,"name":"Fa\u00e7ades"}]},{"@type":"WebSite","@id":"https:\/\/unave.es\/fr\/#website","url":"https:\/\/unave.es\/fr\/","name":"Unave","description":"","potentialAction":[{"@type":"SearchAction","target":{"@type":"EntryPoint","urlTemplate":"https:\/\/unave.es\/fr\/?s={search_term_string}"},"query-input":{"@type":"PropertyValueSpecification","valueRequired":true,"valueName":"search_term_string"}}],"inLanguage":"fr-FR"}]}},"_links":{"self":[{"href":"https:\/\/unave.es\/fr\/wp-json\/wp\/v2\/pages\/9464","targetHints":{"allow":["GET"]}}],"collection":[{"href":"https:\/\/unave.es\/fr\/wp-json\/wp\/v2\/pages"}],"about":[{"href":"https:\/\/unave.es\/fr\/wp-json\/wp\/v2\/types\/page"}],"author":[{"embeddable":true,"href":"https:\/\/unave.es\/fr\/wp-json\/wp\/v2\/users\/1"}],"replies":[{"embeddable":true,"href":"https:\/\/unave.es\/fr\/wp-json\/wp\/v2\/comments?post=9464"}],"version-history":[{"count":3,"href":"https:\/\/unave.es\/fr\/wp-json\/wp\/v2\/pages\/9464\/revisions"}],"predecessor-version":[{"id":9482,"href":"https:\/\/unave.es\/fr\/wp-json\/wp\/v2\/pages\/9464\/revisions\/9482"}],"up":[{"embeddable":true,"href":"https:\/\/unave.es\/fr\/wp-json\/wp\/v2\/pages\/9079"}],"wp:attachment":[{"href":"https:\/\/unave.es\/fr\/wp-json\/wp\/v2\/media?parent=9464"}],"curies":[{"name":"wp","href":"https:\/\/api.w.org\/{rel}","templated":true}]}}