{"id":9383,"date":"2024-08-27T13:34:33","date_gmt":"2024-08-27T11:34:33","guid":{"rendered":"https:\/\/unave.es\/produits\/protection-solaire\/"},"modified":"2026-01-22T12:03:22","modified_gmt":"2026-01-22T11:03:22","slug":"pergolas-bioclimatiques-sur-mesure","status":"publish","type":"page","link":"https:\/\/unave.es\/fr\/produits\/pergolas-bioclimatiques-sur-mesure\/","title":{"rendered":"Protection solaire"},"content":{"rendered":"<div class=\"wpb-content-wrapper\"><p>[vc_row full_width=\u00a0\u00bbstretch_row_content\u00a0\u00bb equal_height=\u00a0\u00bbyes\u00a0\u00bb css_animation=\u00a0\u00bbfadeIn\u00a0\u00bb et_uniqid=\u00a0\u00bbet_custom_uniqid_5ea344e21f01d\u00a0\u00bb _et_uniqid=\u00a0\u00bbet_custom_uniqid_new_670394f0a2cb0&Prime; css=\u00a0\u00bb.vc_custom_1728288011148{background-image: url(https:\/\/unave.es\/wp-content\/uploads\/2024\/10\/banner-proteccion-solar.webp?id=8523) !important;background-position: center !important;background-repeat: no-repeat !important;background-size: cover !important;}\u00a0\u00bb][vc_column][vc_empty_space height=\u00a0\u00bb200px\u00a0\u00bb][vc_column_text css_animation=\u00a0\u00bbfadeInUp\u00a0\u00bb css=\u00a0\u00bb.vc_custom_1725453448229{margin-bottom: 0px !important;}\u00a0\u00bb]<\/p>\n<p class=\"title-proteccion-solar\" style=\"text-align: center; color: #fff; font-size: 50px; line-height: 1;\"><strong>Protection<\/strong><\/p>\n<p>[\/vc_column_text][vc_column_text css_animation=\u00a0\u00bbfadeInUp\u00a0\u00bb css=\u00a0\u00bb.vc_custom_1725453460193{margin-bottom: 20px !important;}\u00a0\u00bb]<\/p>\n<p class=\"title-proteccion-solar\" style=\"text-align: center; color: #fff; font-size: 50px;\"><strong>solaire<\/strong><\/p>\n<p>[\/vc_column_text][vc_empty_space height=\u00a0\u00bb200px\u00a0\u00bb][\/vc_column][\/vc_row][vc_row css_animation=\u00a0\u00bbfadeIn\u00a0\u00bb et_uniqid=\u00a0\u00bbet_custom_uniqid_5ea316003328e\u00a0\u00bb css=\u00a0\u00bb.vc_custom_1724659247524{margin-top: 50px !important;margin-bottom: 60px !important;}\u00a0\u00bb _et_uniqid=\u00a0\u00bbet_custom_uniqid_new_66cc36258a319&Prime;][vc_column width=\u00a0\u00bb1\/12&Prime;][\/vc_column][vc_column width=\u00a0\u00bb10\/12&Prime;][vc_custom_heading text=\u00a0\u00bbPergolas bioclimatiques sur mesure, stores et plus pour vos espaces\u00a0\u00bb font_container=\u00a0\u00bbtag:h1|font_size:20px|text_align:center|color:%23000000&Prime; google_fonts=\u00a0\u00bbfont_family:Montserrat%3Aregular%2C700|font_style:700%20bold%20regular%3A700%3Anormal\u00a0\u00bb css=\u00a0\u00bb.vc_custom_1725543978518{margin-bottom: 20px !important;}\u00a0\u00bb el_class=\u00a0\u00bbno-uppercase\u00a0\u00bb][vc_column_text css=\u00a0\u00bb.vc_custom_1724759178374{margin-bottom: 20px !important;}\u00a0\u00bb]<\/p>\n<p style=\"text-align: center;\"><span style=\"font-weight: 400;\">Transformez vos espaces ext\u00e9rieurs en lieux de confort et de style gr\u00e2ce \u00e0 notre protection solaire de haute qualit\u00e9. Nous travaillons avec les produits<\/span> <b>Saxun <\/b><span style=\"font-weight: 400;\">pour garantir la qualit\u00e9 de notre travail. Nous proposons une large gamme d\u2019options de protection solaire, y compris des<\/span> <b>pergolas <\/b><b>bioclimatiques sur mesure, des stores, des brise-vent, des rideaux et stores int\u00e9rieurs, ainsi que des volets roulants<\/b><span style=\"font-weight: 400;\">. Laissez-nous prendre soin de vos espaces ext\u00e9rieurs et vous prot\u00e9ger des \u00e9l\u00e9ments en toutes circonstances.<\/span><\/p>\n<p>[\/vc_column_text][\/vc_column][vc_column width=\u00a0\u00bb1\/12&Prime;][\/vc_column][\/vc_row][vc_row full_width=\u00a0\u00bbstretch_row\u00a0\u00bb css_animation=\u00a0\u00bbnone\u00a0\u00bb et_uniqid=\u00a0\u00bbet_custom_uniqid_5ea316003328e\u00a0\u00bb css=\u00a0\u00bb.vc_custom_1725453474518{margin-top: 8px !important;margin-bottom: 60px !important;}\u00a0\u00bb _et_uniqid=\u00a0\u00bbet_custom_uniqid_new_66d8549b435e4&Prime;][vc_column][vc_custom_heading text=\u00a0\u00bbPergolas bioclimatiques sur mesure\u00a0\u00bb font_container=\u00a0\u00bbtag:h3|text_align:center|color:%23000000&Prime; google_fonts=\u00a0\u00bbfont_family:Open%20Sans%3A300%2C300italic%2Cregular%2Citalic%2C600%2C600italic%2C700%2C700italic%2C800%2C800italic|font_style:600%20bold%20regular%3A600%3Anormal\u00a0\u00bb css_animation=\u00a0\u00bbfadeInUp\u00a0\u00bb css=\u00a0\u00bb.vc_custom_1725453495025{margin-bottom: 40px !important;}\u00a0\u00bb el_class=\u00a0\u00bbno-uppercase h2-title\u00a0\u00bb][vc_row_inner][vc_column_inner width=\u00a0\u00bb1\/2&Prime; offset=\u00a0\u00bbvc_col-lg-4 vc_col-md-6&Prime; _et_uniqid=\u00a0\u00bbet_custom_uniqid_new_66d1b1c023620&Prime;][vc_single_image image=\u00a0\u00bb9394&Prime; img_size=\u00a0\u00bbfull\u00a0\u00bb alignment=\u00a0\u00bbcenter\u00a0\u00bb css=\u00a0\u00bb.vc_custom_1728287503636{margin-bottom: 10px !important;}\u00a0\u00bb][vc_custom_heading text=\u00a0\u00bb\u00c9l\u00e9gantes et fonctionnelles\u00a0\u00bb font_container=\u00a0\u00bbtag:h3|font_size:20px|text_align:left|color:%23000000&Prime; google_fonts=\u00a0\u00bbfont_family:Montserrat%3Aregular%2C700|font_style:700%20bold%20regular%3A700%3Anormal\u00a0\u00bb css=\u00a0\u00bb.vc_custom_1725544049165{margin-bottom: 10px !important;}\u00a0\u00bb el_class=\u00a0\u00bbno-uppercase text-center-responsive-767px\u00a0\u00bb][vc_column_text css=\u00a0\u00bb\u00a0\u00bb]<\/p>\n<p class=\"text-center-responsive-767px\"><span style=\"font-weight: 400; font-size: 14px;\">Nos pergolas bioclimatiques sont con\u00e7ues pour offrir des <strong>solutions \u00e0 la fois esth\u00e9tiques et fonctionnelles<\/strong> pour les espaces ext\u00e9rieurs. Elles permettent d\u2019atteindre l\u2019\u00e9quilibre parfait entre innovation technologique pour le confort thermique et design contemporain. <\/span><\/p>\n<p>[\/vc_column_text][\/vc_column_inner][vc_column_inner width=\u00a0\u00bb1\/2&Prime; offset=\u00a0\u00bbvc_col-lg-4 vc_col-md-6&Prime; _et_uniqid=\u00a0\u00bbet_custom_uniqid_new_66d1b1c985f1b\u00a0\u00bb][vc_single_image image=\u00a0\u00bb9395&Prime; img_size=\u00a0\u00bbfull\u00a0\u00bb alignment=\u00a0\u00bbcenter\u00a0\u00bb css=\u00a0\u00bb.vc_custom_1728287525472{margin-bottom: 10px !important;}\u00a0\u00bb][vc_custom_heading text=\u00a0\u00bbQualit\u00e9 maximale\u00a0\u00bb font_container=\u00a0\u00bbtag:h3|font_size:20px|text_align:left|color:%23000000&Prime; google_fonts=\u00a0\u00bbfont_family:Montserrat%3Aregular%2C700|font_style:700%20bold%20regular%3A700%3Anormal\u00a0\u00bb css=\u00a0\u00bb.vc_custom_1725544064095{margin-bottom: 10px !important;}\u00a0\u00bb el_class=\u00a0\u00bbno-uppercase text-center-responsive-767px\u00a0\u00bb][vc_column_text css=\u00a0\u00bb\u00a0\u00bb]<\/p>\n<p class=\"text-center-responsive-767px\"><span style=\"font-weight: 400; font-size: 14px;\">Fabriqu\u00e9es en aluminium extrud\u00e9, ces structures offrent des <strong>performances durables et fiables<\/strong>. De plus, elles disposent de certifications garantissant la confiance, la qualit\u00e9 et la durabilit\u00e9 de chaque produit. <\/span><\/p>\n<p>[\/vc_column_text][\/vc_column_inner][vc_column_inner width=\u00a0\u00bb1\/2&Prime; offset=\u00a0\u00bbvc_col-lg-4 vc_col-md-6&Prime; _et_uniqid=\u00a0\u00bbet_custom_uniqid_new_66d1b1d39757c\u00a0\u00bb][vc_single_image image=\u00a0\u00bb9396&Prime; img_size=\u00a0\u00bbfull\u00a0\u00bb alignment=\u00a0\u00bbcenter\u00a0\u00bb css=\u00a0\u00bb.vc_custom_1728287559611{margin-bottom: 10px !important;}\u00a0\u00bb][vc_custom_heading text=\u00a0\u00bbFermetures lat\u00e9rales\u00a0\u00bb font_container=\u00a0\u00bbtag:h3|font_size:20px|text_align:left|color:%23000000&Prime; google_fonts=\u00a0\u00bbfont_family:Montserrat%3Aregular%2C700|font_style:700%20bold%20regular%3A700%3Anormal\u00a0\u00bb css=\u00a0\u00bb.vc_custom_1725544082337{margin-bottom: 10px !important;}\u00a0\u00bb el_class=\u00a0\u00bbno-uppercase text-center-responsive-767px\u00a0\u00bb][vc_column_text css=\u00a0\u00bb\u00a0\u00bb]<\/p>\n<p class=\"text-center-responsive-767px\"><span style=\"font-weight: 400; font-size: 14px;\">Nous proposons la possibilit\u00e9 de <strong>fermer votre pergola<\/strong>, offrant ainsi une protection compl\u00e8te et une intimit\u00e9 totale dans votre espace ext\u00e9rieur. Les options incluent des rideaux en verre, des volets et des stores verticaux avec le syst\u00e8me ZIP, vous permettant de la personnaliser selon vos besoins. <\/span><\/p>\n<p>[\/vc_column_text][\/vc_column_inner][\/vc_row_inner][\/vc_column][\/vc_row][vc_row full_width=\u00a0\u00bbstretch_row_content\u00a0\u00bb css_animation=\u00a0\u00bbfadeInUp\u00a0\u00bb et_uniqid=\u00a0\u00bbet_custom_uniqid_5ea316003328e\u00a0\u00bb css=\u00a0\u00bb.vc_custom_1725453512247{margin-top: 8px !important;margin-bottom: 60px !important;}\u00a0\u00bb _et_uniqid=\u00a0\u00bbet_custom_uniqid_new_66d854c276d2a\u00a0\u00bb][vc_column][vc_row_inner _et_uniqid=\u00a0\u00bbet_custom_uniqid_new_66d1b522f1576&Prime; el_class=\u00a0\u00bbdiv-proteccion-solar-variedades\u00a0\u00bb][vc_column_inner offset=\u00a0\u00bbvc_col-lg-3 vc_col-md-6&Prime; _et_uniqid=\u00a0\u00bbet_custom_uniqid_new_66cdc4eacf696&Prime;][vc_single_image image=\u00a0\u00bb9389&Prime; img_size=\u00a0\u00bbfull\u00a0\u00bb alignment=\u00a0\u00bbcenter\u00a0\u00bb css=\u00a0\u00bb.vc_custom_1724761991124{margin-bottom: 10px !important;}\u00a0\u00bb][vc_custom_heading text=\u00a0\u00bbStores\u00a0\u00bb font_container=\u00a0\u00bbtag:h3|font_size:20px|text_align:left|color:%23000000&Prime; google_fonts=\u00a0\u00bbfont_family:Montserrat%3Aregular%2C700|font_style:700%20bold%20regular%3A700%3Anormal\u00a0\u00bb css=\u00a0\u00bb.vc_custom_1725544106557{margin-bottom: 10px !important;}\u00a0\u00bb el_class=\u00a0\u00bbno-uppercase text-center-responsive-991px\u00a0\u00bb][vc_column_text css=\u00a0\u00bb\u00a0\u00bb]<\/p>\n<p class=\"text-center-responsive-991px\"><span style=\"font-weight: 400; font-size: 14px;\">Notre large gamme de stores est con\u00e7ue pour r\u00e9pondre parfaitement aux besoins des terrasses r\u00e9sidentielles et commerciales.<\/span><\/p>\n<p>[\/vc_column_text][\/vc_column_inner][vc_column_inner offset=\u00a0\u00bbvc_col-lg-3 vc_col-md-6&Prime; _et_uniqid=\u00a0\u00bbet_custom_uniqid_new_66cdc5036406a\u00a0\u00bb][vc_single_image image=\u00a0\u00bb9390&Prime; img_size=\u00a0\u00bbfull\u00a0\u00bb alignment=\u00a0\u00bbcenter\u00a0\u00bb css=\u00a0\u00bb.vc_custom_1724762016425{margin-bottom: 10px !important;}\u00a0\u00bb][vc_custom_heading text=\u00a0\u00bbBrise-vent\u00a0\u00bb font_container=\u00a0\u00bbtag:h3|font_size:20px|text_align:left|color:%23000000&Prime; google_fonts=\u00a0\u00bbfont_family:Montserrat%3Aregular%2C700|font_style:700%20bold%20regular%3A700%3Anormal\u00a0\u00bb css=\u00a0\u00bb.vc_custom_1725544121918{margin-bottom: 10px !important;}\u00a0\u00bb el_class=\u00a0\u00bbno-uppercase text-center-responsive-991px\u00a0\u00bb][vc_column_text css=\u00a0\u00bb\u00a0\u00bb]<\/p>\n<p class=\"text-center-responsive-991px\"><span style=\"font-weight: 400; font-size: 14px;\">Avec fonctionnement motoris\u00e9, il permet de cr\u00e9er des environnements adaptables selon les conditions lumineuses et thermiques du moment.<\/span><\/p>\n<p>[\/vc_column_text][\/vc_column_inner][vc_column_inner offset=\u00a0\u00bbvc_col-lg-3 vc_col-md-6&Prime; _et_uniqid=\u00a0\u00bbet_custom_uniqid_new_66cdc50f21ec4&Prime;][vc_single_image image=\u00a0\u00bb9391&Prime; img_size=\u00a0\u00bbfull\u00a0\u00bb alignment=\u00a0\u00bbcenter\u00a0\u00bb css=\u00a0\u00bb.vc_custom_1724762047623{margin-bottom: 10px !important;}\u00a0\u00bb][vc_custom_heading text=\u00a0\u00bbRideaux et stores int\u00e9rieurs\u00a0\u00bb font_container=\u00a0\u00bbtag:h3|font_size:20px|text_align:left|color:%23000000&Prime; google_fonts=\u00a0\u00bbfont_family:Montserrat%3Aregular%2C700|font_style:700%20bold%20regular%3A700%3Anormal\u00a0\u00bb css=\u00a0\u00bb.vc_custom_1725544133383{margin-bottom: 10px !important;}\u00a0\u00bb el_class=\u00a0\u00bbno-uppercase text-center-responsive-991px\u00a0\u00bb][vc_column_text css=\u00a0\u00bb\u00a0\u00bb]<\/p>\n<p class=\"text-center-responsive-991px\"><span style=\"font-weight: 400; font-size: 14px;\">Des solutions qui garantissent confort et \u00e9conomies d\u2019\u00e9nergie tout en apportant intimit\u00e9 et style \u00e0 vos espaces.<\/span><\/p>\n<p>[\/vc_column_text][\/vc_column_inner][vc_column_inner offset=\u00a0\u00bbvc_col-lg-3 vc_col-md-6&Prime; _et_uniqid=\u00a0\u00bbet_custom_uniqid_new_66cdc51bd4583&Prime;][vc_single_image image=\u00a0\u00bb9392&Prime; img_size=\u00a0\u00bbfull\u00a0\u00bb alignment=\u00a0\u00bbcenter\u00a0\u00bb css=\u00a0\u00bb.vc_custom_1724762073252{margin-bottom: 10px !important;}\u00a0\u00bb][vc_custom_heading text=\u00a0\u00bbVolets roulants\u00a0\u00bb font_container=\u00a0\u00bbtag:h3|font_size:20px|text_align:left|color:%23000000&Prime; google_fonts=\u00a0\u00bbfont_family:Montserrat%3Aregular%2C700|font_style:700%20bold%20regular%3A700%3Anormal\u00a0\u00bb css=\u00a0\u00bb.vc_custom_1725544143969{margin-bottom: 10px !important;}\u00a0\u00bb el_class=\u00a0\u00bbno-uppercase text-center-responsive-991px\u00a0\u00bb][vc_column_text css=\u00a0\u00bb\u00a0\u00bb]<\/p>\n<p class=\"text-center-responsive-991px\"><span style=\"font-weight: 400; font-size: 14px;\">Fabriqu\u00e9s avec des mat\u00e9riaux de haute qualit\u00e9, ces volets offrent une protection solaire optimale et contribuent aux \u00e9conomies d\u2019\u00e9nergie.<\/span><\/p>\n<p>[\/vc_column_text][\/vc_column_inner][\/vc_row_inner][\/vc_column][\/vc_row][vc_row][vc_column][vc_empty_space height=\u00a0\u00bb50px\u00a0\u00bb][\/vc_column][\/vc_row][vc_row full_width=\u00a0\u00bbstretch_row_content\u00a0\u00bb _et_uniqid=\u00a0\u00bbet_custom_uniqid_new_66cdacb002e12&Prime;][vc_column width=\u00a0\u00bb1\/12&Prime;][\/vc_column][vc_column width=\u00a0\u00bb5\/12&Prime;][vc_single_image image=\u00a0\u00bb9397&Prime; img_size=\u00a0\u00bbfull\u00a0\u00bb alignment=\u00a0\u00bbcenter\u00a0\u00bb css_animation=\u00a0\u00bbfadeInUp\u00a0\u00bb css=\u00a0\u00bb\u00a0\u00bb][vc_custom_heading text=\u00a0\u00bbAutomatisation intelligente: Contr\u00f4lez votre protection solaire en un clic\u00a0\u00bb google_fonts=\u00a0\u00bbfont_family:Montserrat%3Aregular%2C700|font_style:700%20bold%20regular%3A700%3Anormal\u00a0\u00bb css=\u00a0\u00bb\u00a0\u00bb el_class=\u00a0\u00bbno-uppercase h2-title text-center-responsive-767px\u00a0\u00bb][vc_column_text css=\u00a0\u00bb\u00a0\u00bb]<\/p>\n<p class=\"text-center-responsive-767px\"><span style=\"font-weight: 400;\">Tous nos produits de protection solaire peuvent \u00eatre<\/span> <b>int\u00e9gr\u00e9s aux syst\u00e8mes Smart Home ou automatis\u00e9s<\/b> via des appareils, vous offrant un contr\u00f4le total et un confort in\u00e9gal\u00e9.<\/p>\n<p>[\/vc_column_text][\/vc_column][vc_column width=\u00a0\u00bb5\/12&Prime;][vc_single_image image=\u00a0\u00bb9398&Prime; img_size=\u00a0\u00bbfull\u00a0\u00bb alignment=\u00a0\u00bbcenter\u00a0\u00bb css_animation=\u00a0\u00bbfadeInUp\u00a0\u00bb css=\u00a0\u00bb\u00a0\u00bb][vc_custom_heading text=\u00a0\u00bbConception et fabrication sur mesure\u00a0\u00bb google_fonts=\u00a0\u00bbfont_family:Montserrat%3Aregular%2C700|font_style:700%20bold%20regular%3A700%3Anormal\u00a0\u00bb css=\u00a0\u00bb\u00a0\u00bb el_class=\u00a0\u00bbno-uppercase h2-title text-center-responsive-767px\u00a0\u00bb][vc_column_text css=\u00a0\u00bb\u00a0\u00bb]<\/p>\n<p class=\"text-center-responsive-767px\"><span style=\"font-weight: 400;\">Dans notre processus complet,<\/span> <b>nous concevons et fabriquons votre protection solaire<\/b> <span style=\"font-weight: 400;\">avec pr\u00e9cision et souci du d\u00e9tail, en veillant \u00e0 ce que chaque \u00e9l\u00e9ment s\u2019adapte parfaitement \u00e0 vos besoins et \u00e0 votre style de vie. De plus, nous assurons l\u2019installation compl\u00e8te de nos produits.<\/span><\/p>\n<p>[\/vc_column_text][\/vc_column][vc_column width=\u00a0\u00bb1\/12&Prime;][\/vc_column][\/vc_row][vc_row][vc_column][vc_empty_space height=\u00a0\u00bb50px\u00a0\u00bb][\/vc_column][\/vc_row][vc_row css_animation=\u00a0\u00bbnone\u00a0\u00bb et_uniqid=\u00a0\u00bbet_custom_uniqid_5f64aa7de2f8e\u00a0\u00bb css=\u00a0\u00bb.vc_custom_1728287716435{padding-top: 50px !important;padding-bottom: 10px !important;}\u00a0\u00bb _et_uniqid=\u00a0\u00bbet_custom_uniqid_new_670393da7ae10&Prime; css_xs=\u00a0\u00bb.vc_custom_1728287716435{padding-top: 20px !important;}\u00a0\u00bb][vc_column css_animation=\u00a0\u00bbfadeIn\u00a0\u00bb width=\u00a0\u00bb1\/12&Prime; _et_uniqid=\u00a0\u00bbet_custom_uniqid_new_6139aafb52426&Prime;][\/vc_column][vc_column width=\u00a0\u00bb10\/12&Prime;][vc_custom_heading text=\u00a0\u00bbNos projets de protection solaire\u00a0\u00bb font_container=\u00a0\u00bbtag:h2|text_align:center|color:%23000000&Prime; google_fonts=\u00a0\u00bbfont_family:Montserrat%3Aregular%2C700|font_style:700%20bold%20regular%3A700%3Anormal\u00a0\u00bb css=\u00a0\u00bb\u00a0\u00bb el_class=\u00a0\u00bbno-uppercase h2-title\u00a0\u00bb][\/vc_column][vc_column width=\u00a0\u00bb1\/12&Prime;][\/vc_column][\/vc_row][vc_row full_width=\u00a0\u00bbstretch_row_content_no_spaces\u00a0\u00bb css_animation=\u00a0\u00bbfadeInUp\u00a0\u00bb et_uniqid=\u00a0\u00bbet_custom_uniqid_5f64aa7de2f8e\u00a0\u00bb css=\u00a0\u00bb.vc_custom_1728287731974{margin-bottom: 0px !important;padding-bottom: 0px !important;}\u00a0\u00bb _et_uniqid=\u00a0\u00bbet_custom_uniqid_new_670393e9a49ea\u00a0\u00bb css_xs=\u00a0\u00bb.vc_custom_1728287731974{padding-top: 20px !important;}\u00a0\u00bb][vc_column css_animation=\u00a0\u00bbfadeIn\u00a0\u00bb _et_uniqid=\u00a0\u00bbet_custom_uniqid_new_6139aafb52426&Prime;][vc_images_carousel images=\u00a0\u00bb9399,9400,9401,9402,9403&Prime; img_size=\u00a0\u00bbfull\u00a0\u00bb slides_per_view=\u00a0\u00bb5&Prime; autoplay=\u00a0\u00bbyes\u00a0\u00bb hide_pagination_control=\u00a0\u00bbyes\u00a0\u00bb wrap=\u00a0\u00bbyes\u00a0\u00bb css=\u00a0\u00bb\u00a0\u00bb][\/vc_column][\/vc_row]<\/p>\n<\/div>","protected":false},"excerpt":{"rendered":"<p>[vc_row full_width=\u00a0\u00bbstretch_row_content\u00a0\u00bb equal_height=\u00a0\u00bbyes\u00a0\u00bb css_animation=\u00a0\u00bbfadeIn\u00a0\u00bb et_uniqid=\u00a0\u00bbet_custom_uniqid_5ea344e21f01d\u00a0\u00bb _et_uniqid=\u00a0\u00bbet_custom_uniqid_new_670394f0a2cb0&Prime; css=\u00a0\u00bb.vc_custom_1728288011148{background-image: url(https:\/\/unave.es\/wp-content\/uploads\/2024\/10\/banner-proteccion-solar.webp?id=8523) !important;background-position: center !important;background-repeat: no-repeat !important;background-size: cover !important;}\u00a0\u00bb][vc_column][vc_empty_space height=\u00a0\u00bb200px\u00a0\u00bb][vc_column_text css_animation=\u00a0\u00bbfadeInUp\u00a0\u00bb css=\u00a0\u00bb.vc_custom_1725453448229{margin-bottom: 0px !important;}\u00a0\u00bb]&#8230;<\/p>\n","protected":false},"author":1,"featured_media":0,"parent":9079,"menu_order":0,"comment_status":"closed","ping_status":"closed","template":"","meta":{"_monsterinsights_skip_tracking":false,"_monsterinsights_sitenote_active":false,"_monsterinsights_sitenote_note":"","_monsterinsights_sitenote_category":0,"footnotes":""},"class_list":["post-9383","page","type-page","status-publish","hentry"],"yoast_head":"<!-- This site is optimized with the Yoast SEO plugin v26.8 - https:\/\/yoast.com\/product\/yoast-seo-wordpress\/ -->\n<title>Protection solaire | Pergolas bioclimatiques sur mesure et plus | Unave<\/title>\n<meta name=\"description\" content=\"Protection solaire pour vos espaces | Pergolas bioclimatiques sur mesure \u00b7 Abris \u00b7 Brise-vent \u00b7 Stores \u00b7 Volets | Conception et installation\" \/>\n<meta name=\"robots\" content=\"index, follow, max-snippet:-1, max-image-preview:large, max-video-preview:-1\" \/>\n<link rel=\"canonical\" href=\"https:\/\/unave.es\/fr\/produits\/pergolas-bioclimatiques-sur-mesure\/\" \/>\n<meta property=\"og:locale\" content=\"fr_FR\" \/>\n<meta property=\"og:type\" content=\"article\" \/>\n<meta property=\"og:title\" content=\"Protection solaire | Pergolas bioclimatiques sur mesure et plus | Unave\" \/>\n<meta property=\"og:description\" content=\"Protection solaire pour vos espaces | Pergolas bioclimatiques sur mesure \u00b7 Abris \u00b7 Brise-vent \u00b7 Stores \u00b7 Volets | Conception et installation\" \/>\n<meta property=\"og:url\" content=\"https:\/\/unave.es\/fr\/produits\/pergolas-bioclimatiques-sur-mesure\/\" \/>\n<meta property=\"og:site_name\" content=\"Unave\" \/>\n<meta property=\"article:modified_time\" content=\"2026-01-22T11:03:22+00:00\" \/>\n<meta name=\"twitter:card\" content=\"summary_large_image\" \/>\n<meta name=\"twitter:label1\" content=\"Dur\u00e9e de lecture estim\u00e9e\" \/>\n\t<meta name=\"twitter:data1\" content=\"4 minutes\" \/>\n<script type=\"application\/ld+json\" class=\"yoast-schema-graph\">{\"@context\":\"https:\/\/schema.org\",\"@graph\":[{\"@type\":\"WebPage\",\"@id\":\"https:\/\/unave.es\/fr\/produits\/pergolas-bioclimatiques-sur-mesure\/\",\"url\":\"https:\/\/unave.es\/fr\/produits\/pergolas-bioclimatiques-sur-mesure\/\",\"name\":\"Protection solaire | Pergolas bioclimatiques sur mesure et plus | Unave\",\"isPartOf\":{\"@id\":\"https:\/\/unave.es\/fr\/#website\"},\"datePublished\":\"2024-08-27T11:34:33+00:00\",\"dateModified\":\"2026-01-22T11:03:22+00:00\",\"description\":\"Protection solaire pour vos espaces | Pergolas bioclimatiques sur mesure \u00b7 Abris \u00b7 Brise-vent \u00b7 Stores \u00b7 Volets | Conception et installation\",\"breadcrumb\":{\"@id\":\"https:\/\/unave.es\/fr\/produits\/pergolas-bioclimatiques-sur-mesure\/#breadcrumb\"},\"inLanguage\":\"fr-FR\",\"potentialAction\":[{\"@type\":\"ReadAction\",\"target\":[\"https:\/\/unave.es\/fr\/produits\/pergolas-bioclimatiques-sur-mesure\/\"]}]},{\"@type\":\"BreadcrumbList\",\"@id\":\"https:\/\/unave.es\/fr\/produits\/pergolas-bioclimatiques-sur-mesure\/#breadcrumb\",\"itemListElement\":[{\"@type\":\"ListItem\",\"position\":1,\"name\":\"Portada\",\"item\":\"https:\/\/unave.es\/fr\/\"},{\"@type\":\"ListItem\",\"position\":2,\"name\":\"Produits\",\"item\":\"https:\/\/unave.es\/fr\/produits\/\"},{\"@type\":\"ListItem\",\"position\":3,\"name\":\"Protection solaire\"}]},{\"@type\":\"WebSite\",\"@id\":\"https:\/\/unave.es\/fr\/#website\",\"url\":\"https:\/\/unave.es\/fr\/\",\"name\":\"Unave\",\"description\":\"\",\"potentialAction\":[{\"@type\":\"SearchAction\",\"target\":{\"@type\":\"EntryPoint\",\"urlTemplate\":\"https:\/\/unave.es\/fr\/?s={search_term_string}\"},\"query-input\":{\"@type\":\"PropertyValueSpecification\",\"valueRequired\":true,\"valueName\":\"search_term_string\"}}],\"inLanguage\":\"fr-FR\"}]}<\/script>\n<!-- \/ Yoast SEO plugin. -->","yoast_head_json":{"title":"Protection solaire | Pergolas bioclimatiques sur mesure et plus | Unave","description":"Protection solaire pour vos espaces | Pergolas bioclimatiques sur mesure \u00b7 Abris \u00b7 Brise-vent \u00b7 Stores \u00b7 Volets | Conception et installation","robots":{"index":"index","follow":"follow","max-snippet":"max-snippet:-1","max-image-preview":"max-image-preview:large","max-video-preview":"max-video-preview:-1"},"canonical":"https:\/\/unave.es\/fr\/produits\/pergolas-bioclimatiques-sur-mesure\/","og_locale":"fr_FR","og_type":"article","og_title":"Protection solaire | Pergolas bioclimatiques sur mesure et plus | Unave","og_description":"Protection solaire pour vos espaces | Pergolas bioclimatiques sur mesure \u00b7 Abris \u00b7 Brise-vent \u00b7 Stores \u00b7 Volets | Conception et installation","og_url":"https:\/\/unave.es\/fr\/produits\/pergolas-bioclimatiques-sur-mesure\/","og_site_name":"Unave","article_modified_time":"2026-01-22T11:03:22+00:00","twitter_card":"summary_large_image","twitter_misc":{"Dur\u00e9e de lecture estim\u00e9e":"4 minutes"},"schema":{"@context":"https:\/\/schema.org","@graph":[{"@type":"WebPage","@id":"https:\/\/unave.es\/fr\/produits\/pergolas-bioclimatiques-sur-mesure\/","url":"https:\/\/unave.es\/fr\/produits\/pergolas-bioclimatiques-sur-mesure\/","name":"Protection solaire | Pergolas bioclimatiques sur mesure et plus | Unave","isPartOf":{"@id":"https:\/\/unave.es\/fr\/#website"},"datePublished":"2024-08-27T11:34:33+00:00","dateModified":"2026-01-22T11:03:22+00:00","description":"Protection solaire pour vos espaces | Pergolas bioclimatiques sur mesure \u00b7 Abris \u00b7 Brise-vent \u00b7 Stores \u00b7 Volets | Conception et installation","breadcrumb":{"@id":"https:\/\/unave.es\/fr\/produits\/pergolas-bioclimatiques-sur-mesure\/#breadcrumb"},"inLanguage":"fr-FR","potentialAction":[{"@type":"ReadAction","target":["https:\/\/unave.es\/fr\/produits\/pergolas-bioclimatiques-sur-mesure\/"]}]},{"@type":"BreadcrumbList","@id":"https:\/\/unave.es\/fr\/produits\/pergolas-bioclimatiques-sur-mesure\/#breadcrumb","itemListElement":[{"@type":"ListItem","position":1,"name":"Portada","item":"https:\/\/unave.es\/fr\/"},{"@type":"ListItem","position":2,"name":"Produits","item":"https:\/\/unave.es\/fr\/produits\/"},{"@type":"ListItem","position":3,"name":"Protection solaire"}]},{"@type":"WebSite","@id":"https:\/\/unave.es\/fr\/#website","url":"https:\/\/unave.es\/fr\/","name":"Unave","description":"","potentialAction":[{"@type":"SearchAction","target":{"@type":"EntryPoint","urlTemplate":"https:\/\/unave.es\/fr\/?s={search_term_string}"},"query-input":{"@type":"PropertyValueSpecification","valueRequired":true,"valueName":"search_term_string"}}],"inLanguage":"fr-FR"}]}},"_links":{"self":[{"href":"https:\/\/unave.es\/fr\/wp-json\/wp\/v2\/pages\/9383","targetHints":{"allow":["GET"]}}],"collection":[{"href":"https:\/\/unave.es\/fr\/wp-json\/wp\/v2\/pages"}],"about":[{"href":"https:\/\/unave.es\/fr\/wp-json\/wp\/v2\/types\/page"}],"author":[{"embeddable":true,"href":"https:\/\/unave.es\/fr\/wp-json\/wp\/v2\/users\/1"}],"replies":[{"embeddable":true,"href":"https:\/\/unave.es\/fr\/wp-json\/wp\/v2\/comments?post=9383"}],"version-history":[{"count":4,"href":"https:\/\/unave.es\/fr\/wp-json\/wp\/v2\/pages\/9383\/revisions"}],"predecessor-version":[{"id":9802,"href":"https:\/\/unave.es\/fr\/wp-json\/wp\/v2\/pages\/9383\/revisions\/9802"}],"up":[{"embeddable":true,"href":"https:\/\/unave.es\/fr\/wp-json\/wp\/v2\/pages\/9079"}],"wp:attachment":[{"href":"https:\/\/unave.es\/fr\/wp-json\/wp\/v2\/media?parent=9383"}],"curies":[{"name":"wp","href":"https:\/\/api.w.org\/{rel}","templated":true}]}}