{"id":9290,"date":"2024-08-27T11:54:29","date_gmt":"2024-08-27T09:54:29","guid":{"rendered":"https:\/\/unave.es\/produits\/portes-de-garage\/"},"modified":"2026-01-22T12:07:36","modified_gmt":"2026-01-22T11:07:36","slug":"portes-de-garage-motorisees","status":"publish","type":"page","link":"https:\/\/unave.es\/fr\/produits\/portes-de-garage-motorisees\/","title":{"rendered":"Portes de garage"},"content":{"rendered":"<div class=\"wpb-content-wrapper\"><p>[vc_row full_width=\u00a0\u00bbstretch_row_content\u00a0\u00bb equal_height=\u00a0\u00bbyes\u00a0\u00bb css_animation=\u00a0\u00bbfadeIn\u00a0\u00bb et_uniqid=\u00a0\u00bbet_custom_uniqid_5ea344e21f01d\u00a0\u00bb _et_uniqid=\u00a0\u00bbet_custom_uniqid_new_66cda2c795040&Prime; css=\u00a0\u00bb.vc_custom_1724752684665{background-image: url(https:\/\/unave.es\/wp-content\/uploads\/2024\/08\/banner-puertas-de-garaje.webp?id=7740) !important;background-position: center !important;background-repeat: no-repeat !important;background-size: cover !important;}\u00a0\u00bb][vc_column][vc_empty_space height=\u00a0\u00bb200px\u00a0\u00bb][vc_row_inner][vc_column_inner offset=\u00a0\u00bbvc_hidden-sm vc_hidden-xs\u00a0\u00bb _et_uniqid=\u00a0\u00bbet_custom_uniqid_new_675ad0bdc036d\u00a0\u00bb][vc_column_text css_animation=\u00a0\u00bbfadeInUp\u00a0\u00bb css=\u00a0\u00bb\u00a0\u00bb]<\/p>\n<h1 class=\"h1-title-pc\" style=\"text-align: center;\">Portes de garage motoris\u00e9es<br \/>Plus de confort et de s\u00e9curit\u00e9<\/h1>\n<p>[\/vc_column_text][\/vc_column_inner][\/vc_row_inner][vc_row_inner][vc_column_inner offset=\u00a0\u00bbvc_hidden-lg vc_hidden-md\u00a0\u00bb _et_uniqid=\u00a0\u00bbet_custom_uniqid_new_675ad0d72f7f2&Prime;][vc_column_text css_animation=\u00a0\u00bbfadeInUp\u00a0\u00bb css=\u00a0\u00bb\u00a0\u00bb]<\/p>\n<h1 class=\"h1-title-responsive\" style=\"text-align: center;\">Portes de garage motoris\u00e9es: plus de confort et de s\u00e9curit\u00e9<\/h1>\n<p>[\/vc_column_text][\/vc_column_inner][\/vc_row_inner][vc_empty_space height=\u00a0\u00bb200px\u00a0\u00bb][\/vc_column][\/vc_row][vc_row css_animation=\u00a0\u00bbfadeIn\u00a0\u00bb et_uniqid=\u00a0\u00bbet_custom_uniqid_5ea316003328e\u00a0\u00bb css=\u00a0\u00bb.vc_custom_1724659247524{margin-top: 50px !important;margin-bottom: 60px !important;}\u00a0\u00bb _et_uniqid=\u00a0\u00bbet_custom_uniqid_new_66cc36258a319&Prime;][vc_column width=\u00a0\u00bb1\/12&Prime;][\/vc_column][vc_column width=\u00a0\u00bb10\/12&Prime;][vc_column_text css=\u00a0\u00bb.vc_custom_1724752700604{margin-bottom: 20px !important;}\u00a0\u00bb]<\/p>\n<p style=\"text-align: center; color: #000; font-size: 20px;\"><b>Ouvrez la porte \u00e0 la commodit\u00e9 avec nos portes de garage.<\/b><\/p>\n<p>[\/vc_column_text][vc_column_text css=\u00a0\u00bb.vc_custom_1724752710596{margin-bottom: 20px !important;}\u00a0\u00bb]<\/p>\n<p style=\"text-align: center;\"><span style=\"font-weight: 400;\">Chez Unave, nous travaillons avec la c\u00e9l\u00e8bre marque<\/span> <b>H\u00f6rmann <\/b><span style=\"font-weight: 400;\">pour proposer des<\/span> <b>portes de garage motoris\u00e9es<\/b> <span style=\"font-weight: 400;\">de la plus haute qualit\u00e9. Nous offrons une large vari\u00e9t\u00e9 d\u2019options de design, allant des diff\u00e9rentes formes et mat\u00e9riaux aux syst\u00e8mes de verrouillage avanc\u00e9s. De plus, nous proposons des<\/span> <b>portes pi\u00e9tonnes assorties<\/b> <span style=\"font-weight: 400;\">pour une fa\u00e7ade harmonieuse.<\/span><\/p>\n<p>[\/vc_column_text][\/vc_column][vc_column width=\u00a0\u00bb1\/12&Prime;][\/vc_column][\/vc_row][vc_row full_width=\u00a0\u00bbstretch_row\u00a0\u00bb css_animation=\u00a0\u00bbnone\u00a0\u00bb et_uniqid=\u00a0\u00bbet_custom_uniqid_5ea316003328e\u00a0\u00bb css=\u00a0\u00bb.vc_custom_1725450871808{margin-top: 8px !important;}\u00a0\u00bb _et_uniqid=\u00a0\u00bbet_custom_uniqid_new_66d84a7241f6e\u00a0\u00bb][vc_column][vc_single_image image=\u00a0\u00bb9014&Prime; img_size=\u00a0\u00bb220&#215;51&Prime; alignment=\u00a0\u00bbcenter\u00a0\u00bb css_animation=\u00a0\u00bbfadeInUp\u00a0\u00bb css=\u00a0\u00bb.vc_custom_1725450881655{margin-bottom: 0px !important;}\u00a0\u00bb][vc_custom_heading text=\u00a0\u00bbPortes de garage motoris\u00e9es H\u00d6RMANN\u00a0\u00bb font_container=\u00a0\u00bbtag:h2|text_align:center|color:%23000000&Prime; google_fonts=\u00a0\u00bbfont_family:Montserrat%3Aregular%2C700|font_style:700%20bold%20regular%3A700%3Anormal\u00a0\u00bb css_animation=\u00a0\u00bbfadeInUp\u00a0\u00bb css=\u00a0\u00bb.vc_custom_1725542925925{margin-bottom: 40px !important;}\u00a0\u00bb el_class=\u00a0\u00bbno-uppercase h2-title\u00a0\u00bb][\/vc_column][\/vc_row][vc_row equal_height=\u00a0\u00bbyes\u00a0\u00bb _et_uniqid=\u00a0\u00bbet_custom_uniqid_new_66d58938921ba\u00a0\u00bb el_class=\u00a0\u00bbgrid-puertas-garaje-1seccion\u00a0\u00bb][vc_column width=\u00a0\u00bb1\/2&Prime; offset=\u00a0\u00bbvc_col-lg-4 vc_col-md-4 vc_col-xs-12&Prime; _et_uniqid=\u00a0\u00bbet_custom_uniqid_new_66d6d6b8a06be\u00a0\u00bb][vc_single_image image=\u00a0\u00bb9291&Prime; img_size=\u00a0\u00bbfull\u00a0\u00bb alignment=\u00a0\u00bbcenter\u00a0\u00bb css=\u00a0\u00bb.vc_custom_1724752883873{margin-bottom: 10px !important;}\u00a0\u00bb][vc_custom_heading text=\u00a0\u00bbPortes de garage sectionnelles\u00a0\u00bb font_container=\u00a0\u00bbtag:h4|font_size:20px|text_align:left|color:%23000000&Prime; google_fonts=\u00a0\u00bbfont_family:Montserrat%3Aregular%2C700|font_style:700%20bold%20regular%3A700%3Anormal\u00a0\u00bb css=\u00a0\u00bb.vc_custom_1725542939551{margin-bottom: 10px !important;}\u00a0\u00bb el_class=\u00a0\u00bbno-uppercase text-center-responsive-767px\u00a0\u00bb][vc_column_text css=\u00a0\u00bb\u00a0\u00bb]<\/p>\n<p class=\"text-center-responsive-767px\"><span style=\"font-weight: 400; font-size: 14px;\">Elles s\u2019ouvrent verticalement et glissent sous le plafond pour maximiser l\u2019espace. Elles offrent jusqu\u2019\u00e0 14 cm de largeur de passage suppl\u00e9mentaire par rapport aux portes basculantes et sont con\u00e7ues pour s\u2019adapter \u00e0 toutes les ouvertures de garage. <\/span><\/p>\n<p class=\"text-center-responsive-767px\"><a style=\"font-size: 14px; text-decoration: underline;\" href=\"https:\/\/www.hormann.es\/gama-residencial\/puertas-de-garaje\/puertas-seccionales-de-garaje\/\" target=\"_blank\" rel=\"noopener\">PLUS D&rsquo;INFORMATIONS<\/a><\/p>\n<p>[\/vc_column_text][\/vc_column][vc_column width=\u00a0\u00bb1\/2&Prime; offset=\u00a0\u00bbvc_col-lg-4 vc_col-md-4 vc_col-xs-12&Prime; _et_uniqid=\u00a0\u00bbet_custom_uniqid_new_66d6d6d33eda7&Prime;][vc_single_image image=\u00a0\u00bb9292&Prime; img_size=\u00a0\u00bbfull\u00a0\u00bb alignment=\u00a0\u00bbcenter\u00a0\u00bb css=\u00a0\u00bb.vc_custom_1724752909051{margin-bottom: 10px !important;}\u00a0\u00bb][vc_custom_heading text=\u00a0\u00bbPortes de garage enroulables\u00a0\u00bb font_container=\u00a0\u00bbtag:h4|font_size:20px|text_align:left|color:%23000000&Prime; google_fonts=\u00a0\u00bbfont_family:Montserrat%3Aregular%2C700|font_style:700%20bold%20regular%3A700%3Anormal\u00a0\u00bb css=\u00a0\u00bb.vc_custom_1725542951712{margin-bottom: 10px !important;}\u00a0\u00bb el_class=\u00a0\u00bbno-uppercase text-center-responsive-767px\u00a0\u00bb][vc_column_text css=\u00a0\u00bb\u00a0\u00bb]<\/p>\n<p class=\"text-center-responsive-767px\"><span style=\"font-weight: 400; font-size: 14px;\">Elles s\u2019ouvrent verticalement et prennent un minimum de place dans le garage. Elles offrent une flexibilit\u00e9 maximale d\u2019installation et sont disponibles dans diff\u00e9rentes finitions pour s\u2019harmoniser avec l\u2019architecture de votre maison. <\/span><\/p>\n<p class=\"text-center-responsive-767px\"><a style=\"font-size: 14px; text-decoration: underline;\" href=\"https:\/\/www.hormann.es\/gama-residencial\/puertas-de-garaje\/puertas-de-garaje-rollmatic\/\" target=\"_blank\" rel=\"noopener\">PLUS D&rsquo;INFORMATIONS<\/a><\/p>\n<p>[\/vc_column_text][\/vc_column][vc_column width=\u00a0\u00bb1\/2&Prime; offset=\u00a0\u00bbvc_col-lg-4 vc_col-md-4 vc_col-xs-12&Prime; _et_uniqid=\u00a0\u00bbet_custom_uniqid_new_66d6d6e02bae0&Prime;][vc_single_image image=\u00a0\u00bb9293&Prime; img_size=\u00a0\u00bbfull\u00a0\u00bb alignment=\u00a0\u00bbcenter\u00a0\u00bb css=\u00a0\u00bb.vc_custom_1724752944434{margin-bottom: 10px !important;}\u00a0\u00bb][vc_custom_heading text=\u00a0\u00bbPortes de garage sectionnelles lat\u00e9rales\u00a0\u00bb font_container=\u00a0\u00bbtag:h4|font_size:20px|text_align:left|color:%23000000&Prime; google_fonts=\u00a0\u00bbfont_family:Montserrat%3Aregular%2C700|font_style:700%20bold%20regular%3A700%3Anormal\u00a0\u00bb css=\u00a0\u00bb.vc_custom_1725542967474{margin-bottom: 10px !important;}\u00a0\u00bb el_class=\u00a0\u00bbno-uppercase text-center-responsive-767px\u00a0\u00bb][vc_column_text css=\u00a0\u00bb\u00a0\u00bb]<\/p>\n<p class=\"text-center-responsive-767px\"><span style=\"font-weight: 400; font-size: 14px;\">Id\u00e9al pour les petits espaces. Elles s&rsquo;ouvrent lat\u00e9ralement, ce qui les rend parfaites pour les situations o\u00f9 il n&rsquo;est pas possible d&rsquo;ouvrir la porte horizontalement. <\/span><\/p>\n<p class=\"text-center-responsive-767px\"><a style=\"font-size: 14px; text-decoration: underline;\" href=\"https:\/\/www.hormann.es\/gama-residencial\/puertas-de-garaje\/puerta-seccional-lateral\/\" target=\"_blank\" rel=\"noopener\">PLUS D&rsquo;INFORMATIONS<\/a><\/p>\n<p>[\/vc_column_text][\/vc_column][vc_column width=\u00a0\u00bb1\/2&Prime; offset=\u00a0\u00bbvc_col-lg-4 vc_col-md-4 vc_col-xs-12&Prime; _et_uniqid=\u00a0\u00bbet_custom_uniqid_new_66d6d70903aa0&Prime;][vc_single_image image=\u00a0\u00bb9294&Prime; img_size=\u00a0\u00bbfull\u00a0\u00bb alignment=\u00a0\u00bbcenter\u00a0\u00bb css=\u00a0\u00bb.vc_custom_1725355415937{margin-bottom: 10px !important;}\u00a0\u00bb][vc_custom_heading text=\u00a0\u00bbPortes de garage industrielles\u00a0\u00bb font_container=\u00a0\u00bbtag:h4|font_size:20px|text_align:left|color:%23000000&Prime; google_fonts=\u00a0\u00bbfont_family:Montserrat%3Aregular%2C700|font_style:700%20bold%20regular%3A700%3Anormal\u00a0\u00bb css=\u00a0\u00bb.vc_custom_1725542981102{margin-bottom: 10px !important;}\u00a0\u00bb el_class=\u00a0\u00bbno-uppercase text-center-responsive-767px\u00a0\u00bb][vc_column_text css=\u00a0\u00bb\u00a0\u00bb]<\/p>\n<p class=\"text-center-responsive-767px\"><span style=\"font-weight: 400; font-size: 14px;\">Elles s\u2019ouvrent verticalement, empilant leurs panneaux derri\u00e8re le linteau pour maximiser l\u2019espace. Elles peuvent \u00eatre adapt\u00e9es \u00e0 diff\u00e9rents types de constructions et sont fabriqu\u00e9es \u00e0 partir de mat\u00e9riaux tels que l\u2019acier et l\u2019aluminium, garantissant durabilit\u00e9, s\u00e9curit\u00e9 et efficacit\u00e9 \u00e9nerg\u00e9tique. <\/span><\/p>\n<p class=\"text-center-responsive-767px\"><a style=\"font-size: 14px; text-decoration: underline;\" target=\"_blank\" rel=\"noopener\">M\u00c1S INFORMACI\u00d3N<\/a><\/p>\n<p>[\/vc_column_text][\/vc_column][\/vc_row][vc_row][vc_column][vc_empty_space height=\u00a0\u00bb100px\u00a0\u00bb][\/vc_column][\/vc_row][vc_row full_width=\u00a0\u00bbstretch_row_content\u00a0\u00bb content_placement=\u00a0\u00bbmiddle\u00a0\u00bb _et_uniqid=\u00a0\u00bbet_custom_uniqid_new_66cd84b6ec967&Prime;][vc_column width=\u00a0\u00bb2\/12&Prime;][\/vc_column][vc_column _et_uniqid=\u00a0\u00bbet_custom_uniqid_new_66d1a060877ae\u00a0\u00bb offset=\u00a0\u00bbvc_col-lg-5 vc_col-md-12&Prime;][vc_single_image image=\u00a0\u00bb9296&Prime; img_size=\u00a0\u00bbfull\u00a0\u00bb alignment=\u00a0\u00bbcenter\u00a0\u00bb css_animation=\u00a0\u00bbfadeInUp\u00a0\u00bb css=\u00a0\u00bb.vc_custom_1734005377402{margin-bottom: 15px !important;}\u00a0\u00bb][\/vc_column][vc_column offset=\u00a0\u00bbvc_col-lg-3 vc_col-md-12&Prime; _et_uniqid=\u00a0\u00bbet_custom_uniqid_new_66d1a08f0bbbd\u00a0\u00bb][vc_row_inner][vc_column_inner offset=\u00a0\u00bbvc_hidden-md vc_hidden-sm vc_hidden-xs\u00a0\u00bb _et_uniqid=\u00a0\u00bbet_custom_uniqid_new_66d9c5562ec65&Prime;][vc_column_text css_animation=\u00a0\u00bbfadeInRight\u00a0\u00bb css=\u00a0\u00bb\u00a0\u00bb]<\/p>\n<h2 class=\"h2-title-puertas-garaje\">Automatisez votre<br \/>porte de garage<\/h2>\n<p>[\/vc_column_text][\/vc_column_inner][\/vc_row_inner][vc_row_inner][vc_column_inner offset=\u00a0\u00bbvc_hidden-lg\u00a0\u00bb _et_uniqid=\u00a0\u00bbet_custom_uniqid_new_66d9c59379e89&Prime;][vc_column_text css_animation=\u00a0\u00bbfadeInUp\u00a0\u00bb css=\u00a0\u00bb\u00a0\u00bb]<\/p>\n<h2 class=\"h2-title-puertas-garaje\" style=\"text-align: center;\">Automatisez votre porte de garage<\/h2>\n<p>[\/vc_column_text][\/vc_column_inner][\/vc_row_inner][vc_column_text css_animation=\u00a0\u00bbfadeInRight\u00a0\u00bb css=\u00a0\u00bb.vc_custom_1725450937150{margin-bottom: 20px !important;}\u00a0\u00bb]<\/p>\n<p class=\"text-center-responsive-1199px\" style=\"text-align: left;\"><span style=\"font-weight: 400;\">Personne n\u2019aime devoir sortir de sa voiture par mauvais temps juste pour ouvrir le garage. Avec nos<\/span> syst\u00e8mes d\u2019automatisation de portes de garage<span style=\"font-weight: 400;\">, vous pouvez ouvrir votre porte rapidement, confortablement et en toute s\u00e9curit\u00e9 depuis votre v\u00e9hicule \u00e0 l\u2019aide de la t\u00e9l\u00e9commande. Nous proposons une vari\u00e9t\u00e9 d\u2019options d\u2019automatisation adapt\u00e9es \u00e0 vos besoins, apportant innovation et confort \u00e0 votre domicile.<\/span><\/p>\n<p>[\/vc_column_text][\/vc_column][vc_column width=\u00a0\u00bb2\/12&Prime;][\/vc_column][\/vc_row][vc_row][vc_column][vc_empty_space height=\u00a0\u00bb100px\u00a0\u00bb][\/vc_column][\/vc_row][vc_row full_width=\u00a0\u00bbstretch_row_content\u00a0\u00bb _et_uniqid=\u00a0\u00bbet_custom_uniqid_new_66cdacb002e12&Prime;][vc_column width=\u00a0\u00bb1\/12&Prime;][\/vc_column][vc_column width=\u00a0\u00bb5\/12&Prime;][vc_single_image image=\u00a0\u00bb9297&Prime; img_size=\u00a0\u00bbfull\u00a0\u00bb alignment=\u00a0\u00bbcenter\u00a0\u00bb css_animation=\u00a0\u00bbfadeInUp\u00a0\u00bb css=\u00a0\u00bb\u00a0\u00bb][vc_custom_heading text=\u00a0\u00bbS\u00e9curit\u00e9 maximale pour votre porte de garage\u00a0\u00bb google_fonts=\u00a0\u00bbfont_family:Montserrat%3Aregular%2C700|font_style:700%20bold%20regular%3A700%3Anormal\u00a0\u00bb css=\u00a0\u00bb\u00a0\u00bb el_class=\u00a0\u00bbno-uppercase h2-title text-center-responsive-767px\u00a0\u00bb][vc_column_text css=\u00a0\u00bb\u00a0\u00bb]<\/p>\n<p class=\"text-center-responsive-767px\"><span style=\"font-weight: 400;\">Int\u00e9gr\u00e9es \u00e0 l\u2019interface HCP,<\/span> <b>nos portes de garage peuvent se connecter aux syst\u00e8mes Smart Home<\/b> <span style=\"font-weight: 400;\">externes pour plus de commodit\u00e9 et de s\u00e9curit\u00e9. Contr\u00f4lez votre porte de n\u2019importe o\u00f9 gr\u00e2ce \u00e0 l\u2019acc\u00e8s \u00e0 distance. De plus, nos syst\u00e8mes sont test\u00e9s et certifi\u00e9s selon les normes de s\u00e9curit\u00e9 europ\u00e9ennes.<\/span><\/p>\n<p>[\/vc_column_text][\/vc_column][vc_column width=\u00a0\u00bb5\/12&Prime;][vc_single_image image=\u00a0\u00bb9305&Prime; img_size=\u00a0\u00bbfull\u00a0\u00bb alignment=\u00a0\u00bbcenter\u00a0\u00bb css_animation=\u00a0\u00bbfadeInUp\u00a0\u00bb css=\u00a0\u00bb\u00a0\u00bb][vc_custom_heading text=\u00a0\u00bbNous installons votre porte de garage avec la plus haute qualit\u00e9\u00a0\u00bb google_fonts=\u00a0\u00bbfont_family:Montserrat%3Aregular%2C700|font_style:700%20bold%20regular%3A700%3Anormal\u00a0\u00bb css=\u00a0\u00bb\u00a0\u00bb el_class=\u00a0\u00bbno-uppercase h2-title text-center-responsive-767px\u00a0\u00bb][vc_column_text css=\u00a0\u00bb\u00a0\u00bb]<\/p>\n<p class=\"text-center-responsive-767px\"><span style=\"font-weight: 400;\">Nous sommes sp\u00e9cialis\u00e9s dans l\u2019installation de portes de garage, garantissant un service professionnel et une satisfaction client compl\u00e8te. Faites-nous confiance pour un assemblage parfait. <\/span><\/p>\n<p>[\/vc_column_text][\/vc_column][vc_column width=\u00a0\u00bb1\/12&Prime;][\/vc_column][\/vc_row][vc_row][vc_column][vc_empty_space height=\u00a0\u00bb50px\u00a0\u00bb][\/vc_column][\/vc_row][vc_row css_animation=\u00a0\u00bbnone\u00a0\u00bb et_uniqid=\u00a0\u00bbet_custom_uniqid_5f64aa7de2f8e\u00a0\u00bb css=\u00a0\u00bb.vc_custom_1728282580507{padding-top: 50px !important;padding-bottom: 10px !important;}\u00a0\u00bb _et_uniqid=\u00a0\u00bbet_custom_uniqid_new_67037fa668bf0&Prime; css_xs=\u00a0\u00bb.vc_custom_1728282580507{padding-top: 20px !important;}\u00a0\u00bb][vc_column css_animation=\u00a0\u00bbfadeIn\u00a0\u00bb width=\u00a0\u00bb1\/12&Prime; _et_uniqid=\u00a0\u00bbet_custom_uniqid_new_6139aafb52426&Prime;][\/vc_column][vc_column width=\u00a0\u00bb10\/12&Prime;][vc_custom_heading text=\u00a0\u00bbNos projets de portes de garage\u00a0\u00bb font_container=\u00a0\u00bbtag:h2|text_align:center|color:%23000000&Prime; google_fonts=\u00a0\u00bbfont_family:Montserrat%3Aregular%2C700|font_style:700%20bold%20regular%3A700%3Anormal\u00a0\u00bb css=\u00a0\u00bb\u00a0\u00bb el_class=\u00a0\u00bbno-uppercase h2-title\u00a0\u00bb][\/vc_column][vc_column width=\u00a0\u00bb1\/12&Prime;][\/vc_column][\/vc_row][vc_row full_width=\u00a0\u00bbstretch_row_content_no_spaces\u00a0\u00bb css_animation=\u00a0\u00bbfadeInUp\u00a0\u00bb et_uniqid=\u00a0\u00bbet_custom_uniqid_5f64aa7de2f8e\u00a0\u00bb css=\u00a0\u00bb.vc_custom_1728282426803{margin-bottom: 0px !important;padding-bottom: 0px !important;}\u00a0\u00bb _et_uniqid=\u00a0\u00bbet_custom_uniqid_new_67037f292562d\u00a0\u00bb css_xs=\u00a0\u00bb.vc_custom_1728282426804{padding-top: 20px !important;}\u00a0\u00bb][vc_column css_animation=\u00a0\u00bbfadeIn\u00a0\u00bb _et_uniqid=\u00a0\u00bbet_custom_uniqid_new_6139aafb52426&Prime;][vc_images_carousel images=\u00a0\u00bb9300,9301,9302,9303,9304&Prime; img_size=\u00a0\u00bbfull\u00a0\u00bb slides_per_view=\u00a0\u00bb5&Prime; autoplay=\u00a0\u00bbyes\u00a0\u00bb hide_pagination_control=\u00a0\u00bbyes\u00a0\u00bb wrap=\u00a0\u00bbyes\u00a0\u00bb css=\u00a0\u00bb\u00a0\u00bb][\/vc_column][\/vc_row]<\/p>\n<\/div>","protected":false},"excerpt":{"rendered":"<p>[vc_row full_width=\u00a0\u00bbstretch_row_content\u00a0\u00bb equal_height=\u00a0\u00bbyes\u00a0\u00bb css_animation=\u00a0\u00bbfadeIn\u00a0\u00bb et_uniqid=\u00a0\u00bbet_custom_uniqid_5ea344e21f01d\u00a0\u00bb _et_uniqid=\u00a0\u00bbet_custom_uniqid_new_66cda2c795040&Prime; css=\u00a0\u00bb.vc_custom_1724752684665{background-image: url(https:\/\/unave.es\/wp-content\/uploads\/2024\/08\/banner-puertas-de-garaje.webp?id=7740) !important;background-position: center !important;background-repeat: no-repeat !important;background-size: cover !important;}\u00a0\u00bb][vc_column][vc_empty_space height=\u00a0\u00bb200px\u00a0\u00bb][vc_row_inner][vc_column_inner offset=\u00a0\u00bbvc_hidden-sm vc_hidden-xs\u00a0\u00bb _et_uniqid=\u00a0\u00bbet_custom_uniqid_new_675ad0bdc036d\u00a0\u00bb][vc_column_text css_animation=\u00a0\u00bbfadeInUp\u00a0\u00bb&#8230;<\/p>\n","protected":false},"author":1,"featured_media":0,"parent":9079,"menu_order":0,"comment_status":"closed","ping_status":"closed","template":"","meta":{"_monsterinsights_skip_tracking":false,"_monsterinsights_sitenote_active":false,"_monsterinsights_sitenote_note":"","_monsterinsights_sitenote_category":0,"footnotes":""},"class_list":["post-9290","page","type-page","status-publish","hentry"],"yoast_head":"<!-- This site is optimized with the Yoast SEO plugin v26.8 - https:\/\/yoast.com\/product\/yoast-seo-wordpress\/ -->\n<title>Portes de garage motoris\u00e9es | Conception, fabrication et installation | Unave<\/title>\n<meta name=\"description\" content=\"Portes de garage motoris\u00e9es | Conception et installation | Sectionnelles \u00b7 Enroulables \u00b7 Coulissantes \u00b7 Pi\u00e9tonnes | H\u00f6rmann\" \/>\n<meta name=\"robots\" content=\"index, follow, max-snippet:-1, max-image-preview:large, max-video-preview:-1\" \/>\n<link rel=\"canonical\" href=\"https:\/\/unave.es\/fr\/produits\/portes-de-garage-motorisees\/\" \/>\n<meta property=\"og:locale\" content=\"fr_FR\" \/>\n<meta property=\"og:type\" content=\"article\" \/>\n<meta property=\"og:title\" content=\"Portes de garage motoris\u00e9es | Conception, fabrication et installation | Unave\" \/>\n<meta property=\"og:description\" content=\"Portes de garage motoris\u00e9es | Conception et installation | Sectionnelles \u00b7 Enroulables \u00b7 Coulissantes \u00b7 Pi\u00e9tonnes | H\u00f6rmann\" \/>\n<meta property=\"og:url\" content=\"https:\/\/unave.es\/fr\/produits\/portes-de-garage-motorisees\/\" \/>\n<meta property=\"og:site_name\" content=\"Unave\" \/>\n<meta property=\"article:modified_time\" content=\"2026-01-22T11:07:36+00:00\" \/>\n<meta name=\"twitter:card\" content=\"summary_large_image\" \/>\n<meta name=\"twitter:label1\" content=\"Dur\u00e9e de lecture estim\u00e9e\" \/>\n\t<meta name=\"twitter:data1\" content=\"4 minutes\" \/>\n<script type=\"application\/ld+json\" class=\"yoast-schema-graph\">{\"@context\":\"https:\/\/schema.org\",\"@graph\":[{\"@type\":\"WebPage\",\"@id\":\"https:\/\/unave.es\/fr\/produits\/portes-de-garage-motorisees\/\",\"url\":\"https:\/\/unave.es\/fr\/produits\/portes-de-garage-motorisees\/\",\"name\":\"Portes de garage motoris\u00e9es | Conception, fabrication et installation | Unave\",\"isPartOf\":{\"@id\":\"https:\/\/unave.es\/fr\/#website\"},\"datePublished\":\"2024-08-27T09:54:29+00:00\",\"dateModified\":\"2026-01-22T11:07:36+00:00\",\"description\":\"Portes de garage motoris\u00e9es | Conception et installation | Sectionnelles \u00b7 Enroulables \u00b7 Coulissantes \u00b7 Pi\u00e9tonnes | H\u00f6rmann\",\"breadcrumb\":{\"@id\":\"https:\/\/unave.es\/fr\/produits\/portes-de-garage-motorisees\/#breadcrumb\"},\"inLanguage\":\"fr-FR\",\"potentialAction\":[{\"@type\":\"ReadAction\",\"target\":[\"https:\/\/unave.es\/fr\/produits\/portes-de-garage-motorisees\/\"]}]},{\"@type\":\"BreadcrumbList\",\"@id\":\"https:\/\/unave.es\/fr\/produits\/portes-de-garage-motorisees\/#breadcrumb\",\"itemListElement\":[{\"@type\":\"ListItem\",\"position\":1,\"name\":\"Portada\",\"item\":\"https:\/\/unave.es\/fr\/\"},{\"@type\":\"ListItem\",\"position\":2,\"name\":\"Produits\",\"item\":\"https:\/\/unave.es\/fr\/produits\/\"},{\"@type\":\"ListItem\",\"position\":3,\"name\":\"Portes de garage\"}]},{\"@type\":\"WebSite\",\"@id\":\"https:\/\/unave.es\/fr\/#website\",\"url\":\"https:\/\/unave.es\/fr\/\",\"name\":\"Unave\",\"description\":\"\",\"potentialAction\":[{\"@type\":\"SearchAction\",\"target\":{\"@type\":\"EntryPoint\",\"urlTemplate\":\"https:\/\/unave.es\/fr\/?s={search_term_string}\"},\"query-input\":{\"@type\":\"PropertyValueSpecification\",\"valueRequired\":true,\"valueName\":\"search_term_string\"}}],\"inLanguage\":\"fr-FR\"}]}<\/script>\n<!-- \/ Yoast SEO plugin. -->","yoast_head_json":{"title":"Portes de garage motoris\u00e9es | Conception, fabrication et installation | Unave","description":"Portes de garage motoris\u00e9es | Conception et installation | Sectionnelles \u00b7 Enroulables \u00b7 Coulissantes \u00b7 Pi\u00e9tonnes | H\u00f6rmann","robots":{"index":"index","follow":"follow","max-snippet":"max-snippet:-1","max-image-preview":"max-image-preview:large","max-video-preview":"max-video-preview:-1"},"canonical":"https:\/\/unave.es\/fr\/produits\/portes-de-garage-motorisees\/","og_locale":"fr_FR","og_type":"article","og_title":"Portes de garage motoris\u00e9es | Conception, fabrication et installation | Unave","og_description":"Portes de garage motoris\u00e9es | Conception et installation | Sectionnelles \u00b7 Enroulables \u00b7 Coulissantes \u00b7 Pi\u00e9tonnes | H\u00f6rmann","og_url":"https:\/\/unave.es\/fr\/produits\/portes-de-garage-motorisees\/","og_site_name":"Unave","article_modified_time":"2026-01-22T11:07:36+00:00","twitter_card":"summary_large_image","twitter_misc":{"Dur\u00e9e de lecture estim\u00e9e":"4 minutes"},"schema":{"@context":"https:\/\/schema.org","@graph":[{"@type":"WebPage","@id":"https:\/\/unave.es\/fr\/produits\/portes-de-garage-motorisees\/","url":"https:\/\/unave.es\/fr\/produits\/portes-de-garage-motorisees\/","name":"Portes de garage motoris\u00e9es | Conception, fabrication et installation | Unave","isPartOf":{"@id":"https:\/\/unave.es\/fr\/#website"},"datePublished":"2024-08-27T09:54:29+00:00","dateModified":"2026-01-22T11:07:36+00:00","description":"Portes de garage motoris\u00e9es | Conception et installation | Sectionnelles \u00b7 Enroulables \u00b7 Coulissantes \u00b7 Pi\u00e9tonnes | H\u00f6rmann","breadcrumb":{"@id":"https:\/\/unave.es\/fr\/produits\/portes-de-garage-motorisees\/#breadcrumb"},"inLanguage":"fr-FR","potentialAction":[{"@type":"ReadAction","target":["https:\/\/unave.es\/fr\/produits\/portes-de-garage-motorisees\/"]}]},{"@type":"BreadcrumbList","@id":"https:\/\/unave.es\/fr\/produits\/portes-de-garage-motorisees\/#breadcrumb","itemListElement":[{"@type":"ListItem","position":1,"name":"Portada","item":"https:\/\/unave.es\/fr\/"},{"@type":"ListItem","position":2,"name":"Produits","item":"https:\/\/unave.es\/fr\/produits\/"},{"@type":"ListItem","position":3,"name":"Portes de garage"}]},{"@type":"WebSite","@id":"https:\/\/unave.es\/fr\/#website","url":"https:\/\/unave.es\/fr\/","name":"Unave","description":"","potentialAction":[{"@type":"SearchAction","target":{"@type":"EntryPoint","urlTemplate":"https:\/\/unave.es\/fr\/?s={search_term_string}"},"query-input":{"@type":"PropertyValueSpecification","valueRequired":true,"valueName":"search_term_string"}}],"inLanguage":"fr-FR"}]}},"_links":{"self":[{"href":"https:\/\/unave.es\/fr\/wp-json\/wp\/v2\/pages\/9290","targetHints":{"allow":["GET"]}}],"collection":[{"href":"https:\/\/unave.es\/fr\/wp-json\/wp\/v2\/pages"}],"about":[{"href":"https:\/\/unave.es\/fr\/wp-json\/wp\/v2\/types\/page"}],"author":[{"embeddable":true,"href":"https:\/\/unave.es\/fr\/wp-json\/wp\/v2\/users\/1"}],"replies":[{"embeddable":true,"href":"https:\/\/unave.es\/fr\/wp-json\/wp\/v2\/comments?post=9290"}],"version-history":[{"count":4,"href":"https:\/\/unave.es\/fr\/wp-json\/wp\/v2\/pages\/9290\/revisions"}],"predecessor-version":[{"id":9805,"href":"https:\/\/unave.es\/fr\/wp-json\/wp\/v2\/pages\/9290\/revisions\/9805"}],"up":[{"embeddable":true,"href":"https:\/\/unave.es\/fr\/wp-json\/wp\/v2\/pages\/9079"}],"wp:attachment":[{"href":"https:\/\/unave.es\/fr\/wp-json\/wp\/v2\/media?parent=9290"}],"curies":[{"name":"wp","href":"https:\/\/api.w.org\/{rel}","templated":true}]}}