{"id":9152,"date":"2024-08-26T13:52:19","date_gmt":"2024-08-26T11:52:19","guid":{"rendered":"https:\/\/unave.es\/produits\/fenetres\/"},"modified":"2026-04-29T17:01:21","modified_gmt":"2026-04-29T15:01:21","slug":"fenetres-sur-mesure","status":"publish","type":"page","link":"https:\/\/unave.es\/fr\/produits\/fenetres-sur-mesure\/","title":{"rendered":"Fen\u00eatres"},"content":{"rendered":"<div class=\"wpb-content-wrapper\"><p>[vc_row full_width=\u00a0\u00bbstretch_row_content\u00a0\u00bb equal_height=\u00a0\u00bbyes\u00a0\u00bb css_animation=\u00a0\u00bbfadeIn\u00a0\u00bb et_uniqid=\u00a0\u00bbet_custom_uniqid_5ea344e21f01d\u00a0\u00bb _et_uniqid=\u00a0\u00bbet_custom_uniqid_new_67077aca51873&Prime; css=\u00a0\u00bb.vc_custom_1728543463843{background-image: url(https:\/\/unave.es\/wp-content\/uploads\/2024\/10\/banner-ventanas.webp?id=8768) !important;background-position: center !important;background-repeat: no-repeat !important;background-size: cover !important;}\u00a0\u00bb][vc_column _et_uniqid=\u00a0\u00bbet_custom_uniqid_new_675abf8e77f0d\u00a0\u00bb][vc_empty_space height=\u00a0\u00bb200px\u00a0\u00bb][vc_row_inner][vc_column_inner offset=\u00a0\u00bbvc_hidden-sm vc_hidden-xs\u00a0\u00bb _et_uniqid=\u00a0\u00bbet_custom_uniqid_new_675abfa5394bf\u00a0\u00bb][vc_column_text css_animation=\u00a0\u00bbfadeInUp\u00a0\u00bb css=\u00a0\u00bb\u00a0\u00bb]<\/p>\n<h1 class=\"h1-title-pc\" style=\"text-align: center;\">Fen\u00eatres sur mesure : Votre vision,<br \/>\nNotre r\u00e9alit\u00e9<\/h1>\n<p>[\/vc_column_text][\/vc_column_inner][\/vc_row_inner][vc_row_inner][vc_column_inner offset=\u00a0\u00bbvc_hidden-lg vc_hidden-md\u00a0\u00bb _et_uniqid=\u00a0\u00bbet_custom_uniqid_new_675abfb293d4e\u00a0\u00bb][vc_column_text css_animation=\u00a0\u00bbfadeInUp\u00a0\u00bb css=\u00a0\u00bb\u00a0\u00bb]<\/p>\n<h1 class=\"h1-title-responsive\" style=\"text-align: center;\">Fen\u00eatres sur mesure : votre vision, notre r\u00e9alit\u00e9<\/h1>\n<p>[\/vc_column_text][\/vc_column_inner][\/vc_row_inner][vc_empty_space height=\u00a0\u00bb200px\u00a0\u00bb][\/vc_column][\/vc_row][vc_row css_animation=\u00a0\u00bbfadeIn\u00a0\u00bb et_uniqid=\u00a0\u00bbet_custom_uniqid_5ea316003328e\u00a0\u00bb css=\u00a0\u00bb.vc_custom_1724659247524{margin-top: 50px !important;margin-bottom: 60px !important;}\u00a0\u00bb _et_uniqid=\u00a0\u00bbet_custom_uniqid_new_66cc36258a319&Prime;][vc_column width=\u00a0\u00bb1\/12&Prime;][\/vc_column][vc_column css_animation=\u00a0\u00bbfadeIn\u00a0\u00bb width=\u00a0\u00bb10\/12&Prime; _et_uniqid=\u00a0\u00bbet_custom_uniqid_new_66d845cc9569e\u00a0\u00bb][vc_column_text css=\u00a0\u00bb.vc_custom_1725284454013{margin-bottom: 0px !important;}\u00a0\u00bb]<\/p>\n<p style=\"text-align: center; color: #000; font-size: 20px;\"><b>Nous concevons et r\u00e9alisons des fen\u00eatres sur mesure<\/b><\/p>\n<p>[\/vc_column_text][vc_column_text css=\u00a0\u00bb.vc_custom_1725284393710{margin-bottom: 20px !important;}\u00a0\u00bb]<\/p>\n<p style=\"text-align: center; color: #000; font-size: 20px;\"><b>pour donner vie \u00e0 vos projets.<\/b><\/p>\n<p>[\/vc_column_text][vc_column_text css=\u00a0\u00bb.vc_custom_1724673812833{margin-bottom: 20px !important;}\u00a0\u00bb]<\/p>\n<p style=\"text-align: center;\"><span style=\"font-weight: 400;\">Nous proposons<\/span> <b>des fen\u00eatres sur mesure<\/b> <span style=\"font-weight: 400;\">sp\u00e9cialement con\u00e7ues pour vos espaces. Nous nous chargeons de la<\/span> <b>conception, de la fabrication et de l\u2019installation<\/b><span style=\"font-weight: 400;\">, garantissant un processus complet et efficace. Nous travaillons avec une large gamme de produits<\/span> Finstral et Technal<span style=\"font-weight: 400;\">, ce qui nous permet de vous offrir un catalogue illimit\u00e9 d\u2019options pour trouver la fen\u00eatre parfaite. De plus, nous fournissons un accompagnement personnalis\u00e9 pour vous aider \u00e0 choisir la meilleure solution pour vos besoins.<\/span><\/p>\n<p>[\/vc_column_text][\/vc_column][vc_column width=\u00a0\u00bb1\/12&Prime;][\/vc_column][\/vc_row][vc_row full_width=\u00a0\u00bbstretch_row\u00a0\u00bb css_animation=\u00a0\u00bbnone\u00a0\u00bb et_uniqid=\u00a0\u00bbet_custom_uniqid_5ea316003328e\u00a0\u00bb css=\u00a0\u00bb.vc_custom_1725449830731{margin-top: 8px !important;margin-bottom: 60px !important;}\u00a0\u00bb _et_uniqid=\u00a0\u00bbet_custom_uniqid_new_66d8465c0ed3e\u00a0\u00bb][vc_column][vc_custom_heading text=\u00a0\u00bbNos fen\u00eatres sur mesure\u00a0\u00bb font_container=\u00a0\u00bbtag:h2|text_align:center|color:%23000000&Prime; google_fonts=\u00a0\u00bbfont_family:Montserrat%3Aregular%2C700|font_style:700%20bold%20regular%3A700%3Anormal\u00a0\u00bb css_animation=\u00a0\u00bbfadeInUp\u00a0\u00bb css=\u00a0\u00bb.vc_custom_1725541532415{margin-bottom: 20px !important;}\u00a0\u00bb el_class=\u00a0\u00bbno-uppercase h2-title\u00a0\u00bb][vc_single_image image=\u00a0\u00bb9013&Prime; img_size=\u00a0\u00bb200&#215;48&Prime; alignment=\u00a0\u00bbcenter\u00a0\u00bb css_animation=\u00a0\u00bbfadeInUp\u00a0\u00bb css=\u00a0\u00bb.vc_custom_1725449860517{margin-bottom: 0px !important;}\u00a0\u00bb][vc_separator css=\u00a0\u00bb\u00a0\u00bb][vc_row_inner equal_height=\u00a0\u00bbyes\u00a0\u00bb _et_uniqid=\u00a0\u00bbet_custom_uniqid_new_6703a5574eb22&Prime;][vc_column_inner width=\u00a0\u00bb1\/2&Prime; offset=\u00a0\u00bbvc_col-lg-4 vc_col-md-4 vc_col-xs-12&Prime; _et_uniqid=\u00a0\u00bbet_custom_uniqid_new_66d6ac70e2099&Prime;][vc_single_image image=\u00a0\u00bb9172&Prime; img_size=\u00a0\u00bbfull\u00a0\u00bb alignment=\u00a0\u00bbcenter\u00a0\u00bb css=\u00a0\u00bb.vc_custom_1725285578484{margin-bottom: 10px !important;}\u00a0\u00bb][vc_custom_heading text=\u00a0\u00bbFen\u00eatres PVC\u00a0\u00bb font_container=\u00a0\u00bbtag:h3|font_size:20px|text_align:center|color:%23000000&Prime; google_fonts=\u00a0\u00bbfont_family:Montserrat%3Aregular%2C700|font_style:700%20bold%20regular%3A700%3Anormal\u00a0\u00bb css=\u00a0\u00bb.vc_custom_1725541561539{margin-bottom: 10px !important;}\u00a0\u00bb el_class=\u00a0\u00bbno-uppercase text-center-responsive-991px\u00a0\u00bb][vc_column_text css=\u00a0\u00bb\u00a0\u00bb]<\/p>\n<p class=\"text-center-responsive-991px\" style=\"text-align: center;\"><span style=\"font-weight: 400; font-size: 14px;\">Haute efficacit\u00e9 \u00e9nerg\u00e9tique, entretien facile et durabilit\u00e9, avec des standards de qualit\u00e9 propri\u00e9taires.<\/span><\/p>\n<p class=\"text-center-responsive-991px\" style=\"text-align: center;\"><a style=\"font-size: 14px; text-decoration: underline;\" href=\"https:\/\/www.finstral.com\/fr\/fen%C3%AAtres\/la-diversit%C3%A9-des-fen%C3%AAtres\/fen%C3%AAtres-et-portes-fen%C3%AAtres-en-pvc\/24-0.html\" target=\"_blank\" rel=\"noopener\">PLUS D&rsquo;INFORMATIONS<\/a><\/p>\n<p>[\/vc_column_text][\/vc_column_inner][vc_column_inner width=\u00a0\u00bb1\/2&Prime; offset=\u00a0\u00bbvc_col-lg-4 vc_col-md-4 vc_col-xs-12&Prime; _et_uniqid=\u00a0\u00bbet_custom_uniqid_new_66d6aca2439dd\u00a0\u00bb][vc_single_image image=\u00a0\u00bb9173&Prime; img_size=\u00a0\u00bbfull\u00a0\u00bb alignment=\u00a0\u00bbcenter\u00a0\u00bb css=\u00a0\u00bb.vc_custom_1725285717524{margin-bottom: 10px !important;}\u00a0\u00bb][vc_custom_heading text=\u00a0\u00bbFen\u00eatres Aluminium-PVC\u00a0\u00bb font_container=\u00a0\u00bbtag:h3|font_size:20px|text_align:center|color:%23000000&Prime; google_fonts=\u00a0\u00bbfont_family:Montserrat%3Aregular%2C700|font_style:700%20bold%20regular%3A700%3Anormal\u00a0\u00bb css=\u00a0\u00bb.vc_custom_1725541827985{margin-bottom: 10px !important;}\u00a0\u00bb el_class=\u00a0\u00bbno-uppercase text-center-responsive-991px\u00a0\u00bb][vc_column_text css=\u00a0\u00bb\u00a0\u00bb]<\/p>\n<p class=\"text-center-responsive-991px\" style=\"text-align: center;\"><span style=\"font-weight: 400; font-size: 14px;\">La r\u00e9sistance de l\u2019aluminium \u00e0 l\u2019ext\u00e9rieur combin\u00e9e \u00e0 l\u2019isolation du PVC \u00e0 l\u2019int\u00e9rieur, enti\u00e8rement recyclable.<\/span><\/p>\n<p class=\"text-center-responsive-991px\" style=\"text-align: center;\"><a style=\"font-size: 14px; text-decoration: underline;\" href=\"https:\/\/www.finstral.com\/fr\/fen%C3%AAtres\/la-diversit%C3%A9-des-fen%C3%AAtres\/fen%C3%AAtres-et-portes-fen%C3%AAtres-en-pvc-aluminium\/161-0.html\" target=\"_blank\" rel=\"noopener\">PLUS D&rsquo;INFORMATIONS<\/a><\/p>\n<p>[\/vc_column_text][\/vc_column_inner][vc_column_inner width=\u00a0\u00bb1\/2&Prime; offset=\u00a0\u00bbvc_col-lg-4 vc_col-md-4 vc_col-xs-12&Prime; _et_uniqid=\u00a0\u00bbet_custom_uniqid_new_66d6acb3973b1&Prime;][vc_single_image image=\u00a0\u00bb9174&Prime; img_size=\u00a0\u00bbfull\u00a0\u00bb alignment=\u00a0\u00bbcenter\u00a0\u00bb css=\u00a0\u00bb.vc_custom_1725285816703{margin-bottom: 10px !important;}\u00a0\u00bb][vc_custom_heading text=\u00a0\u00bbFen\u00eatres Aluminium\u00a0\u00bb font_container=\u00a0\u00bbtag:h3|font_size:20px|text_align:center|color:%23000000&Prime; google_fonts=\u00a0\u00bbfont_family:Montserrat%3Aregular%2C700|font_style:700%20bold%20regular%3A700%3Anormal\u00a0\u00bb css=\u00a0\u00bb.vc_custom_1725541841227{margin-bottom: 10px !important;}\u00a0\u00bb el_class=\u00a0\u00bbno-uppercase text-center-responsive-991px\u00a0\u00bb][vc_column_text css=\u00a0\u00bb\u00a0\u00bb]<\/p>\n<p class=\"text-center-responsive-991px\" style=\"text-align: center;\"><span style=\"font-weight: 400; font-size: 14px;\">Profils fins avec une excellente isolation thermique, personnalisables en couleurs et en d\u00e9tails.<\/span><\/p>\n<p class=\"text-center-responsive-991px\" style=\"text-align: center;\"><a style=\"font-size: 14px; text-decoration: underline;\" href=\"https:\/\/www.finstral.com\/fr\/fen%C3%AAtres\/la-diversit%C3%A9-des-fen%C3%AAtres\/fen%C3%AAtres-et-portes-en-aluminium\/26-0.html\" target=\"_blank\" rel=\"noopener\">PLUS D&rsquo;INFORMATIONS<\/a><\/p>\n<p>[\/vc_column_text][\/vc_column_inner][vc_column_inner width=\u00a0\u00bb1\/2&Prime; offset=\u00a0\u00bbvc_col-lg-4 vc_col-md-4 vc_col-xs-12&Prime; _et_uniqid=\u00a0\u00bbet_custom_uniqid_new_66d6ad155e37e\u00a0\u00bb][vc_single_image image=\u00a0\u00bb9175&Prime; img_size=\u00a0\u00bbfull\u00a0\u00bb alignment=\u00a0\u00bbcenter\u00a0\u00bb css=\u00a0\u00bb.vc_custom_1725285930688{margin-bottom: 10px !important;}\u00a0\u00bb][vc_custom_heading text=\u00a0\u00bbFen\u00eatres en bois\u00a0\u00bb font_container=\u00a0\u00bbtag:h3|font_size:20px|text_align:center|color:%23000000&Prime; google_fonts=\u00a0\u00bbfont_family:Montserrat%3Aregular%2C700|font_style:700%20bold%20regular%3A700%3Anormal\u00a0\u00bb css=\u00a0\u00bb.vc_custom_1725541857108{margin-bottom: 10px !important;}\u00a0\u00bb el_class=\u00a0\u00bbno-uppercase text-center-responsive-991px\u00a0\u00bb][vc_column_text css=\u00a0\u00bb\u00a0\u00bb]<\/p>\n<p class=\"text-center-responsive-991px\" style=\"text-align: center;\"><span style=\"font-weight: 400; font-size: 14px;\">Chaleur du bois massif \u00e0 l\u2019int\u00e9rieur combin\u00e9e \u00e0 la durabilit\u00e9 de l\u2019aluminium ou du PVC \u00e0 l\u2019ext\u00e9rieur.<\/span><\/p>\n<p class=\"text-center-responsive-991px\" style=\"text-align: center;\"><a style=\"font-size: 14px; text-decoration: underline;\" href=\"https:\/\/www.finstral.com\/fr\/fen%C3%AAtres\/la-diversit%C3%A9-des-fen%C3%AAtres\/fen%C3%AAtres-et-portes-fen%C3%AAtres-en-bois-aluminium\/162-0.html\" target=\"_blank\" rel=\"noopener\">PLUS D&rsquo;INFORMATIONS<\/a><\/p>\n<p>[\/vc_column_text][\/vc_column_inner][vc_column_inner width=\u00a0\u00bb1\/2&Prime; offset=\u00a0\u00bbvc_col-lg-4 vc_col-md-4 vc_col-xs-12&Prime; _et_uniqid=\u00a0\u00bbet_custom_uniqid_new_66d6ad23916b4&Prime;][vc_single_image image=\u00a0\u00bb9176&Prime; img_size=\u00a0\u00bbfull\u00a0\u00bb alignment=\u00a0\u00bbcenter\u00a0\u00bb css=\u00a0\u00bb.vc_custom_1725286051957{margin-bottom: 10px !important;}\u00a0\u00bb][vc_custom_heading text=\u00a0\u00bbFen\u00eatres tout en verre\u00a0\u00bb font_container=\u00a0\u00bbtag:h3|font_size:20px|text_align:center|color:%23000000&Prime; google_fonts=\u00a0\u00bbfont_family:Montserrat%3Aregular%2C700|font_style:700%20bold%20regular%3A700%3Anormal\u00a0\u00bb css=\u00a0\u00bb.vc_custom_1725541874366{margin-bottom: 10px !important;}\u00a0\u00bb el_class=\u00a0\u00bbno-uppercase text-center-responsive-991px\u00a0\u00bb][vc_column_text css=\u00a0\u00bb\u00a0\u00bb]<\/p>\n<p class=\"text-center-responsive-991px\" style=\"text-align: center;\"><span style=\"font-weight: 400; font-size: 14px;\">Surface vitr\u00e9e maximale avec une esth\u00e9tique \u00e9l\u00e9gante et des lignes subtiles.<\/span><\/p>\n<p class=\"text-center-responsive-991px\" style=\"text-align: center;\"><a style=\"font-size: 14px; text-decoration: underline;\" href=\"https:\/\/www.finstral.com\/fr\/fen%C3%AAtres\/la-diversit%C3%A9-des-fen%C3%AAtres\/fen%C3%AAtres-et-portes-fen%C3%AAtres-%C3%A0-l-aspect-tout-en-verre\/163-0.html\" target=\"_blank\" rel=\"noopener\">PLUS D&rsquo;INFORMATIONS<\/a><\/p>\n<p>[\/vc_column_text][\/vc_column_inner][vc_column_inner width=\u00a0\u00bb1\/2&Prime; offset=\u00a0\u00bbvc_col-lg-4 vc_col-md-4 vc_col-xs-12&Prime; _et_uniqid=\u00a0\u00bbet_custom_uniqid_new_66d6ad31ac909&Prime;][vc_single_image image=\u00a0\u00bb9190&Prime; img_size=\u00a0\u00bbfull\u00a0\u00bb alignment=\u00a0\u00bbcenter\u00a0\u00bb css=\u00a0\u00bb.vc_custom_1725371300927{margin-bottom: 10px !important;}\u00a0\u00bb][vc_custom_heading text=\u00a0\u00bbFen\u00eatres \u00e0 levage et coulissement\u00a0\u00bb font_container=\u00a0\u00bbtag:h3|font_size:20px|text_align:center|color:%23000000&Prime; google_fonts=\u00a0\u00bbfont_family:Montserrat%3Aregular%2C700|font_style:700%20bold%20regular%3A700%3Anormal\u00a0\u00bb css=\u00a0\u00bb.vc_custom_1725541891488{margin-bottom: 10px !important;}\u00a0\u00bb el_class=\u00a0\u00bbno-uppercase text-center-responsive-991px\u00a0\u00bb][vc_column_text css=\u00a0\u00bb\u00a0\u00bb]<\/p>\n<p class=\"text-center-responsive-991px\" style=\"text-align: center;\"><span style=\"font-weight: 400; font-size: 14px;\">Grandes surfaces vitr\u00e9es s\u2019ouvrant avec une facilit\u00e9 exceptionnelle.<\/span><\/p>\n<p class=\"text-center-responsive-991px\" style=\"text-align: center;\"><a style=\"font-size: 14px; text-decoration: underline;\" href=\"https:\/\/www.finstral.com\/fr\/fen%C3%AAtres\/la-diversit%C3%A9-des-fen%C3%AAtres\/portes-coulissantes\/166-0.html\" target=\"_blank\" rel=\"noopener\">PLUS D&rsquo;INFORMATIONS<\/a><\/p>\n<p>[\/vc_column_text][\/vc_column_inner][\/vc_row_inner][\/vc_column][\/vc_row][vc_row full_width=\u00a0\u00bbstretch_row\u00a0\u00bb css_animation=\u00a0\u00bbnone\u00a0\u00bb et_uniqid=\u00a0\u00bbet_custom_uniqid_5ea316003328e\u00a0\u00bb css=\u00a0\u00bb.vc_custom_1725449961809{margin-top: 8px !important;margin-bottom: 60px !important;}\u00a0\u00bb _et_uniqid=\u00a0\u00bbet_custom_uniqid_new_66d846dfb6b3c\u00a0\u00bb][vc_column][vc_single_image image=\u00a0\u00bb9178&Prime; img_size=\u00a0\u00bb200&#215;48&Prime; alignment=\u00a0\u00bbcenter\u00a0\u00bb css_animation=\u00a0\u00bbfadeInUp\u00a0\u00bb css=\u00a0\u00bb.vc_custom_1725449931869{margin-bottom: 0px !important;}\u00a0\u00bb][vc_separator css=\u00a0\u00bb\u00a0\u00bb][vc_row_inner equal_height=\u00a0\u00bbyes\u00a0\u00bb content_placement=\u00a0\u00bbtop\u00a0\u00bb _et_uniqid=\u00a0\u00bbet_custom_uniqid_new_66d6ba52cbdca\u00a0\u00bb][vc_column_inner width=\u00a0\u00bb1\/2&Prime; offset=\u00a0\u00bbvc_col-lg-4 vc_col-md-4 vc_col-xs-12&Prime; _et_uniqid=\u00a0\u00bbet_custom_uniqid_new_66d6ac70e2099&Prime;][vc_single_image image=\u00a0\u00bb9182&Prime; img_size=\u00a0\u00bbfull\u00a0\u00bb alignment=\u00a0\u00bbcenter\u00a0\u00bb css=\u00a0\u00bb.vc_custom_1725288654250{margin-bottom: 10px !important;}\u00a0\u00bb][vc_custom_heading text=\u00a0\u00bbFen\u00eatre Soleal\u00a0\u00bb font_container=\u00a0\u00bbtag:h3|font_size:20px|text_align:left|color:%23000000&Prime; google_fonts=\u00a0\u00bbfont_family:Montserrat%3Aregular%2C700|font_style:700%20bold%20regular%3A700%3Anormal\u00a0\u00bb css=\u00a0\u00bb.vc_custom_1725541918773{margin-bottom: 10px !important;}\u00a0\u00bb el_class=\u00a0\u00bbno-uppercase text-center-responsive-991px\u00a0\u00bb][vc_column_text css=\u00a0\u00bb\u00a0\u00bb]<\/p>\n<p class=\"text-center-responsive-991px\" style=\"text-align: left;\"><span style=\"font-weight: 400; font-size: 14px;\">Performance exceptionnelle et design \u00e9l\u00e9gant, adaptable \u00e0 tout projet architectural.<\/span><\/p>\n<p class=\"text-center-responsive-991px\" style=\"text-align: left;\"><a style=\"font-size: 14px; text-decoration: underline;\" href=\"https:\/\/www.technal.com\/es-es\/particulares\/productos\/ventanas\/soleal-ventana\" target=\"_blank\" rel=\"noopener\">PLUS D&rsquo;INFORMATIONS<\/a><\/p>\n<p>[\/vc_column_text][\/vc_column_inner][vc_column_inner width=\u00a0\u00bb1\/2&Prime; offset=\u00a0\u00bbvc_col-lg-4 vc_col-md-4 vc_col-xs-12&Prime; _et_uniqid=\u00a0\u00bbet_custom_uniqid_new_66d6aca2439dd\u00a0\u00bb][vc_single_image image=\u00a0\u00bb9189&Prime; img_size=\u00a0\u00bbfull\u00a0\u00bb alignment=\u00a0\u00bbcenter\u00a0\u00bb css=\u00a0\u00bb.vc_custom_1725350704302{margin-bottom: 10px !important;}\u00a0\u00bb][vc_custom_heading text=\u00a0\u00bbFen\u00eatre coulissante Soleal\u00a0\u00bb font_container=\u00a0\u00bbtag:h3|font_size:20px|text_align:left|color:%23000000&Prime; google_fonts=\u00a0\u00bbfont_family:Montserrat%3Aregular%2C700|font_style:700%20bold%20regular%3A700%3Anormal\u00a0\u00bb css=\u00a0\u00bb.vc_custom_1725541934262{margin-bottom: 10px !important;}\u00a0\u00bb el_class=\u00a0\u00bbno-uppercase text-center-responsive-991px\u00a0\u00bb][vc_column_text css=\u00a0\u00bb\u00a0\u00bb]<\/p>\n<p class=\"text-center-responsive-991px\" style=\"text-align: left;\"><span style=\"font-weight: 400; font-size: 14px;\">Pour les constructions neuves ou les r\u00e9novations, la fen\u00eatre coulissante en aluminium SOLEAL s\u2019adapte \u00e0 tous les besoins.<\/span><\/p>\n<p class=\"text-center-responsive-991px\" style=\"text-align: left;\"><a style=\"font-size: 14px; text-decoration: underline;\" href=\"https:\/\/www.technal.com\/es-es\/particulares\/productos\/ventanas-correderas\/soleal-corredera\" target=\"_blank\" rel=\"noopener\">PLUS D&rsquo;INFORMATIONS<\/a><\/p>\n<p>[\/vc_column_text][\/vc_column_inner][vc_column_inner width=\u00a0\u00bb1\/2&Prime; offset=\u00a0\u00bbvc_col-lg-4 vc_col-md-4 vc_col-xs-12&Prime; _et_uniqid=\u00a0\u00bbet_custom_uniqid_new_66d6acb3973b1&Prime;][vc_single_image image=\u00a0\u00bb9183&Prime; img_size=\u00a0\u00bbfull\u00a0\u00bb alignment=\u00a0\u00bbcenter\u00a0\u00bb css=\u00a0\u00bb.vc_custom_1725288943010{margin-bottom: 10px !important;}\u00a0\u00bb][vc_custom_heading text=\u00a0\u00bbFen\u00eatre coulissante Lumeal\u00a0\u00bb font_container=\u00a0\u00bbtag:h3|font_size:20px|text_align:left|color:%23000000&Prime; google_fonts=\u00a0\u00bbfont_family:Montserrat%3Aregular%2C700|font_style:700%20bold%20regular%3A700%3Anormal\u00a0\u00bb css=\u00a0\u00bb.vc_custom_1725541953024{margin-bottom: 10px !important;}\u00a0\u00bb el_class=\u00a0\u00bbno-uppercase text-center-responsive-991px\u00a0\u00bb][vc_column_text css=\u00a0\u00bb\u00a0\u00bb]<\/p>\n<p class=\"text-center-responsive-991px\" style=\"text-align: left;\"><span style=\"font-weight: 400; font-size: 14px;\">Lignes minimalistes et profils fins pour un maximum d\u2019apport de lumi\u00e8re naturelle.<\/span><\/p>\n<p class=\"text-center-responsive-991px\" style=\"text-align: left;\"><a style=\"font-size: 14px; text-decoration: underline;\" href=\"https:\/\/www.technal.com\/es-es\/particulares\/productos\/ventanas-correderas\/lumeal\" target=\"_blank\" rel=\"noopener\">PLUS D&rsquo;INFORMATIONS<\/a><\/p>\n<p>[\/vc_column_text][\/vc_column_inner][vc_column_inner width=\u00a0\u00bb1\/2&Prime; offset=\u00a0\u00bbvc_col-lg-4 vc_col-md-4 vc_col-xs-12&Prime; _et_uniqid=\u00a0\u00bbet_custom_uniqid_new_66d6ad155e37e\u00a0\u00bb][vc_single_image image=\u00a0\u00bb9184&Prime; img_size=\u00a0\u00bbfull\u00a0\u00bb alignment=\u00a0\u00bbcenter\u00a0\u00bb css=\u00a0\u00bb.vc_custom_1725289010508{margin-bottom: 10px !important;}\u00a0\u00bb][vc_custom_heading text=\u00a0\u00bbFen\u00eatre coulissante Galane\u00a0\u00bb font_container=\u00a0\u00bbtag:h3|font_size:20px|text_align:left|color:%23000000&Prime; google_fonts=\u00a0\u00bbfont_family:Montserrat%3Aregular%2C700|font_style:700%20bold%20regular%3A700%3Anormal\u00a0\u00bb css=\u00a0\u00bb.vc_custom_1725541969835{margin-bottom: 10px !important;}\u00a0\u00bb el_class=\u00a0\u00bbno-uppercase text-center-responsive-991px\u00a0\u00bb][vc_column_text css=\u00a0\u00bb\u00a0\u00bb]<\/p>\n<p class=\"text-center-responsive-991px\" style=\"text-align: left;\"><span style=\"font-weight: 400; font-size: 14px;\">Fen\u00eatres \u00e0 levage et coulissement pour grandes dimensions avec une excellente maniabilit\u00e9.<\/span><\/p>\n<p class=\"text-center-responsive-991px\" style=\"text-align: left;\"><a style=\"font-size: 14px; text-decoration: underline;\" href=\"https:\/\/www.technal.com\/es-es\/particulares\/productos\/ventanas-correderas\/galene\" target=\"_blank\" rel=\"noopener\">PLUS D&rsquo;INFORMATIONS<\/a><\/p>\n<p>[\/vc_column_text][\/vc_column_inner][vc_column_inner width=\u00a0\u00bb1\/2&Prime; offset=\u00a0\u00bbvc_col-lg-4 vc_col-md-4 vc_col-xs-12&Prime; _et_uniqid=\u00a0\u00bbet_custom_uniqid_new_66d6ad23916b4&Prime;][vc_single_image image=\u00a0\u00bb9185&Prime; img_size=\u00a0\u00bbfull\u00a0\u00bb alignment=\u00a0\u00bbcenter\u00a0\u00bb css=\u00a0\u00bb.vc_custom_1725289069455{margin-bottom: 10px !important;}\u00a0\u00bb][vc_custom_heading text=\u00a0\u00bbFen\u00eatre pliante Ambial\u00a0\u00bb font_container=\u00a0\u00bbtag:h3|font_size:20px|text_align:left|color:%23000000&Prime; google_fonts=\u00a0\u00bbfont_family:Montserrat%3Aregular%2C700|font_style:700%20bold%20regular%3A700%3Anormal\u00a0\u00bb css=\u00a0\u00bb.vc_custom_1725541986548{margin-bottom: 10px !important;}\u00a0\u00bb el_class=\u00a0\u00bbno-uppercase text-center-responsive-991px\u00a0\u00bb][vc_column_text css=\u00a0\u00bb\u00a0\u00bb]<\/p>\n<p class=\"text-center-responsive-991px\" style=\"text-align: left;\"><span style=\"font-weight: 400; font-size: 14px;\">Porte pliante polyvalente pour des ouvertures XXL, avec des performances thermiques et acoustiques optimales.<\/span><\/p>\n<p class=\"text-center-responsive-991px\" style=\"text-align: left;\"><a style=\"font-size: 14px; text-decoration: underline;\" href=\"https:\/\/www.technal.com\/es-es\/particulares\/productos\/puertas\/puerta-ambial\" target=\"_blank\" rel=\"noopener\">PLUS D&rsquo;INFORMATIONS<\/a><\/p>\n<p>[\/vc_column_text][\/vc_column_inner][vc_column_inner width=\u00a0\u00bb1\/2&Prime; offset=\u00a0\u00bbvc_col-lg-4 vc_col-md-4 vc_col-xs-12&Prime; _et_uniqid=\u00a0\u00bbet_custom_uniqid_new_66d6ad31ac909&Prime;][\/vc_column_inner][\/vc_row_inner][\/vc_column][\/vc_row][vc_row full_width=\u00a0\u00bbstretch_row\u00a0\u00bb equal_height=\u00a0\u00bbyes\u00a0\u00bb content_placement=\u00a0\u00bbtop\u00a0\u00bb css_animation=\u00a0\u00bbnone\u00a0\u00bb et_uniqid=\u00a0\u00bbet_custom_uniqid_5ea316003328e\u00a0\u00bb css=\u00a0\u00bb.vc_custom_1725449974391{margin-top: 8px !important;margin-bottom: 60px !important;}\u00a0\u00bb _et_uniqid=\u00a0\u00bbet_custom_uniqid_new_66d846f02fd72&Prime;][vc_column width=\u00a0\u00bb1\/2&Prime; offset=\u00a0\u00bbvc_col-lg-4 vc_col-md-4 vc_col-xs-12&Prime; _et_uniqid=\u00a0\u00bbet_custom_uniqid_new_66d6bb7f4e575&Prime;][vc_single_image image=\u00a0\u00bb9188&Prime; img_size=\u00a0\u00bb\u00a0\u00bb alignment=\u00a0\u00bbcenter\u00a0\u00bb css_animation=\u00a0\u00bbfadeInUp\u00a0\u00bb css=\u00a0\u00bb.vc_custom_1725449982203{margin-bottom: 0px !important;}\u00a0\u00bb][vc_separator css=\u00a0\u00bb\u00a0\u00bb][vc_single_image image=\u00a0\u00bb9192&Prime; img_size=\u00a0\u00bbfull\u00a0\u00bb alignment=\u00a0\u00bbcenter\u00a0\u00bb css=\u00a0\u00bb.vc_custom_1728049150016{margin-bottom: 10px !important;}\u00a0\u00bb][vc_custom_heading text=\u00a0\u00bbFen\u00eatres de toit et Velux\u00a0\u00bb font_container=\u00a0\u00bbtag:h3|font_size:20px|text_align:left|color:%23000000&Prime; google_fonts=\u00a0\u00bbfont_family:Montserrat%3Aregular%2C700|font_style:700%20bold%20regular%3A700%3Anormal\u00a0\u00bb css=\u00a0\u00bb.vc_custom_1725542011575{margin-bottom: 10px !important;}\u00a0\u00bb el_class=\u00a0\u00bbno-uppercase text-center-responsive-991px\u00a0\u00bb][vc_column_text css=\u00a0\u00bb\u00a0\u00bb]<\/p>\n<p class=\"text-center-responsive-991px\" style=\"text-align: left;\"><span style=\"font-weight: 400; font-size: 14px;\">Performance exceptionnelle et design \u00e9l\u00e9gant, adaptable \u00e0 tout projet architectural.<\/span><\/p>\n<p>[\/vc_column_text][\/vc_column][vc_column width=\u00a0\u00bb1\/2&Prime; offset=\u00a0\u00bbvc_col-lg-4 vc_col-md-4 vc_col-xs-12&Prime; _et_uniqid=\u00a0\u00bbet_custom_uniqid_new_66d6bb8d0def4&Prime;][vc_single_image image=\u00a0\u00bb9180&Prime; img_size=\u00a0\u00bb\u00a0\u00bb alignment=\u00a0\u00bbcenter\u00a0\u00bb css_animation=\u00a0\u00bbfadeInUp\u00a0\u00bb css=\u00a0\u00bb.vc_custom_1725449993037{margin-bottom: 0px !important;}\u00a0\u00bb][vc_separator css=\u00a0\u00bb\u00a0\u00bb][vc_single_image image=\u00a0\u00bb9165&Prime; img_size=\u00a0\u00bbfull\u00a0\u00bb alignment=\u00a0\u00bbcenter\u00a0\u00bb css=\u00a0\u00bb.vc_custom_1724740279296{margin-bottom: 10px !important;}\u00a0\u00bb][vc_custom_heading text=\u00a0\u00bbTitawin\u00a0\u00bb font_container=\u00a0\u00bbtag:h3|font_size:20px|text_align:left|color:%23000000&Prime; google_fonts=\u00a0\u00bbfont_family:Montserrat%3Aregular%2C700|font_style:700%20bold%20regular%3A700%3Anormal\u00a0\u00bb css=\u00a0\u00bb.vc_custom_1725542028235{margin-bottom: 10px !important;}\u00a0\u00bb el_class=\u00a0\u00bbno-uppercase text-center-responsive-991px\u00a0\u00bb][vc_column_text css=\u00a0\u00bb\u00a0\u00bb]<\/p>\n<p class=\"text-center-responsive-991px\" style=\"text-align: left;\"><span style=\"font-weight: 400; font-size: 14px;\">Dimensions moyennes, design minimaliste, sans cadre de seuil.<\/span><\/p>\n<p>[\/vc_column_text][\/vc_column][vc_column width=\u00a0\u00bb1\/2&Prime; offset=\u00a0\u00bbvc_col-lg-4 vc_col-md-4 vc_col-xs-12&Prime; _et_uniqid=\u00a0\u00bbet_custom_uniqid_new_66d6bb9b1366c\u00a0\u00bb][vc_single_image image=\u00a0\u00bb9181&Prime; img_size=\u00a0\u00bb\u00a0\u00bb alignment=\u00a0\u00bbcenter\u00a0\u00bb css_animation=\u00a0\u00bbfadeInUp\u00a0\u00bb css=\u00a0\u00bb.vc_custom_1725450007566{margin-bottom: 0px !important;}\u00a0\u00bb][vc_separator css=\u00a0\u00bb\u00a0\u00bb][vc_single_image image=\u00a0\u00bb9193&Prime; img_size=\u00a0\u00bbfull\u00a0\u00bb alignment=\u00a0\u00bbcenter\u00a0\u00bb css=\u00a0\u00bb.vc_custom_1728049177095{margin-bottom: 10px !important;}\u00a0\u00bb][vc_custom_heading text=\u00a0\u00bbHyline\u00a0\u00bb font_container=\u00a0\u00bbtag:h3|font_size:20px|text_align:left|color:%23000000&Prime; google_fonts=\u00a0\u00bbfont_family:Montserrat%3Aregular%2C700|font_style:700%20bold%20regular%3A700%3Anormal\u00a0\u00bb css=\u00a0\u00bb.vc_custom_1725542044923{margin-bottom: 10px !important;}\u00a0\u00bb el_class=\u00a0\u00bbno-uppercase text-center-responsive-991px\u00a0\u00bb][vc_column_text css=\u00a0\u00bb\u00a0\u00bb]<\/p>\n<p class=\"text-center-responsive-991px\" style=\"text-align: left;\"><span style=\"font-weight: 400; font-size: 14px;\">Grandes dimensions, design minimaliste, avec seuil int\u00e9gr\u00e9. Marque exclusive haut de gamme. <\/span><\/p>\n<p>[\/vc_column_text][\/vc_column][\/vc_row][vc_row full_width=\u00a0\u00bbstretch_row_content\u00a0\u00bb equal_height=\u00a0\u00bbyes\u00a0\u00bb content_placement=\u00a0\u00bbtop\u00a0\u00bb _et_uniqid=\u00a0\u00bbet_custom_uniqid_new_66cd78012a31f\u00a0\u00bb][vc_column width=\u00a0\u00bb2\/12&Prime;][\/vc_column][vc_column css_animation=\u00a0\u00bbfadeInUp\u00a0\u00bb css=\u00a0\u00bb.vc_custom_1725450033573{background-image: url(https:\/\/unave.es\/wp-content\/uploads\/2024\/08\/hydro-circal.webp?id=7677) !important;}\u00a0\u00bb _et_uniqid=\u00a0\u00bbet_custom_uniqid_new_66d84727bf25c\u00a0\u00bb offset=\u00a0\u00bbvc_col-lg-5 vc_hidden-md vc_hidden-sm vc_hidden-xs\u00a0\u00bb][\/vc_column][vc_column offset=\u00a0\u00bbvc_col-lg-3 vc_hidden-md vc_hidden-sm vc_hidden-xs\u00a0\u00bb _et_uniqid=\u00a0\u00bbet_custom_uniqid_new_66d05d415d77d\u00a0\u00bb][vc_single_image image=\u00a0\u00bb9168&Prime; img_size=\u00a0\u00bbfull\u00a0\u00bb css_animation=\u00a0\u00bbfadeInRight\u00a0\u00bb css=\u00a0\u00bb\u00a0\u00bb el_class=\u00a0\u00bbimg-technal-productos-ventanas\u00a0\u00bb][vc_custom_heading text=\u00a0\u00bbHydro Circal:<br \/>\nle premier aluminium<br \/>\nrecycl\u00e9 certifi\u00e9\u00a0\u00bb font_container=\u00a0\u00bbtag:h2|text_align:left|color:%23000000&Prime; google_fonts=\u00a0\u00bbfont_family:Montserrat%3Aregular%2C700|font_style:700%20bold%20regular%3A700%3Anormal\u00a0\u00bb css=\u00a0\u00bb.vc_custom_1725548355504{margin-bottom: 20px !important;}\u00a0\u00bb el_class=\u00a0\u00bbno-uppercase h2-title\u00a0\u00bb][vc_column_text css=\u00a0\u00bb.vc_custom_1731656838513{margin-bottom: 20px !important;}\u00a0\u00bb]<\/p>\n<p style=\"text-align: left;\"><span style=\"font-weight: 400;\">Avec <\/span><b>Hydro CIRCAL<\/b>, Technal <b>r\u00e9duit l\u2019empreinte carbone de l\u2019aluminium<\/b> <span style=\"font-weight: 400;\">de 8,6 kg \u00e0 seulement 2,0 kg par kg d\u2019aluminium. Chez Unave, nous sommes fiers de travailler avec ce mat\u00e9riau innovant, compos\u00e9 \u00e0 75 % ou plus d\u2019aluminium recycl\u00e9, offrant une r\u00e9ponse durable \u00e0 la demande croissante de produits \u00e9cologiques.<\/span> <b>Certifi\u00e9 par DNV-GL<\/b><span style=\"font-weight: 400;\">, Hydro CIRCAL fait partie de l\u2019engagement de Technal pour une production plus durable et responsable.<\/span><\/p>\n<p>[\/vc_column_text][vc_btn title=\u00a0\u00bbPlus d&rsquo;informations\u00a0\u00bb style=\u00a0\u00bboutline\u00a0\u00bb shape=\u00a0\u00bbsquare\u00a0\u00bb color=\u00a0\u00bbwhite\u00a0\u00bb size=\u00a0\u00bblg\u00a0\u00bb align=\u00a0\u00bbleft\u00a0\u00bb css_animation=\u00a0\u00bbfadeInRight\u00a0\u00bb css=\u00a0\u00bb\u00a0\u00bb el_class=\u00a0\u00bbbtn-productos-ventanas\u00a0\u00bb link=\u00a0\u00bburl:https%3A%2F%2Funave.es%2Fsin-categoria%2Faluminio-reciclado%2F|title:Hydro%20Circal%3A%20le%20premier%20aluminium%20recycl%C3%A9%20certifi%C3%A9|\u00a0\u00bb][\/vc_column][vc_column width=\u00a0\u00bb2\/12&Prime;][\/vc_column][\/vc_row][vc_row full_width=\u00a0\u00bbstretch_row_content\u00a0\u00bb equal_height=\u00a0\u00bbyes\u00a0\u00bb content_placement=\u00a0\u00bbtop\u00a0\u00bb _et_uniqid=\u00a0\u00bbet_custom_uniqid_new_66cd78012a31f\u00a0\u00bb][vc_column offset=\u00a0\u00bbvc_hidden-lg\u00a0\u00bb _et_uniqid=\u00a0\u00bbet_custom_uniqid_new_66d05e83838d1&Prime;][vc_single_image image=\u00a0\u00bb9201&Prime; img_size=\u00a0\u00bbfull\u00a0\u00bb alignment=\u00a0\u00bbcenter\u00a0\u00bb css_animation=\u00a0\u00bbfadeInUp\u00a0\u00bb css=\u00a0\u00bb\u00a0\u00bb][vc_custom_heading text=\u00a0\u00bbHydro Circal : le premier aluminium recycl\u00e9 certifi\u00e9\u00a0\u00bb font_container=\u00a0\u00bbtag:h2|font_size:24px|text_align:center|color:%23000000&Prime; google_fonts=\u00a0\u00bbfont_family:Montserrat%3Aregular%2C700|font_style:700%20bold%20regular%3A700%3Anormal\u00a0\u00bb css=\u00a0\u00bb\u00a0\u00bb el_class=\u00a0\u00bbno-uppercase\u00a0\u00bb][vc_column_text css=\u00a0\u00bb.vc_custom_1724932123953{margin-bottom: 20px !important;padding-right: 20px !important;padding-left: 20px !important;}\u00a0\u00bb]<\/p>\n<p style=\"text-align: center;\"><span style=\"font-weight: 400;\">Avec <\/span><b>Hydro CIRCAL<\/b><span style=\"font-weight: 400;\">, Technal<\/span> <b>r\u00e9duit l\u2019empreinte carbone de l\u2019aluminium<\/b> <span style=\"font-weight: 400;\">de 8,6 kg \u00e0 seulement 2,0 kg par kg d\u2019aluminium. Chez Unave, nous sommes fiers de travailler avec ce mat\u00e9riau innovant, compos\u00e9 \u00e0 75 % ou plus d\u2019aluminium recycl\u00e9, offrant une r\u00e9ponse durable \u00e0 la demande croissante de produits \u00e9cologiques.<\/span> <b>Certifi\u00e9 par DNV-GL<\/b><span style=\"font-weight: 400;\">, Hydro CIRCAL fait partie de l\u2019engagement de Technal pour une production plus durable et responsable.<\/span><\/p>\n<p>[\/vc_column_text][vc_btn title=\u00a0\u00bbPlus d&rsquo;informations\u00a0\u00bb style=\u00a0\u00bboutline\u00a0\u00bb shape=\u00a0\u00bbsquare\u00a0\u00bb color=\u00a0\u00bbwhite\u00a0\u00bb size=\u00a0\u00bblg\u00a0\u00bb align=\u00a0\u00bbcenter\u00a0\u00bb css=\u00a0\u00bb\u00a0\u00bb el_class=\u00a0\u00bbbtn-productos-ventanas\u00a0\u00bb][\/vc_column][\/vc_row][vc_row][vc_column][vc_empty_space height=\u00a0\u00bb100px\u00a0\u00bb][\/vc_column][\/vc_row][vc_row full_width=\u00a0\u00bbstretch_row_content\u00a0\u00bb content_placement=\u00a0\u00bbmiddle\u00a0\u00bb _et_uniqid=\u00a0\u00bbet_custom_uniqid_new_66cc49f940cd8&Prime;][vc_column width=\u00a0\u00bb1\/12&Prime; _et_uniqid=\u00a0\u00bbet_custom_uniqid_new_66d16472312cd\u00a0\u00bb][\/vc_column][vc_column width=\u00a0\u00bb10\/12&Prime; css=\u00a0\u00bb.vc_custom_1724998918297{padding-top: 50px !important;padding-right: 100px !important;padding-bottom: 50px !important;padding-left: 100px !important;background-color: #d5e7f0 !important;}\u00a0\u00bb _et_uniqid=\u00a0\u00bbet_custom_uniqid_new_66d1639e913b9&Prime; el_class=\u00a0\u00bbdiv-azul-ventanas\u00a0\u00bb][vc_row_inner content_placement=\u00a0\u00bbmiddle\u00a0\u00bb _et_uniqid=\u00a0\u00bbet_custom_uniqid_new_66cc4e2a00f52&Prime;][vc_column_inner offset=\u00a0\u00bbvc_col-lg-6 vc_col-md-6 vc_hidden-sm vc_hidden-xs\u00a0\u00bb _et_uniqid=\u00a0\u00bbet_custom_uniqid_new_66d06acbb84ce\u00a0\u00bb][vc_custom_heading text=\u00a0\u00bbVotre tranquillit\u00e9 d\u2019esprit<br \/>\net vos \u00e9conomies d\u2019\u00e9nergie,<br \/>\nnotre priorit\u00e9\u00a0\u00bb font_container=\u00a0\u00bbtag:h2|text_align:center|color:%23000000|line_height:1.3&Prime; google_fonts=\u00a0\u00bbfont_family:Montserrat%3Aregular%2C700|font_style:700%20bold%20regular%3A700%3Anormal\u00a0\u00bb css=\u00a0\u00bb\u00a0\u00bb el_class=\u00a0\u00bbno-uppercase h2-title\u00a0\u00bb][\/vc_column_inner][vc_column_inner offset=\u00a0\u00bbvc_col-lg-6 vc_col-md-6 vc_hidden-sm vc_hidden-xs\u00a0\u00bb _et_uniqid=\u00a0\u00bbet_custom_uniqid_new_66d06ad65e759&Prime;]        <link rel=\"stylesheet\" href=\"https:\/\/unave.es\/wp-content\/themes\/xstore\/css\/modules\/builders\/icon-boxes.min.css\" type=\"text\/css\" media=\"all\" \/> \t\t\n\t\t<div\n                class=\"ibox-block title-icon-box box-8537 icon-left align-left table\"\n                        >\n\t\t\t\t\t\t\t<div class=\"ibox-symbol\">\n\t\t\t\t\t<i class=\"icon-image\"><img loading=\"lazy\" decoding=\"async\" width=\"90\" height=\"90\" src=\"https:\/\/unave.es\/wp-content\/uploads\/xstore\/xstore-placeholder.png\" data-src=\"https:\/\/unave.es\/wp-content\/uploads\/2024\/08\/iconos-seguridad.webp\" class=\" lazyload lazyload-simple et-lazyload-fadeIn\" alt=\"iconos seguridad\" src=\"https:\/\/unave.es\/wp-content\/uploads\/xstore\/xstore-placeholder.png\" data-srcset=\"https:\/\/unave.es\/wp-content\/uploads\/2024\/08\/iconos-seguridad.webp 90w, https:\/\/unave.es\/wp-content\/uploads\/2024\/08\/iconos-seguridad-1x1.webp 1w, https:\/\/unave.es\/wp-content\/uploads\/2024\/08\/iconos-seguridad-10x10.webp 10w\" data-sizes=\"(max-width: 90px) 100vw, 90px\" \/><\/i>\t\t\t\t<\/div>\n\t\t\t\n\t\t\t<div class=\"ibox-content\">\n\t\t\t\t<h3 class=\"\">S\u00e9curit\u00e9 dans chaque d\u00e9tail<\/h3>\n\t\t\t\t\t\t\t\t\t<div class=\"ibox-text\">\n\t\t\t\t\t\t<span style=\"font-weight: 400;\">Chez Unave,<\/span> <b>votre s\u00e9curit\u00e9 est notre priorit\u00e9<\/b><span style=\"font-weight: 400;\">. Nos fen\u00eatres sont con\u00e7ues selon les normes de s\u00e9curit\u00e9 les plus strictes afin d\u2019offrir tranquillit\u00e9 d\u2019esprit et protection en toutes circonstances. Des serrures de haute qualit\u00e9 aux syst\u00e8mes de verrouillage multipoints, chaque d\u00e9tail est pens\u00e9 pour garantir la s\u00e9curit\u00e9 de votre habitation ou de votre projet.<\/span>\t\t\t\t\t<\/div>\n\t\t\t\t\n\t\t\t\t\t\t\t<\/div>\n\n\t\t\t\n\t\t<\/div>\n\n\t\t        <link rel=\"stylesheet\" href=\"https:\/\/unave.es\/wp-content\/themes\/xstore\/css\/modules\/builders\/icon-boxes.min.css\" type=\"text\/css\" media=\"all\" \/> \t\t\n\t\t<div\n                class=\"ibox-block title-icon-box box-2461 icon-left align-left table\"\n                        >\n\t\t\t\t\t\t\t<div class=\"ibox-symbol\">\n\t\t\t\t\t<i class=\"icon-image\"><img loading=\"lazy\" decoding=\"async\" width=\"90\" height=\"90\" src=\"https:\/\/unave.es\/wp-content\/uploads\/xstore\/xstore-placeholder.png\" data-src=\"https:\/\/unave.es\/wp-content\/uploads\/2024\/08\/iconos-eficiencia.webp\" class=\" lazyload lazyload-simple et-lazyload-fadeIn\" alt=\"iconos eficiencia\" src=\"https:\/\/unave.es\/wp-content\/uploads\/xstore\/xstore-placeholder.png\" data-srcset=\"https:\/\/unave.es\/wp-content\/uploads\/2024\/08\/iconos-eficiencia.webp 90w, https:\/\/unave.es\/wp-content\/uploads\/2024\/08\/iconos-eficiencia-1x1.webp 1w, https:\/\/unave.es\/wp-content\/uploads\/2024\/08\/iconos-eficiencia-10x10.webp 10w\" data-sizes=\"(max-width: 90px) 100vw, 90px\" \/><\/i>\t\t\t\t<\/div>\n\t\t\t\n\t\t\t<div class=\"ibox-content\">\n\t\t\t\t<h3 class=\"\">Efficacit\u00e9 \u00e9nerg\u00e9tique garantie<\/h3>\n\t\t\t\t\t\t\t\t\t<div class=\"ibox-text\">\n\t\t\t\t\t\t<span style=\"font-weight: 400;\">Nos fen\u00eatres ne se contentent pas d\u2019offrir l\u2019esth\u00e9tique que vous souhaitez, elles assurent \u00e9galement une<\/span> <b>efficacit\u00e9 \u00e9nerg\u00e9tique exceptionnelle<\/b><span style=\"font-weight: 400;\">. Gr\u00e2ce \u00e0 des mat\u00e9riaux de haute qualit\u00e9 et des conceptions innovantes, nos fen\u00eatres minimisent les pertes d\u2019\u00e9nergie et contribuent \u00e0 maintenir une temp\u00e9rature id\u00e9ale dans vos espaces tout au long de l\u2019ann\u00e9e.<\/span>\t\t\t\t\t<\/div>\n\t\t\t\t\n\t\t\t\t\t\t\t<\/div>\n\n\t\t\t\n\t\t<\/div>\n\n\t\t[\/vc_column_inner][\/vc_row_inner][vc_row_inner][vc_column_inner offset=\u00a0\u00bbvc_col-lg-6 vc_hidden-lg vc_col-md-6 vc_hidden-md\u00a0\u00bb _et_uniqid=\u00a0\u00bbet_custom_uniqid_new_66d06adedcdf7&Prime;][vc_custom_heading text=\u00a0\u00bbVotre tranquillit\u00e9 d\u2019esprit et vos \u00e9conomies d\u2019\u00e9nergie, notre priorit\u00e9\u00a0\u00bb font_container=\u00a0\u00bbtag:h2|font_size:24px|text_align:center|color:%23000000|line_height:1.3&Prime; google_fonts=\u00a0\u00bbfont_family:Montserrat%3Aregular%2C700|font_style:700%20bold%20regular%3A700%3Anormal\u00a0\u00bb css=\u00a0\u00bb.vc_custom_1725542129021{margin-bottom: 20px !important;}\u00a0\u00bb el_class=\u00a0\u00bbno-uppercase\u00a0\u00bb][\/vc_column_inner][vc_column_inner offset=\u00a0\u00bbvc_col-lg-6 vc_hidden-lg vc_col-md-6 vc_hidden-md\u00a0\u00bb _et_uniqid=\u00a0\u00bbet_custom_uniqid_new_66d06ae760a5f\u00a0\u00bb]        <link rel=\"stylesheet\" href=\"https:\/\/unave.es\/wp-content\/themes\/xstore\/css\/modules\/builders\/icon-boxes.min.css\" type=\"text\/css\" media=\"all\" \/> \t\t\n\t\t<div\n                class=\"ibox-block title-icon-box box-6547 icon-top align-center flex-wrap\"\n                        >\n\t\t\t\t\t\t\t<div class=\"ibox-symbol full-width\">\n\t\t\t\t\t<i class=\"icon-image\"><img loading=\"lazy\" decoding=\"async\" width=\"90\" height=\"90\" src=\"https:\/\/unave.es\/wp-content\/uploads\/xstore\/xstore-placeholder.png\" data-src=\"https:\/\/unave.es\/wp-content\/uploads\/2024\/08\/iconos-seguridad.webp\" class=\" lazyload lazyload-simple et-lazyload-fadeIn\" alt=\"iconos seguridad\" src=\"https:\/\/unave.es\/wp-content\/uploads\/xstore\/xstore-placeholder.png\" data-srcset=\"https:\/\/unave.es\/wp-content\/uploads\/2024\/08\/iconos-seguridad.webp 90w, https:\/\/unave.es\/wp-content\/uploads\/2024\/08\/iconos-seguridad-1x1.webp 1w, https:\/\/unave.es\/wp-content\/uploads\/2024\/08\/iconos-seguridad-10x10.webp 10w\" data-sizes=\"(max-width: 90px) 100vw, 90px\" \/><\/i>\t\t\t\t<\/div>\n\t\t\t\n\t\t\t<div class=\"ibox-content\">\n\t\t\t\t<h3 class=\"\">S\u00e9curit\u00e9 dans chaque d\u00e9tail<\/h3>\n\t\t\t\t\t\t\t\t\t<div class=\"ibox-text\">\n\t\t\t\t\t\t<\/p>\n<p style=\"text-align: center;\"><span style=\"font-weight: 400;\">Chez Unave,<\/span> <b>votre s\u00e9curit\u00e9 est notre priorit\u00e9<\/b><span style=\"font-weight: 400;\">. Nos fen\u00eatres sont con\u00e7ues selon les normes de s\u00e9curit\u00e9 les plus strictes afin d\u2019offrir tranquillit\u00e9 d\u2019esprit et protection en toutes circonstances. Des serrures de haute qualit\u00e9 aux syst\u00e8mes de verrouillage multipoints, chaque d\u00e9tail est pens\u00e9 pour garantir la s\u00e9curit\u00e9 de votre habitation ou de votre projet.<\/span><\/p>\n<p>\t\t\t\t\t<\/div>\n\t\t\t\t\n\t\t\t\t\t\t\t<\/div>\n\n\t\t\t\n\t\t<\/div>\n\n\t\t        <link rel=\"stylesheet\" href=\"https:\/\/unave.es\/wp-content\/themes\/xstore\/css\/modules\/builders\/icon-boxes.min.css\" type=\"text\/css\" media=\"all\" \/> \t\t\n\t\t<div\n                class=\"ibox-block title-icon-box box-6200 icon-top align-center flex-wrap\"\n                        >\n\t\t\t\t\t\t\t<div class=\"ibox-symbol full-width\">\n\t\t\t\t\t<i class=\"icon-image\"><img loading=\"lazy\" decoding=\"async\" width=\"90\" height=\"90\" src=\"https:\/\/unave.es\/wp-content\/uploads\/xstore\/xstore-placeholder.png\" data-src=\"https:\/\/unave.es\/wp-content\/uploads\/2024\/08\/iconos-eficiencia.webp\" class=\" lazyload lazyload-simple et-lazyload-fadeIn\" alt=\"iconos eficiencia\" src=\"https:\/\/unave.es\/wp-content\/uploads\/xstore\/xstore-placeholder.png\" data-srcset=\"https:\/\/unave.es\/wp-content\/uploads\/2024\/08\/iconos-eficiencia.webp 90w, https:\/\/unave.es\/wp-content\/uploads\/2024\/08\/iconos-eficiencia-1x1.webp 1w, https:\/\/unave.es\/wp-content\/uploads\/2024\/08\/iconos-eficiencia-10x10.webp 10w\" data-sizes=\"(max-width: 90px) 100vw, 90px\" \/><\/i>\t\t\t\t<\/div>\n\t\t\t\n\t\t\t<div class=\"ibox-content\">\n\t\t\t\t<h3 class=\"\">Efficacit\u00e9 \u00e9nerg\u00e9tique garantie<\/h3>\n\t\t\t\t\t\t\t\t\t<div class=\"ibox-text\">\n\t\t\t\t\t\t<\/p>\n<p style=\"text-align: center;\"><span style=\"font-weight: 400;\">Nos fen\u00eatres ne se contentent pas d\u2019offrir l\u2019esth\u00e9tique que vous souhaitez, elles assurent \u00e9galement une<\/span> <b>efficacit\u00e9 \u00e9nerg\u00e9tique exceptionnelle<\/b>. Gr\u00e2ce \u00e0 des mat\u00e9riaux de haute qualit\u00e9 et des conceptions innovantes, nos fen\u00eatres minimisent les pertes d\u2019\u00e9nergie et contribuent \u00e0 maintenir une temp\u00e9rature id\u00e9ale dans vos espaces tout au long de l\u2019ann\u00e9e.<\/p>\n<p>\t\t\t\t\t<\/div>\n\t\t\t\t\n\t\t\t\t\t\t\t<\/div>\n\n\t\t\t\n\t\t<\/div>\n\n\t\t[\/vc_column_inner][\/vc_row_inner][\/vc_column][vc_column width=\u00a0\u00bb1\/12&Prime; _et_uniqid=\u00a0\u00bbet_custom_uniqid_new_66d16449b53f0&Prime;][\/vc_column][\/vc_row][vc_row][vc_column][vc_empty_space height=\u00a0\u00bb100px\u00a0\u00bb][\/vc_column][\/vc_row][vc_row full_width=\u00a0\u00bbstretch_row_content\u00a0\u00bb content_placement=\u00a0\u00bbmiddle\u00a0\u00bb _et_uniqid=\u00a0\u00bbet_custom_uniqid_new_66cd84b6ec967&Prime;][vc_column width=\u00a0\u00bb2\/12&Prime;][\/vc_column][vc_column _et_uniqid=\u00a0\u00bbet_custom_uniqid_new_66d168fc3bae9&Prime; offset=\u00a0\u00bbvc_col-lg-5 vc_col-md-12&Prime;][vc_single_image image=\u00a0\u00bb9194&Prime; img_size=\u00a0\u00bbfull\u00a0\u00bb alignment=\u00a0\u00bbcenter\u00a0\u00bb css_animation=\u00a0\u00bbfadeInUp\u00a0\u00bb css=\u00a0\u00bb.vc_custom_1734003112994{margin-bottom: 15px !important;}\u00a0\u00bb][\/vc_column][vc_column offset=\u00a0\u00bbvc_col-lg-3 vc_col-md-12&Prime; _et_uniqid=\u00a0\u00bbet_custom_uniqid_new_66d169232a42b\u00a0\u00bb][vc_row_inner][vc_column_inner offset=\u00a0\u00bbvc_hidden-md vc_hidden-sm vc_hidden-xs\u00a0\u00bb _et_uniqid=\u00a0\u00bbet_custom_uniqid_new_675ac934c3e34&Prime;][vc_column_text css_animation=\u00a0\u00bbfadeInRight\u00a0\u00bb css=\u00a0\u00bb\u00a0\u00bb]<\/p>\n<h2 class=\"h2-title-ventanas\">Installation de fen\u00eatres<br \/>\nsur mesure<\/h2>\n<p>[\/vc_column_text][\/vc_column_inner][\/vc_row_inner][vc_row_inner][vc_column_inner offset=\u00a0\u00bbvc_hidden-lg\u00a0\u00bb _et_uniqid=\u00a0\u00bbet_custom_uniqid_new_675ac9283a23f\u00a0\u00bb][vc_column_text css_animation=\u00a0\u00bbfadeInUp\u00a0\u00bb css=\u00a0\u00bb\u00a0\u00bb]<\/p>\n<h2 class=\"h2-title-ventanas\" style=\"text-align: center;\">Installation de fen\u00eatres sur mesure<\/h2>\n<p>[\/vc_column_text][\/vc_column_inner][\/vc_row_inner][vc_column_text css_animation=\u00a0\u00bbfadeInRight\u00a0\u00bb css=\u00a0\u00bb.vc_custom_1725450156086{margin-bottom: 20px !important;}\u00a0\u00bb]<\/p>\n<p class=\"text-center-responsive-1199px\" style=\"text-align: left;\"><span style=\"font-weight: 400;\">Nous nous occupons de <\/span><b>la conception, de la fabrication et de l\u2019installation de vos fen\u00eatres sur mesure<\/b><span style=\"font-weight: 400;\">. Notre \u00e9quipe d\u2019experts assure une installation pr\u00e9cise et efficace, garantissant que vos fen\u00eatres fonctionnent parfaitement et offrent un rendu esth\u00e9tique exceptionnel.<\/span><\/p>\n<p>[\/vc_column_text][\/vc_column][vc_column width=\u00a0\u00bb2\/12&Prime;][\/vc_column][\/vc_row][vc_row css_animation=\u00a0\u00bbnone\u00a0\u00bb et_uniqid=\u00a0\u00bbet_custom_uniqid_5f64aa7de2f8e\u00a0\u00bb css=\u00a0\u00bb.vc_custom_1728050674907{padding-top: 50px !important;padding-bottom: 10px !important;}\u00a0\u00bb _et_uniqid=\u00a0\u00bbet_custom_uniqid_new_66fff5bb1b974&Prime; css_xs=\u00a0\u00bb.vc_custom_1728050674909{padding-top: 20px !important;}\u00a0\u00bb][vc_column css_animation=\u00a0\u00bbfadeIn\u00a0\u00bb width=\u00a0\u00bb1\/12&Prime; _et_uniqid=\u00a0\u00bbet_custom_uniqid_new_6139aafb52426&Prime;][\/vc_column][vc_column width=\u00a0\u00bb10\/12&Prime;][vc_custom_heading text=\u00a0\u00bbNos projets de fen\u00eatres\u00a0\u00bb font_container=\u00a0\u00bbtag:h2|text_align:center|color:%23000000&Prime; google_fonts=\u00a0\u00bbfont_family:Montserrat%3Aregular%2C700|font_style:700%20bold%20regular%3A700%3Anormal\u00a0\u00bb css=\u00a0\u00bb\u00a0\u00bb el_class=\u00a0\u00bbno-uppercase h2-title\u00a0\u00bb][\/vc_column][vc_column width=\u00a0\u00bb1\/12&Prime;][\/vc_column][\/vc_row][vc_row full_width=\u00a0\u00bbstretch_row_content\u00a0\u00bb css_animation=\u00a0\u00bbfadeIn\u00a0\u00bb et_uniqid=\u00a0\u00bbet_custom_uniqid_5f64aa7de2f8e\u00a0\u00bb _et_uniqid=\u00a0\u00bbet_custom_uniqid_new_66fff3b1ec71d\u00a0\u00bb css_xs=\u00a0\u00bb.vc_custom_1728050127348{padding-top: 20px !important;}\u00a0\u00bb css=\u00a0\u00bb.vc_custom_1728050127347{padding-right: 0px !important;padding-left: 0px !important;}\u00a0\u00bb][vc_column css_animation=\u00a0\u00bbfadeInUp\u00a0\u00bb _et_uniqid=\u00a0\u00bbet_custom_uniqid_new_66fff42f23e8c\u00a0\u00bb css=\u00a0\u00bb.vc_custom_1728050558656{padding-right: 0px !important;padding-left: 0px !important;}\u00a0\u00bb][vc_images_carousel images=\u00a0\u00bb9195,9196,9197,9198,9199&Prime; img_size=\u00a0\u00bbfull\u00a0\u00bb slides_per_view=\u00a0\u00bb5&Prime; autoplay=\u00a0\u00bbyes\u00a0\u00bb hide_pagination_control=\u00a0\u00bbyes\u00a0\u00bb wrap=\u00a0\u00bbyes\u00a0\u00bb css=\u00a0\u00bb\u00a0\u00bb el_class=\u00a0\u00bbgaleria-slider\u00a0\u00bb][\/vc_column][\/vc_row]<\/p>\n<\/div>","protected":false},"excerpt":{"rendered":"<p>[vc_row full_width=\u00a0\u00bbstretch_row_content\u00a0\u00bb equal_height=\u00a0\u00bbyes\u00a0\u00bb css_animation=\u00a0\u00bbfadeIn\u00a0\u00bb et_uniqid=\u00a0\u00bbet_custom_uniqid_5ea344e21f01d\u00a0\u00bb _et_uniqid=\u00a0\u00bbet_custom_uniqid_new_67077aca51873&Prime; css=\u00a0\u00bb.vc_custom_1728543463843{background-image: url(https:\/\/unave.es\/wp-content\/uploads\/2024\/10\/banner-ventanas.webp?id=8768) !important;background-position: center !important;background-repeat: no-repeat !important;background-size: cover !important;}\u00a0\u00bb][vc_column _et_uniqid=\u00a0\u00bbet_custom_uniqid_new_675abf8e77f0d\u00a0\u00bb][vc_empty_space height=\u00a0\u00bb200px\u00a0\u00bb][vc_row_inner][vc_column_inner offset=\u00a0\u00bbvc_hidden-sm vc_hidden-xs\u00a0\u00bb _et_uniqid=\u00a0\u00bbet_custom_uniqid_new_675abfa5394bf\u00a0\u00bb][vc_column_text&#8230;<\/p>\n","protected":false},"author":1,"featured_media":0,"parent":9079,"menu_order":0,"comment_status":"closed","ping_status":"closed","template":"","meta":{"_monsterinsights_skip_tracking":false,"_monsterinsights_sitenote_active":false,"_monsterinsights_sitenote_note":"","_monsterinsights_sitenote_category":0,"footnotes":""},"class_list":["post-9152","page","type-page","status-publish","hentry"],"yoast_head":"<!-- This site is optimized with the Yoast SEO plugin v26.8 - https:\/\/yoast.com\/product\/yoast-seo-wordpress\/ -->\n<title>Fen\u00eatres sur mesure | Conception, fabrication et installation | Unave<\/title>\n<meta name=\"description\" content=\"Fen\u00eatres sur mesure pour vos espaces | Nous concevons, fabriquons et installons vos fen\u00eatres | Qualit\u00e9 sup\u00e9rieure | Large catalogue | Contactez-nous d\u00e8s aujourd\u2019hui\" \/>\n<meta name=\"robots\" content=\"index, follow, max-snippet:-1, max-image-preview:large, max-video-preview:-1\" \/>\n<link rel=\"canonical\" href=\"https:\/\/unave.es\/fr\/produits\/fenetres-sur-mesure\/\" \/>\n<meta property=\"og:locale\" content=\"fr_FR\" \/>\n<meta property=\"og:type\" content=\"article\" \/>\n<meta property=\"og:title\" content=\"Fen\u00eatres sur mesure | Conception, fabrication et installation | Unave\" \/>\n<meta property=\"og:description\" content=\"Fen\u00eatres sur mesure pour vos espaces | Nous concevons, fabriquons et installons vos fen\u00eatres | Qualit\u00e9 sup\u00e9rieure | Large catalogue | Contactez-nous d\u00e8s aujourd\u2019hui\" \/>\n<meta property=\"og:url\" content=\"https:\/\/unave.es\/fr\/produits\/fenetres-sur-mesure\/\" \/>\n<meta property=\"og:site_name\" content=\"Unave\" \/>\n<meta property=\"article:modified_time\" content=\"2026-04-29T15:01:21+00:00\" \/>\n<meta name=\"twitter:card\" content=\"summary_large_image\" \/>\n<meta name=\"twitter:label1\" content=\"Dur\u00e9e de lecture estim\u00e9e\" \/>\n\t<meta name=\"twitter:data1\" content=\"13 minutes\" \/>\n<script type=\"application\/ld+json\" class=\"yoast-schema-graph\">{\"@context\":\"https:\/\/schema.org\",\"@graph\":[{\"@type\":\"WebPage\",\"@id\":\"https:\/\/unave.es\/fr\/produits\/fenetres-sur-mesure\/\",\"url\":\"https:\/\/unave.es\/fr\/produits\/fenetres-sur-mesure\/\",\"name\":\"Fen\u00eatres sur mesure | Conception, fabrication et installation | Unave\",\"isPartOf\":{\"@id\":\"https:\/\/unave.es\/fr\/#website\"},\"datePublished\":\"2024-08-26T11:52:19+00:00\",\"dateModified\":\"2026-04-29T15:01:21+00:00\",\"description\":\"Fen\u00eatres sur mesure pour vos espaces | Nous concevons, fabriquons et installons vos fen\u00eatres | Qualit\u00e9 sup\u00e9rieure | Large catalogue | Contactez-nous d\u00e8s aujourd\u2019hui\",\"breadcrumb\":{\"@id\":\"https:\/\/unave.es\/fr\/produits\/fenetres-sur-mesure\/#breadcrumb\"},\"inLanguage\":\"fr-FR\",\"potentialAction\":[{\"@type\":\"ReadAction\",\"target\":[\"https:\/\/unave.es\/fr\/produits\/fenetres-sur-mesure\/\"]}]},{\"@type\":\"BreadcrumbList\",\"@id\":\"https:\/\/unave.es\/fr\/produits\/fenetres-sur-mesure\/#breadcrumb\",\"itemListElement\":[{\"@type\":\"ListItem\",\"position\":1,\"name\":\"Portada\",\"item\":\"https:\/\/unave.es\/fr\/\"},{\"@type\":\"ListItem\",\"position\":2,\"name\":\"Produits\",\"item\":\"https:\/\/unave.es\/fr\/produits\/\"},{\"@type\":\"ListItem\",\"position\":3,\"name\":\"Fen\u00eatres\"}]},{\"@type\":\"WebSite\",\"@id\":\"https:\/\/unave.es\/fr\/#website\",\"url\":\"https:\/\/unave.es\/fr\/\",\"name\":\"Unave\",\"description\":\"\",\"potentialAction\":[{\"@type\":\"SearchAction\",\"target\":{\"@type\":\"EntryPoint\",\"urlTemplate\":\"https:\/\/unave.es\/fr\/?s={search_term_string}\"},\"query-input\":{\"@type\":\"PropertyValueSpecification\",\"valueRequired\":true,\"valueName\":\"search_term_string\"}}],\"inLanguage\":\"fr-FR\"}]}<\/script>\n<!-- \/ Yoast SEO plugin. -->","yoast_head_json":{"title":"Fen\u00eatres sur mesure | Conception, fabrication et installation | Unave","description":"Fen\u00eatres sur mesure pour vos espaces | Nous concevons, fabriquons et installons vos fen\u00eatres | Qualit\u00e9 sup\u00e9rieure | Large catalogue | Contactez-nous d\u00e8s aujourd\u2019hui","robots":{"index":"index","follow":"follow","max-snippet":"max-snippet:-1","max-image-preview":"max-image-preview:large","max-video-preview":"max-video-preview:-1"},"canonical":"https:\/\/unave.es\/fr\/produits\/fenetres-sur-mesure\/","og_locale":"fr_FR","og_type":"article","og_title":"Fen\u00eatres sur mesure | Conception, fabrication et installation | Unave","og_description":"Fen\u00eatres sur mesure pour vos espaces | Nous concevons, fabriquons et installons vos fen\u00eatres | Qualit\u00e9 sup\u00e9rieure | Large catalogue | Contactez-nous d\u00e8s aujourd\u2019hui","og_url":"https:\/\/unave.es\/fr\/produits\/fenetres-sur-mesure\/","og_site_name":"Unave","article_modified_time":"2026-04-29T15:01:21+00:00","twitter_card":"summary_large_image","twitter_misc":{"Dur\u00e9e de lecture estim\u00e9e":"13 minutes"},"schema":{"@context":"https:\/\/schema.org","@graph":[{"@type":"WebPage","@id":"https:\/\/unave.es\/fr\/produits\/fenetres-sur-mesure\/","url":"https:\/\/unave.es\/fr\/produits\/fenetres-sur-mesure\/","name":"Fen\u00eatres sur mesure | Conception, fabrication et installation | Unave","isPartOf":{"@id":"https:\/\/unave.es\/fr\/#website"},"datePublished":"2024-08-26T11:52:19+00:00","dateModified":"2026-04-29T15:01:21+00:00","description":"Fen\u00eatres sur mesure pour vos espaces | Nous concevons, fabriquons et installons vos fen\u00eatres | Qualit\u00e9 sup\u00e9rieure | Large catalogue | Contactez-nous d\u00e8s aujourd\u2019hui","breadcrumb":{"@id":"https:\/\/unave.es\/fr\/produits\/fenetres-sur-mesure\/#breadcrumb"},"inLanguage":"fr-FR","potentialAction":[{"@type":"ReadAction","target":["https:\/\/unave.es\/fr\/produits\/fenetres-sur-mesure\/"]}]},{"@type":"BreadcrumbList","@id":"https:\/\/unave.es\/fr\/produits\/fenetres-sur-mesure\/#breadcrumb","itemListElement":[{"@type":"ListItem","position":1,"name":"Portada","item":"https:\/\/unave.es\/fr\/"},{"@type":"ListItem","position":2,"name":"Produits","item":"https:\/\/unave.es\/fr\/produits\/"},{"@type":"ListItem","position":3,"name":"Fen\u00eatres"}]},{"@type":"WebSite","@id":"https:\/\/unave.es\/fr\/#website","url":"https:\/\/unave.es\/fr\/","name":"Unave","description":"","potentialAction":[{"@type":"SearchAction","target":{"@type":"EntryPoint","urlTemplate":"https:\/\/unave.es\/fr\/?s={search_term_string}"},"query-input":{"@type":"PropertyValueSpecification","valueRequired":true,"valueName":"search_term_string"}}],"inLanguage":"fr-FR"}]}},"_links":{"self":[{"href":"https:\/\/unave.es\/fr\/wp-json\/wp\/v2\/pages\/9152","targetHints":{"allow":["GET"]}}],"collection":[{"href":"https:\/\/unave.es\/fr\/wp-json\/wp\/v2\/pages"}],"about":[{"href":"https:\/\/unave.es\/fr\/wp-json\/wp\/v2\/types\/page"}],"author":[{"embeddable":true,"href":"https:\/\/unave.es\/fr\/wp-json\/wp\/v2\/users\/1"}],"replies":[{"embeddable":true,"href":"https:\/\/unave.es\/fr\/wp-json\/wp\/v2\/comments?post=9152"}],"version-history":[{"count":5,"href":"https:\/\/unave.es\/fr\/wp-json\/wp\/v2\/pages\/9152\/revisions"}],"predecessor-version":[{"id":9828,"href":"https:\/\/unave.es\/fr\/wp-json\/wp\/v2\/pages\/9152\/revisions\/9828"}],"up":[{"embeddable":true,"href":"https:\/\/unave.es\/fr\/wp-json\/wp\/v2\/pages\/9079"}],"wp:attachment":[{"href":"https:\/\/unave.es\/fr\/wp-json\/wp\/v2\/media?parent=9152"}],"curies":[{"name":"wp","href":"https:\/\/api.w.org\/{rel}","templated":true}]}}